{"version":"1.0","provider_name":"Intercultural Programs","provider_url":"https:\/\/www.afs.ch\/fr\/","author_name":"leagloor","author_url":"https:\/\/www.afs.ch\/fr\/author\/leagloor\/","title":"\u00c7a sonne espagnol\u2026 La Torta \u2013 g\u00e2teau, sandwich ou gifle?","type":"rich","width":600,"height":338,"html":"<blockquote class=\"wp-embedded-content\" data-secret=\"EZrQfl7Pt5\"><a href=\"https:\/\/www.afs.ch\/fr\/afs-blog-fr\/ca-sonne-espagnol\/\">\u00c7a sonne espagnol\u2026 La Torta \u2013 g\u00e2teau, sandwich ou gifle?<\/a><\/blockquote><iframe sandbox=\"allow-scripts\" security=\"restricted\" src=\"https:\/\/www.afs.ch\/fr\/afs-blog-fr\/ca-sonne-espagnol\/embed\/#?secret=EZrQfl7Pt5\" width=\"600\" height=\"338\" title=\"\u00ab\u00a0\u00c7a sonne espagnol\u2026 La Torta \u2013 g\u00e2teau, sandwich ou gifle?\u00a0\u00bb &#8212; Intercultural Programs\" data-secret=\"EZrQfl7Pt5\" frameborder=\"0\" marginwidth=\"0\" marginheight=\"0\" scrolling=\"no\" class=\"wp-embedded-content\"><\/iframe><script type=\"text\/javascript\">\n\/* <![CDATA[ *\/\n\/*! This file is auto-generated *\/\n!function(d,l){\"use strict\";l.querySelector&&d.addEventListener&&\"undefined\"!=typeof URL&&(d.wp=d.wp||{},d.wp.receiveEmbedMessage||(d.wp.receiveEmbedMessage=function(e){var t=e.data;if((t||t.secret||t.message||t.value)&&!\/[^a-zA-Z0-9]\/.test(t.secret)){for(var s,r,n,a=l.querySelectorAll('iframe[data-secret=\"'+t.secret+'\"]'),o=l.querySelectorAll('blockquote[data-secret=\"'+t.secret+'\"]'),c=new RegExp(\"^https?:$\",\"i\"),i=0;i<o.length;i++)o[i].style.display=\"none\";for(i=0;i<a.length;i++)s=a[i],e.source===s.contentWindow&&(s.removeAttribute(\"style\"),\"height\"===t.message?(1e3<(r=parseInt(t.value,10))?r=1e3:~~r<200&&(r=200),s.height=r):\"link\"===t.message&&(r=new URL(s.getAttribute(\"src\")),n=new URL(t.value),c.test(n.protocol))&&n.host===r.host&&l.activeElement===s&&(d.top.location.href=t.value))}},d.addEventListener(\"message\",d.wp.receiveEmbedMessage,!1),l.addEventListener(\"DOMContentLoaded\",function(){for(var e,t,s=l.querySelectorAll(\"iframe.wp-embedded-content\"),r=0;r<s.length;r++)(t=(e=s[r]).getAttribute(\"data-secret\"))||(t=Math.random().toString(36).substring(2,12),e.src+=\"#?secret=\"+t,e.setAttribute(\"data-secret\",t)),e.contentWindow.postMessage({message:\"ready\",secret:t},\"*\")},!1)))}(window,document);\n\/* ]]> *\/\n<\/script>\n","description":"Haaa l'espagnol\u2026 m\u00e9lodieuse langue latine que l'on aimerait tous ma\u00eetriser, \u00e0 moins que cela ne soit d\u00e9j\u00e0 ton cas! Que tu sois d\u00e9j\u00e0 ou non un adepte de la langue de...","thumbnail_url":"https:\/\/d22dvihj4pfop3.cloudfront.net\/wp-content\/uploads\/sites\/71\/2018\/09\/24112104\/Bild_Blog2_Hablas-espanol1-650x296.jpg"}