{"id":16696,"date":"2017-05-11T09:13:58","date_gmt":"2017-05-11T08:13:58","guid":{"rendered":"http:\/\/switzerland.afssite.afs.org\/fr\/programmes-scolaires\/austauschschueler-berichten\/"},"modified":"2021-07-29T13:13:44","modified_gmt":"2021-07-29T12:13:44","slug":"temoignages-des-etudiants-dechange","status":"publish","type":"page","link":"https:\/\/www.afs.ch\/fr\/programmes-scolaires\/temoignages-des-etudiants-dechange\/","title":{"rendered":"T\u00e9moignages de nos \u00e9tudiants en programme d&rsquo;\u00e9change"},"content":{"rendered":"<h2><strong>\u00abJ\u2019ai rencontr\u00e9 beaucoup de personnes merveilleuses et maintenant, j\u2019ai des amis aux quatre coins du monde. Je suis d\u2019avis qu\u2019une ann\u00e9e \u00e0 l\u2019\u00e9tranger ne peut qu\u2019\u00eatre une exp\u00e9rience positive pour tout le monde!\u00bb<\/strong><\/h2>\n<h4>&#8211; David, aux \u00c9tats-Unis<\/h4>\n","protected":false},"excerpt":{"rendered":"<p>\u00abJ\u2019ai rencontr\u00e9 beaucoup de personnes merveilleuses et maintenant, j\u2019ai des amis aux quatre coins du monde. Je suis d\u2019avis qu\u2019une&hellip;<\/p>\n","protected":false},"author":238,"featured_media":0,"parent":4801,"menu_order":1,"comment_status":"closed","ping_status":"closed","template":"","meta":{"footnotes":""},"class_list":["post-16696","page","type-page","status-publish","hentry"],"yoast_head":"<!-- This site is optimized with the Yoast SEO plugin v26.6 - https:\/\/yoast.com\/wordpress\/plugins\/seo\/ -->\n<title>T\u00e9moignages de nos \u00e9tudiants en programme d&#039;\u00e9change - Intercultural Programs<\/title>\n<meta name=\"robots\" content=\"index, follow, max-snippet:-1, max-image-preview:large, max-video-preview:-1\" \/>\n<link rel=\"canonical\" href=\"https:\/\/www.afs.ch\/fr\/programmes-scolaires\/temoignages-des-etudiants-dechange\/\" \/>\n<meta property=\"og:locale\" content=\"fr_FR\" \/>\n<meta property=\"og:type\" content=\"article\" \/>\n<meta property=\"og:title\" content=\"T\u00e9moignages de nos \u00e9tudiants en programme d&#039;\u00e9change - Intercultural Programs\" \/>\n<meta property=\"og:description\" content=\"\u00abJ\u2019ai rencontr\u00e9 beaucoup de personnes merveilleuses et maintenant, j\u2019ai des amis aux quatre coins du monde. Je suis d\u2019avis qu\u2019une&hellip;\" \/>\n<meta property=\"og:url\" content=\"https:\/\/www.afs.ch\/fr\/programmes-scolaires\/temoignages-des-etudiants-dechange\/\" \/>\n<meta property=\"og:site_name\" content=\"Intercultural Programs\" \/>\n<meta property=\"article:publisher\" content=\"https:\/\/www.facebook.com\/afsswitzerland\/\" \/>\n<meta property=\"article:modified_time\" content=\"2021-07-29T12:13:44+00:00\" \/>\n<meta name=\"twitter:card\" content=\"summary_large_image\" \/>\n<meta name=\"twitter:site\" content=\"@afs_ch\" \/>\n<script type=\"application\/ld+json\" class=\"yoast-schema-graph\">{\"@context\":\"https:\/\/schema.org\",\"@graph\":[{\"@type\":\"WebPage\",\"@id\":\"https:\/\/www.afs.ch\/fr\/programmes-scolaires\/temoignages-des-etudiants-dechange\/\",\"url\":\"https:\/\/www.afs.ch\/fr\/programmes-scolaires\/temoignages-des-etudiants-dechange\/\",\"name\":\"T\u00e9moignages de nos \u00e9tudiants en programme d'\u00e9change - Intercultural Programs\",\"isPartOf\":{\"@id\":\"https:\/\/www.afs.ch\/fr\/#website\"},\"datePublished\":\"2017-05-11T08:13:58+00:00\",\"dateModified\":\"2021-07-29T12:13:44+00:00\",\"breadcrumb\":{\"@id\":\"https:\/\/www.afs.ch\/fr\/programmes-scolaires\/temoignages-des-etudiants-dechange\/#breadcrumb\"},\"inLanguage\":\"fr-FR\",\"potentialAction\":[{\"@type\":\"ReadAction\",\"target\":[\"https:\/\/www.afs.ch\/fr\/programmes-scolaires\/temoignages-des-etudiants-dechange\/\"]}]},{\"@type\":\"BreadcrumbList\",\"@id\":\"https:\/\/www.afs.ch\/fr\/programmes-scolaires\/temoignages-des-etudiants-dechange\/#breadcrumb\",\"itemListElement\":[{\"@type\":\"ListItem\",\"position\":1,\"name\":\"Home\",\"item\":\"https:\/\/switzerland.afssite.afs.org\/fr\/\"},{\"@type\":\"ListItem\",\"position\":2,\"name\":\"Programmes scolaires pour adolescents\",\"item\":\"https:\/\/switzerland.afssite.afs.org\/fr\/programmes-scolaires\/\"},{\"@type\":\"ListItem\",\"position\":3,\"name\":\"T\u00e9moignages de nos \u00e9tudiants en programme d&rsquo;\u00e9change\"}]},{\"@type\":\"WebSite\",\"@id\":\"https:\/\/www.afs.ch\/fr\/#website\",\"url\":\"https:\/\/www.afs.ch\/fr\/\",\"name\":\"Interkulturelle Programme\",\"description\":\"Switzerland\",\"potentialAction\":[{\"@type\":\"SearchAction\",\"target\":{\"@type\":\"EntryPoint\",\"urlTemplate\":\"https:\/\/www.afs.ch\/fr\/?s={search_term_string}\"},\"query-input\":{\"@type\":\"PropertyValueSpecification\",\"valueRequired\":true,\"valueName\":\"search_term_string\"}}],\"inLanguage\":\"fr-FR\"}]}<\/script>\n<!-- \/ Yoast SEO plugin. -->","yoast_head_json":{"title":"T\u00e9moignages de nos \u00e9tudiants en programme d'\u00e9change - Intercultural Programs","robots":{"index":"index","follow":"follow","max-snippet":"max-snippet:-1","max-image-preview":"max-image-preview:large","max-video-preview":"max-video-preview:-1"},"canonical":"https:\/\/www.afs.ch\/fr\/programmes-scolaires\/temoignages-des-etudiants-dechange\/","og_locale":"fr_FR","og_type":"article","og_title":"T\u00e9moignages de nos \u00e9tudiants en programme d'\u00e9change - Intercultural Programs","og_description":"\u00abJ\u2019ai rencontr\u00e9 beaucoup de personnes merveilleuses et maintenant, j\u2019ai des amis aux quatre coins du monde. Je suis d\u2019avis qu\u2019une&hellip;","og_url":"https:\/\/www.afs.ch\/fr\/programmes-scolaires\/temoignages-des-etudiants-dechange\/","og_site_name":"Intercultural Programs","article_publisher":"https:\/\/www.facebook.com\/afsswitzerland\/","article_modified_time":"2021-07-29T12:13:44+00:00","twitter_card":"summary_large_image","twitter_site":"@afs_ch","schema":{"@context":"https:\/\/schema.org","@graph":[{"@type":"WebPage","@id":"https:\/\/www.afs.ch\/fr\/programmes-scolaires\/temoignages-des-etudiants-dechange\/","url":"https:\/\/www.afs.ch\/fr\/programmes-scolaires\/temoignages-des-etudiants-dechange\/","name":"T\u00e9moignages de nos \u00e9tudiants en programme d'\u00e9change - Intercultural Programs","isPartOf":{"@id":"https:\/\/www.afs.ch\/fr\/#website"},"datePublished":"2017-05-11T08:13:58+00:00","dateModified":"2021-07-29T12:13:44+00:00","breadcrumb":{"@id":"https:\/\/www.afs.ch\/fr\/programmes-scolaires\/temoignages-des-etudiants-dechange\/#breadcrumb"},"inLanguage":"fr-FR","potentialAction":[{"@type":"ReadAction","target":["https:\/\/www.afs.ch\/fr\/programmes-scolaires\/temoignages-des-etudiants-dechange\/"]}]},{"@type":"BreadcrumbList","@id":"https:\/\/www.afs.ch\/fr\/programmes-scolaires\/temoignages-des-etudiants-dechange\/#breadcrumb","itemListElement":[{"@type":"ListItem","position":1,"name":"Home","item":"https:\/\/switzerland.afssite.afs.org\/fr\/"},{"@type":"ListItem","position":2,"name":"Programmes scolaires pour adolescents","item":"https:\/\/switzerland.afssite.afs.org\/fr\/programmes-scolaires\/"},{"@type":"ListItem","position":3,"name":"T\u00e9moignages de nos \u00e9tudiants en programme d&rsquo;\u00e9change"}]},{"@type":"WebSite","@id":"https:\/\/www.afs.ch\/fr\/#website","url":"https:\/\/www.afs.ch\/fr\/","name":"Interkulturelle Programme","description":"Switzerland","potentialAction":[{"@type":"SearchAction","target":{"@type":"EntryPoint","urlTemplate":"https:\/\/www.afs.ch\/fr\/?s={search_term_string}"},"query-input":{"@type":"PropertyValueSpecification","valueRequired":true,"valueName":"search_term_string"}}],"inLanguage":"fr-FR"}]}},"_links":{"self":[{"href":"https:\/\/www.afs.ch\/fr\/wp-json\/wp\/v2\/pages\/16696","targetHints":{"allow":["GET"]}}],"collection":[{"href":"https:\/\/www.afs.ch\/fr\/wp-json\/wp\/v2\/pages"}],"about":[{"href":"https:\/\/www.afs.ch\/fr\/wp-json\/wp\/v2\/types\/page"}],"author":[{"embeddable":true,"href":"https:\/\/www.afs.ch\/fr\/wp-json\/wp\/v2\/users\/238"}],"replies":[{"embeddable":true,"href":"https:\/\/www.afs.ch\/fr\/wp-json\/wp\/v2\/comments?post=16696"}],"version-history":[{"count":74,"href":"https:\/\/www.afs.ch\/fr\/wp-json\/wp\/v2\/pages\/16696\/revisions"}],"predecessor-version":[{"id":48377,"href":"https:\/\/www.afs.ch\/fr\/wp-json\/wp\/v2\/pages\/16696\/revisions\/48377"}],"up":[{"embeddable":true,"href":"https:\/\/www.afs.ch\/fr\/wp-json\/wp\/v2\/pages\/4801"}],"wp:attachment":[{"href":"https:\/\/www.afs.ch\/fr\/wp-json\/wp\/v2\/media?parent=16696"}],"curies":[{"name":"wp","href":"https:\/\/api.w.org\/{rel}","templated":true}]}}