{"id":17031,"date":"2017-09-12T13:57:02","date_gmt":"2017-09-12T12:57:02","guid":{"rendered":"http:\/\/switzerland.afssite.afs.org\/fr\/?page_id=17031"},"modified":"2021-03-19T15:25:11","modified_gmt":"2021-03-19T14:25:11","slug":"marie-luce-en-argentine","status":"publish","type":"page","link":"https:\/\/www.afs.ch\/fr\/programmes-scolaires\/temoignages-des-etudiants-dechange\/marie-luce-en-argentine\/","title":{"rendered":"Marie-Luce, en Argentine"},"content":{"rendered":"<p><strong>1. Qu&rsquo;est-ce qui t&rsquo;a motiv\u00e9e \u00e0 faire une ann\u00e9e d&rsquo;\u00e9change?<\/strong><\/p>\n<p>J\u2019ai \u00e9t\u00e9 envout\u00e9e par l\u2019exp\u00e9rience de ma s\u0153ur d\u2019accueil br\u00e9silienne venue en Suisse pour une ann\u00e9e dans notre famille. Je la voyais admirer nos paysages si diff\u00e9rents des siens. Elle m\u2019a fait partager les diff\u00e9rences culturelles entre les deux pays. Par ce moyen, j\u2019ai connu le programme AFS. Apr\u00e8s son d\u00e9part, l\u2019envie de faire une ann\u00e9e d\u2019\u00e9change \u00e9tait de plus en plus pr\u00e9sente dans ma t\u00eate. Nous avons fait le n\u00e9cessaire pour que je puisse partir et r\u00e9aliser cette magnifique aventure.<\/p>\n<p><strong>2. Pourquoi avoir choisi l&rsquo;Argentine comme pays d&rsquo;accueil?<\/strong><\/p>\n<p>Parmi une palette de pays que nous propose AFS, l\u2019Argentine a \u00e9t\u00e9 mon premier choix. Je voulais me rapprocher au plus pr\u00e8s du Br\u00e9sil. Et l\u2019espagnol m\u2019a toujours inspir\u00e9: Hol\u00e0, qu\u00e9 tal? J\u2019ai choisi ce pays sans trop \u00e9couter ce que j\u2019ai pu entendre, ni les pr\u00e9jug\u00e9s sur l\u2019Argentine. Je voulais tout d\u00e9couvrir sur place. Je savais que j\u2019allais y trouver des personnes tr\u00e8s accueillantes et ouvertes d\u2019esprit.<\/p>\n<p><strong>3. Dans le pays o\u00f9 tu as v\u00e9cu, pourrais-tu d\u00e9crire ton environnement?<\/strong><\/p>\n<p>Je me situais dans la province d\u2019Entre Rios, au Nord Est de l\u2019Argentine et juste \u00e0 la fronti\u00e8re avec l\u2019Uruguay. Je vivais dans une ville de plus de 140&rsquo;000 habitants. Le climat \u00e9tait tr\u00e8s humide avec des pluies abondantes \u00e0 une certaine p\u00e9riode de l\u2019ann\u00e9e.<br \/>\nMa famille m\u2019a bien prise en charge et \u00e9tait tr\u00e8s active pour que je puisse m\u2019int\u00e9grer au mieux dans ma nouvelle ville, d\u00e9couvrir tous les recoins. Voir la diff\u00e9rence entre le centre-ville et alentours, les quartiers sont moins s\u00fbrs, d\u00e9couvrir un autre mode d\u2019\u00e9ducation; ils n\u2019ont pas tous la m\u00eame opportunit\u00e9 en ce qui concerne l\u2019\u00e9ducation et le monde du travail.<\/p>\n<p>Mon \u00e9cole en Argentine est un endroit o\u00f9 j\u2019ai pu nouer de nombreux liens que je garde encore maintenant. J\u2019avais cours de 7:30 \u00e0 13:00 puis l\u2019apr\u00e8s-midi \u00e9tait libre. Alors, nous nous retrouvions fr\u00e9quemment avec mes amis de classe. Beaucoup d\u2019activit\u00e9s extra-scolaires \u00e9taient propos\u00e9es. Il y a aussi une certaine rivalit\u00e9 entre les \u00e9coles. Elles sont diff\u00e9renci\u00e9es par un uniforme propre \u00e0 chaque \u00e9cole. Apr\u00e8s le premier mois pass\u00e9 en Argentine, l\u2019\u00e9cole m\u2019a propos\u00e9e de participer notamment \u00e0 un voyage solidaire dans des civilisations aborig\u00e8nes. Nous avons construit une petite maison, des contr\u00f4les m\u00e9dicaux ont \u00e9t\u00e9 effectu\u00e9s, et nous avons pass\u00e9 du temps avec les enfants. Nous avons d\u00e9couvert un autre mode de vie tout en simplicit\u00e9, tr\u00e8s diff\u00e9rent de celui que je connais<\/p>\n<p><strong>4. Comment s&rsquo;est faite l&rsquo;acclimatation \u00e0 ton nouveau pays? Et en combien de temps s&rsquo;est-elle faite?<\/strong><\/p>\n<p>L\u2019acclimatation s\u2019est faite au fur et \u00e0 mesure de mon exp\u00e9rience. J\u2019apprenais chaque jour quelque chose de diff\u00e9rent, mais dans l\u2019ensemble tr\u00e8s facilement. Une fois apr\u00e8s avoir atterri \u00e0 Buenos Aires, capitale de l\u2019Argentine, tout semblait passer si long. Le moyen de communication est tr\u00e8s restreint et beaucoup d\u2019\u00e9tudiants arrivent de partout. Ensuite, nous sommes confront\u00e9s au regard d\u2019une famille et \u00e0 un endroit inconnu, et l\u00e0, une aventure commence. Tout s\u2019encha\u00eene. Il faut s\u2019adapter \u00e0 des r\u00e8gles de vie diff\u00e9rentes de celles que j\u2019avais l\u2019habitude d\u2019avoir. La langue est un enjeu important pour s\u2019int\u00e9grer dans un pays. Une fois par semaine, je pratiquais des cours d\u2019espagnol ou alors \u00abel castellano \u00bb, le dialecte de la province d\u2019Entre Rios. A l\u2019\u00e9cole, j\u2019\u00e9coutais et je traduisais par la suite ce que je pouvais. Le plus important est de passer beaucoup de moments avec la famille d\u2019accueil. Parfois, je me promenais avec mes parents d&rsquo;accueil, je faisais de la natation et de temps en temps, de la course \u00e0 pied avec une de mes s\u0153urs d\u2019accueil. Je regardais des matchs de foot avec mon p\u00e8re d\u2019accueil. Nous passions du temps tous ensemble \u00e0 table et en cuisine. Cela nous a permis de cr\u00e9er une base de confiance entre nous tous.<\/p>\n<p><strong>5. Quelles sont les principales diff\u00e9rences culturelles?<\/strong><\/p>\n<p>Le mode de vie, le comportement envers les inconnus, les traditions et l\u2019histoire de leur pays qui compte \u00e9norm\u00e9ment pour les Argentins. L\u2019importance aussi de pratiquer les rites religieux fait partie de l\u2019\u00e9ducation. La politique est un sujet tabou il ne faut pas en parler.<br \/>\n<strong><br \/>\n6. Qu&rsquo;as-tu le plus aim\u00e9 dans ton pays d&rsquo;accueil?<\/strong><\/p>\n<p>J\u2019ai bien aim\u00e9 le mode de vie, comme je disais, qui est tr\u00e8s diff\u00e9rent du n\u00f4tre. Ils sont toujours pr\u00e9sents pour se retrouver et passer du temps ensemble. Ce serait un signe d\u2019impolitesse de ne pas accepter une invitation ou trouver des excuses. Les Argentins ne sont pas organis\u00e9s dans la vie de tous les jours. Ils pr\u00e9voient les choses aux derniers moments. Au d\u00e9but, c&rsquo;\u00e9tait un peu compliqu\u00e9 pour pr\u00e9venir la famille et s\u2019organiser pour les transports car les bus sont en retard ou annul\u00e9s et le taxi co\u00fbte cher. Mais c\u2019est ce qui caract\u00e9rise l\u2019Argentine et j\u2019ai adopt\u00e9 ce mode de vie l\u00e0-bas que j\u2019appr\u00e9ciais; je me sentais comme une citoyenne. Les Argentins aiment beaucoup la f\u00eate et la musique et ils m\u2019ont partag\u00e9 cela. Il y a aussi des inconv\u00e9nients, comme l\u2019ins\u00e9curit\u00e9, et le taux de criminalit\u00e9 reste \u00e9lev\u00e9, tout en restant l\u2019un des plus faible de l&rsquo;Am\u00e9rique du Sud. Il faut cependant faire attention \u00e0 ne pas sortir avec des objets de valeurs.<\/p>\n<p><strong>7. Quels sont les b\u00e9n\u00e9fices majeurs que tu retires de ton s\u00e9jour?<\/strong><\/p>\n<p>Une ouverture d\u2019esprit, du recul et beaucoup de remise en question sur mes habitudes avant de partir et aussi sur notre mode de vie. J\u2019arrive \u00e0 m\u2019adapter \u00e0 toutes sortes de situations et cela est b\u00e9n\u00e9fique pour mon avenir professionnel. J\u2019ai gard\u00e9 beaucoup de contact avec les autres \u00e9tudiants en \u00e9change dans ma ville d\u2019accueil, mes amis et ma famille. Egalement une langue ma\u00eetris\u00e9e et un niveau certifi\u00e9 par un dipl\u00f4me \u00e0 la suite d\u2019un examen pass\u00e9 en Argentine apr\u00e8s 8 mois.<\/p>\n<p><strong>8. Que conseillerais-tu \u00e0 un(e) jeune qui h\u00e9siterait encore \u00e0 tenter le saut?<\/strong><\/p>\n<p>Qu\u2019il ne faut pas h\u00e9siter! Ce sera un regret plus tard si tu ne le fais pas maintenant. Tu garderas des liens\/contacts toute ta vie! Cette exp\u00e9rience va t\u2019apporter que des avantages! Les b\u00e9n\u00e9voles d\u2019AFS Argentine \u00e9taient tr\u00e8s actifs. Ils te permettront de participer \u00e0 beaucoup d\u2019\u00e9v\u00e9nements et de sorties. Ils sont pr\u00e9sents en cas de probl\u00e8mes divers et ils trouvent des solutions si tu as des difficult\u00e9s avec ta famille d\u2019accueil. AFS Suisse propose des bourses gr\u00e2ce \u00e0 des donateurs. Cela m\u2019a permis d\u2019en obtenir une et sans cette aide, je n\u2019aurais certainement pas pu partir.<\/p>\n","protected":false},"excerpt":{"rendered":"<p>1. Qu&rsquo;est-ce qui t&rsquo;a motiv\u00e9e \u00e0 faire une ann\u00e9e d&rsquo;\u00e9change? J\u2019ai \u00e9t\u00e9 envout\u00e9e par l\u2019exp\u00e9rience de ma s\u0153ur d\u2019accueil br\u00e9silienne&hellip;<\/p>\n","protected":false},"author":380,"featured_media":0,"parent":16696,"menu_order":2,"comment_status":"closed","ping_status":"closed","template":"","meta":{"footnotes":""},"class_list":["post-17031","page","type-page","status-publish","hentry"],"yoast_head":"<!-- This site is optimized with the Yoast SEO plugin v26.6 - https:\/\/yoast.com\/wordpress\/plugins\/seo\/ -->\n<title>Marie-Luce, en Argentine - Intercultural Programs<\/title>\n<meta name=\"robots\" content=\"index, follow, max-snippet:-1, max-image-preview:large, max-video-preview:-1\" \/>\n<link rel=\"canonical\" href=\"https:\/\/www.afs.ch\/fr\/programmes-scolaires\/temoignages-des-etudiants-dechange\/marie-luce-en-argentine\/\" \/>\n<meta property=\"og:locale\" content=\"fr_FR\" \/>\n<meta property=\"og:type\" content=\"article\" \/>\n<meta property=\"og:title\" content=\"Marie-Luce, en Argentine - Intercultural Programs\" \/>\n<meta property=\"og:description\" content=\"1. Qu&rsquo;est-ce qui t&rsquo;a motiv\u00e9e \u00e0 faire une ann\u00e9e d&rsquo;\u00e9change? J\u2019ai \u00e9t\u00e9 envout\u00e9e par l\u2019exp\u00e9rience de ma s\u0153ur d\u2019accueil br\u00e9silienne&hellip;\" \/>\n<meta property=\"og:url\" content=\"https:\/\/www.afs.ch\/fr\/programmes-scolaires\/temoignages-des-etudiants-dechange\/marie-luce-en-argentine\/\" \/>\n<meta property=\"og:site_name\" content=\"Intercultural Programs\" \/>\n<meta property=\"article:publisher\" content=\"https:\/\/www.facebook.com\/afsswitzerland\/\" \/>\n<meta property=\"article:modified_time\" content=\"2021-03-19T14:25:11+00:00\" \/>\n<meta name=\"twitter:card\" content=\"summary_large_image\" \/>\n<meta name=\"twitter:site\" content=\"@afs_ch\" \/>\n<meta name=\"twitter:label1\" content=\"Est. reading time\" \/>\n\t<meta name=\"twitter:data1\" content=\"6 minutes\" \/>\n<script type=\"application\/ld+json\" class=\"yoast-schema-graph\">{\"@context\":\"https:\/\/schema.org\",\"@graph\":[{\"@type\":\"WebPage\",\"@id\":\"https:\/\/www.afs.ch\/fr\/programmes-scolaires\/temoignages-des-etudiants-dechange\/marie-luce-en-argentine\/\",\"url\":\"https:\/\/www.afs.ch\/fr\/programmes-scolaires\/temoignages-des-etudiants-dechange\/marie-luce-en-argentine\/\",\"name\":\"Marie-Luce, en Argentine - Intercultural Programs\",\"isPartOf\":{\"@id\":\"https:\/\/www.afs.ch\/fr\/#website\"},\"datePublished\":\"2017-09-12T12:57:02+00:00\",\"dateModified\":\"2021-03-19T14:25:11+00:00\",\"breadcrumb\":{\"@id\":\"https:\/\/www.afs.ch\/fr\/programmes-scolaires\/temoignages-des-etudiants-dechange\/marie-luce-en-argentine\/#breadcrumb\"},\"inLanguage\":\"fr-FR\",\"potentialAction\":[{\"@type\":\"ReadAction\",\"target\":[\"https:\/\/www.afs.ch\/fr\/programmes-scolaires\/temoignages-des-etudiants-dechange\/marie-luce-en-argentine\/\"]}]},{\"@type\":\"BreadcrumbList\",\"@id\":\"https:\/\/www.afs.ch\/fr\/programmes-scolaires\/temoignages-des-etudiants-dechange\/marie-luce-en-argentine\/#breadcrumb\",\"itemListElement\":[{\"@type\":\"ListItem\",\"position\":1,\"name\":\"Home\",\"item\":\"https:\/\/switzerland.afssite.afs.org\/fr\/\"},{\"@type\":\"ListItem\",\"position\":2,\"name\":\"Programmes scolaires pour adolescents\",\"item\":\"https:\/\/switzerland.afssite.afs.org\/fr\/programmes-scolaires\/\"},{\"@type\":\"ListItem\",\"position\":3,\"name\":\"T\u00e9moignages de nos \u00e9tudiants en programme d&rsquo;\u00e9change\",\"item\":\"https:\/\/switzerland.afssite.afs.org\/fr\/programmes-scolaires\/temoignages-des-etudiants-dechange\/\"},{\"@type\":\"ListItem\",\"position\":4,\"name\":\"Marie-Luce, en Argentine\"}]},{\"@type\":\"WebSite\",\"@id\":\"https:\/\/www.afs.ch\/fr\/#website\",\"url\":\"https:\/\/www.afs.ch\/fr\/\",\"name\":\"Interkulturelle Programme\",\"description\":\"Switzerland\",\"potentialAction\":[{\"@type\":\"SearchAction\",\"target\":{\"@type\":\"EntryPoint\",\"urlTemplate\":\"https:\/\/www.afs.ch\/fr\/?s={search_term_string}\"},\"query-input\":{\"@type\":\"PropertyValueSpecification\",\"valueRequired\":true,\"valueName\":\"search_term_string\"}}],\"inLanguage\":\"fr-FR\"}]}<\/script>\n<!-- \/ Yoast SEO plugin. -->","yoast_head_json":{"title":"Marie-Luce, en Argentine - Intercultural Programs","robots":{"index":"index","follow":"follow","max-snippet":"max-snippet:-1","max-image-preview":"max-image-preview:large","max-video-preview":"max-video-preview:-1"},"canonical":"https:\/\/www.afs.ch\/fr\/programmes-scolaires\/temoignages-des-etudiants-dechange\/marie-luce-en-argentine\/","og_locale":"fr_FR","og_type":"article","og_title":"Marie-Luce, en Argentine - Intercultural Programs","og_description":"1. Qu&rsquo;est-ce qui t&rsquo;a motiv\u00e9e \u00e0 faire une ann\u00e9e d&rsquo;\u00e9change? J\u2019ai \u00e9t\u00e9 envout\u00e9e par l\u2019exp\u00e9rience de ma s\u0153ur d\u2019accueil br\u00e9silienne&hellip;","og_url":"https:\/\/www.afs.ch\/fr\/programmes-scolaires\/temoignages-des-etudiants-dechange\/marie-luce-en-argentine\/","og_site_name":"Intercultural Programs","article_publisher":"https:\/\/www.facebook.com\/afsswitzerland\/","article_modified_time":"2021-03-19T14:25:11+00:00","twitter_card":"summary_large_image","twitter_site":"@afs_ch","twitter_misc":{"Est. reading time":"6 minutes"},"schema":{"@context":"https:\/\/schema.org","@graph":[{"@type":"WebPage","@id":"https:\/\/www.afs.ch\/fr\/programmes-scolaires\/temoignages-des-etudiants-dechange\/marie-luce-en-argentine\/","url":"https:\/\/www.afs.ch\/fr\/programmes-scolaires\/temoignages-des-etudiants-dechange\/marie-luce-en-argentine\/","name":"Marie-Luce, en Argentine - Intercultural Programs","isPartOf":{"@id":"https:\/\/www.afs.ch\/fr\/#website"},"datePublished":"2017-09-12T12:57:02+00:00","dateModified":"2021-03-19T14:25:11+00:00","breadcrumb":{"@id":"https:\/\/www.afs.ch\/fr\/programmes-scolaires\/temoignages-des-etudiants-dechange\/marie-luce-en-argentine\/#breadcrumb"},"inLanguage":"fr-FR","potentialAction":[{"@type":"ReadAction","target":["https:\/\/www.afs.ch\/fr\/programmes-scolaires\/temoignages-des-etudiants-dechange\/marie-luce-en-argentine\/"]}]},{"@type":"BreadcrumbList","@id":"https:\/\/www.afs.ch\/fr\/programmes-scolaires\/temoignages-des-etudiants-dechange\/marie-luce-en-argentine\/#breadcrumb","itemListElement":[{"@type":"ListItem","position":1,"name":"Home","item":"https:\/\/switzerland.afssite.afs.org\/fr\/"},{"@type":"ListItem","position":2,"name":"Programmes scolaires pour adolescents","item":"https:\/\/switzerland.afssite.afs.org\/fr\/programmes-scolaires\/"},{"@type":"ListItem","position":3,"name":"T\u00e9moignages de nos \u00e9tudiants en programme d&rsquo;\u00e9change","item":"https:\/\/switzerland.afssite.afs.org\/fr\/programmes-scolaires\/temoignages-des-etudiants-dechange\/"},{"@type":"ListItem","position":4,"name":"Marie-Luce, en Argentine"}]},{"@type":"WebSite","@id":"https:\/\/www.afs.ch\/fr\/#website","url":"https:\/\/www.afs.ch\/fr\/","name":"Interkulturelle Programme","description":"Switzerland","potentialAction":[{"@type":"SearchAction","target":{"@type":"EntryPoint","urlTemplate":"https:\/\/www.afs.ch\/fr\/?s={search_term_string}"},"query-input":{"@type":"PropertyValueSpecification","valueRequired":true,"valueName":"search_term_string"}}],"inLanguage":"fr-FR"}]}},"_links":{"self":[{"href":"https:\/\/www.afs.ch\/fr\/wp-json\/wp\/v2\/pages\/17031","targetHints":{"allow":["GET"]}}],"collection":[{"href":"https:\/\/www.afs.ch\/fr\/wp-json\/wp\/v2\/pages"}],"about":[{"href":"https:\/\/www.afs.ch\/fr\/wp-json\/wp\/v2\/types\/page"}],"author":[{"embeddable":true,"href":"https:\/\/www.afs.ch\/fr\/wp-json\/wp\/v2\/users\/380"}],"replies":[{"embeddable":true,"href":"https:\/\/www.afs.ch\/fr\/wp-json\/wp\/v2\/comments?post=17031"}],"version-history":[{"count":16,"href":"https:\/\/www.afs.ch\/fr\/wp-json\/wp\/v2\/pages\/17031\/revisions"}],"predecessor-version":[{"id":46819,"href":"https:\/\/www.afs.ch\/fr\/wp-json\/wp\/v2\/pages\/17031\/revisions\/46819"}],"up":[{"embeddable":true,"href":"https:\/\/www.afs.ch\/fr\/wp-json\/wp\/v2\/pages\/16696"}],"wp:attachment":[{"href":"https:\/\/www.afs.ch\/fr\/wp-json\/wp\/v2\/media?parent=17031"}],"curies":[{"name":"wp","href":"https:\/\/api.w.org\/{rel}","templated":true}]}}