{"id":49408,"date":"2021-12-02T12:32:57","date_gmt":"2021-12-02T11:32:57","guid":{"rendered":"https:\/\/www.afs.ch\/?page_id=49408"},"modified":"2021-12-02T13:54:38","modified_gmt":"2021-12-02T12:54:38","slug":"activites-avent","status":"publish","type":"page","link":"https:\/\/www.afs.ch\/fr\/activites-avent\/","title":{"rendered":"Activit\u00e9s de l&rsquo;avent"},"content":{"rendered":"<h3><strong>Que faire pendant la p\u00e9riode de l&rsquo;Avent en Suisse?<\/strong><\/h3>\n<p>En Suisse, comme dans d&rsquo;autres pays, la p\u00e9riode de l&rsquo;Avent offre l&rsquo;opportunit\u00e9 de participer \u00e0 beaucoup de manifestations et organiser des sorties insolites. La plupart ont un lien avec No\u00ebl mais, pour ceux qui ne veulent pas se laisser envahir par la magie de No\u00ebl trop t\u00f4t, il y a \u00e9galement d&rsquo;autres activit\u00e9s \u00e0 faire. Voici une petite s\u00e9lection qui allie le meilleur des deux!<\/p>\n<h3><strong>1. Le march\u00e9 de No\u00ebl de Montreux<\/strong><\/h3>\n<p>Vous manquez d&rsquo;inspiration pour les cadeaux de No\u00ebl? Vous voulez ressentir la magie des f\u00eates? Vous \u00eates au bon endroit! Au bord du lac L\u00e9man, \u00e0 Montreux, retrouvez plus de 150 marchands, install\u00e9s dans des chalets illumin\u00e9s du 19 novembre au 24 d\u00e9cembre 2021. Ils pr\u00e9sentent une vari\u00e9t\u00e9 exceptionnelle de produits du terroir, de produits de l&rsquo;artisanat, des bijoux d&rsquo;ici et d&rsquo;ailleurs\u2026<\/p>\n<p>Ce march\u00e9, un des plus grands de Suisse, invite \u00e9galement \u00e0 passer un moment entre amis ou en famille. Nombreux sont les stands de nourriture allant de la typique fondue au fromage jusqu&rsquo;aux huitres. N&rsquo;oubliez pas de vous arr\u00eater boire un vin chaud ou un th\u00e9 \u00e0 la cannelle sous le march\u00e9 couvert. Vous pourrez \u00e9galement \u00e9crire votre v\u0153u le plus cher et le suspendre au sapin pr\u00e9sent sous l&rsquo;infrastructure. Qui sait? Il parait que c&rsquo;est en tout cas \u00e0 la p\u00e9riode de No\u00ebl que les v\u0153ux ont le plus de chances de se r\u00e9aliser.<\/p>\n<p>Du c\u00f4t\u00e9 des activit\u00e9s, retrouvez l&#8217;embl\u00e9matique grande roue, ainsi que le \u00ab\u00a0light on ice\u00a0\u00bb, un chemin en glace pour d\u00e9ambuler \u00e0 travers une for\u00eat magique et illumin\u00e9e. Plusieurs endroits vous inciteront \u00e0 prendre de belles photos.<\/p>\n<p>Vous l&rsquo;aurez compris, Montreux est l&rsquo;endroit \u00e0 d\u00e9couvrir durant la p\u00e9riode de l&rsquo;Avent!<\/p>\n<p>Plus d&rsquo;informations sur l&rsquo;\u00e9v\u00e9nement: <a href=\"https:\/\/www.montreuxnoel.com\/\">https:\/\/www.montreuxnoel.com\/<\/a><\/p>\n<p><figure class=\"wp-image-wrap\"><img loading=\"lazy\" decoding=\"async\" class=\"alignnone size-medium wp-image-49602\" src=\"https:\/\/d22dvihj4pfop3.cloudfront.net\/wp-content\/uploads\/sites\/71\/2021\/12\/02133614\/grande-roue-1-650x432.jpg\" alt=\"\" width=\"650\" height=\"432\" \/><\/figure><\/p>\n<h3><strong>2. La f\u00eate de l&rsquo;Escalade \u00e0 Gen\u00e8ve<\/strong><\/h3>\n<p><strong>\u00a0<\/strong>Voici une id\u00e9e d&rsquo;activit\u00e9 pour ceux qui d\u00e9sirent s&rsquo;amuser en fin d&rsquo;ann\u00e9e sans entendre parler de No\u00ebl trop t\u00f4t. Chaque ann\u00e9e, au d\u00e9but du mois de d\u00e9cembre, Gen\u00e8ve est une ville encore plus anim\u00e9e que d&rsquo;habitude.<\/p>\n<p>Lors de la f\u00eate de l&rsquo;Escalade, on y comm\u00e9more \u00a0la victoire de Gen\u00e8ve lors de l\u2019assaut des remparts de la ville donn\u00e9 par les troupes du Duc de Savoie dans la nuit du 11 au 12 d\u00e9cembre 1602, la f\u00eate de l&rsquo;Escalade est n\u00e9e.<\/p>\n<p>Si vous vous rendez \u00e0 Gen\u00e8ve durant cette p\u00e9riode, vous ne pourrez passer \u00e0 c\u00f4t\u00e9 de la fameuse marmite en chocolat, en hommage au courage de la Dame Royaume, qui aurait \u00e9bouillant\u00e9 un ennemi avec sa marmite de soupe. Il faudra alors suivre la tradition et prononcer la phrase rituelle: \u00abAinsi p\u00e9rissent les ennemis de la R\u00e9publique\u00bb. En m\u00eame temps, le plus jeune et le plus vieux de l&rsquo;assembl\u00e9e brisent ensemble la marmite. Vous y d\u00e9couvrirez des l\u00e9gumes en massepain, en r\u00e9f\u00e9rence \u00e0 la soupe de Dame Royaume et des bonbons.<\/p>\n<p>Ce n&rsquo;est pas tout, le week-end le plus proche de la date du 11 d\u00e9cembre, des cort\u00e8ges de l&rsquo;\u00e9poque comm\u00e9morent la victoire au son des fifres et tambours. Hallebardiers, arquebusiers, cavaliers et personnages historiques d\u00e9filent dans les costumes d&rsquo;antan. Vous pourrez \u00e9galement voir des d\u00e9monstrations de tirs de mousquet, de tirs au canon ou de manipulation de la hallebarde.<\/p>\n<p>Pour les plus sportifs, la c\u00e9l\u00e8bre course de l&rsquo;Escalade, dans la vieille ville, a lieu au d\u00e9but du mois de d\u00e9cembre et rassemble de nombreux et nombreuses participant-e-s de tous \u00e2ges. La c\u00e9l\u00e8bre \u00e9preuve de \u00abla marmite\u00bb consiste \u00e0 courir d\u00e9guis\u00e9-e.<\/p>\n<p>Plus d&rsquo;informations: <a href=\"https:\/\/escalade.ch\/\">https:\/\/escalade.ch\/<\/a><\/p>\n<p><figure class=\"wp-image-wrap\"><img loading=\"lazy\" decoding=\"async\" class=\"alignnone size-medium wp-image-49601\" src=\"https:\/\/d22dvihj4pfop3.cloudfront.net\/wp-content\/uploads\/sites\/71\/2021\/12\/02133559\/GVA-1-473x650.jpg\" alt=\"\" width=\"473\" height=\"650\" \/><\/figure><\/p>\n<h3><strong>3. Locarno en f\u00eate <\/strong><\/h3>\n<p>De passage au Tessin durant la p\u00e9riode de l&rsquo;avent? Arr\u00eatez-vous \u00e0 Locarno! Du 25 novembre 2021 au 9 janvier 2022 cette magnifique ville s&rsquo;illumine gr\u00e2ce \u00e0 des iglous en verre, des guirlandes de lumi\u00e8re et un tr\u00e8s grand sapin de No\u00ebl joliment d\u00e9cor\u00e9.<\/p>\n<p>Vous y trouverez \u00e9galement des petits chalets en bois bariol\u00e9s et une patinoire animant pendant six semaines la Piazza Grande, le c\u0153ur de Locarno.<\/p>\n<p>Ce lieu, le plus connu de la ville, accueille au cours de l&rsquo;ann\u00e9e de nombreux \u00e9v\u00e9nements tel que le Locarno Film Festival au mois d&rsquo;ao\u00fbt. L&rsquo;hiver est aussi propice \u00e0 des rassemblements sur cette place. Les gens y viennent pour passer la soir\u00e9e entre amis, \u00e9couter de la musique live en buvant une boisson chaude ou encore pour admirer le gigantesque sapin de No\u00ebl. Pour les plus frileux, les bars-iglous permettent de se restaurer au chaud.<\/p>\n<p>Plus d&rsquo;informations: <a href=\"https:\/\/bit.ly\/3mdVmzG\">https:\/\/bit.ly\/3mdVmzG<\/a><\/p>\n<p><figure class=\"wp-image-wrap\"><img loading=\"lazy\" decoding=\"async\" class=\"size-medium wp-image-49600\" src=\"https:\/\/d22dvihj4pfop3.cloudfront.net\/wp-content\/uploads\/sites\/71\/2021\/12\/02133542\/Locarno-1-650x365.jpeg\" alt=\"\" width=\"650\" height=\"365\" \/><\/figure><\/p>\n<h3><strong>4. Kirschgarten de B\u00e2le<\/strong><\/h3>\n<p>Partie int\u00e9grante du Mus\u00e9e Historique de B\u00e2le, l&rsquo;exposition dans ce magnifique b\u00e2timent du 18e si\u00e8cle se consacre avant tout aux habitations bourgeoises des 18e et 19e si\u00e8cles. Cette ann\u00e9e encore, la maison patricienne resplendit dans une ambiance de f\u00eate.<\/p>\n<p>Quatorze sapins de No\u00ebl d\u00e9cor\u00e9s sont install\u00e9s dans les pi\u00e8ces historiques de la somptueuse r\u00e9sidence. L&rsquo;exposition montre comment les d\u00e9corations des sapins de No\u00ebl ont \u00e9volu\u00e9 du d\u00e9but du 19e si\u00e8cle \u00e0 nos jours.<\/p>\n<p>Des jouets pour tous les \u00e2ges sont expos\u00e9s dans le grenier, tandis qu&rsquo;au rez-de-chauss\u00e9e, une installation d&rsquo;\u00e9toiles en papier de Margarete Polus Dangerfield accueille les visiteurs.<\/p>\n<p>Pour plus d&rsquo;informations : <a href=\"https:\/\/www.hmb.ch\/fr\/actualites\/expositions\/saison-de-lavent\/\">https:\/\/www.hmb.ch\/fr\/actualites\/expositions\/saison-de-lavent\/<\/a><\/p>\n<h3><strong>5. Faire une descente en luge avant la fin de l&rsquo;ann\u00e9e <\/strong><\/h3>\n<p>Pour se vider la t\u00eate une derni\u00e8re fois avant les f\u00eates de fin d&rsquo;ann\u00e9e et profiter du d\u00e9but des vacances, rien de mieux qu&rsquo;une descente en luge! Vous avez de la chance, la Suisse compte de nombreuses pistes reparties dans les diff\u00e9rents cantons. Que vous soyez proche de la Tsoumaz (VS), des Diablerets (VD), de Melchsee-Frutt (OW) ou de Berg\u00fcn\/Darlux (GR) vous trouverez votre bonheur.<\/p>\n<p>Pour les plus motiv\u00e9s la plus longue piste de luge d&rsquo;Europe, la mythique \u00ab\u00a0Big Pintenfritz\u00a0\u00bb se trouve \u00e0 Grindelwald. Avec ses 12,5 km, elle fait passer ses visiteurs de 2681 m \u00e0 1050m d&rsquo;altitude en passant par Bussalp (1800m) o\u00f9 la vue panoramique invite \u00e0 la d\u00e9tente.<\/p>\n<p><figure class=\"wp-image-wrap\"><img loading=\"lazy\" decoding=\"async\" class=\"alignnone size-medium wp-image-49599\" src=\"https:\/\/d22dvihj4pfop3.cloudfront.net\/wp-content\/uploads\/sites\/71\/2021\/12\/02133526\/grindelwald-1-650x542.jpg\" alt=\"\" width=\"650\" height=\"542\" \/><\/figure><\/p>\n","protected":false},"excerpt":{"rendered":"<p>Que faire pendant la p\u00e9riode de l&rsquo;Avent en Suisse? En Suisse, comme dans d&rsquo;autres pays, la p\u00e9riode de l&rsquo;Avent offre&hellip;<\/p>\n","protected":false},"author":938,"featured_media":0,"parent":0,"menu_order":0,"comment_status":"closed","ping_status":"closed","template":"","meta":{"footnotes":""},"class_list":["post-49408","page","type-page","status-publish","hentry"],"yoast_head":"<!-- This site is optimized with the Yoast SEO plugin v26.6 - https:\/\/yoast.com\/wordpress\/plugins\/seo\/ -->\n<title>Activit\u00e9s de l&#039;avent - Intercultural Programs<\/title>\n<meta name=\"robots\" content=\"index, follow, max-snippet:-1, max-image-preview:large, max-video-preview:-1\" \/>\n<link rel=\"canonical\" href=\"https:\/\/www.afs.ch\/fr\/activites-avent\/\" \/>\n<meta property=\"og:locale\" content=\"fr_FR\" \/>\n<meta property=\"og:type\" content=\"article\" \/>\n<meta property=\"og:title\" content=\"Activit\u00e9s de l&#039;avent - Intercultural Programs\" \/>\n<meta property=\"og:description\" content=\"Que faire pendant la p\u00e9riode de l&rsquo;Avent en Suisse? En Suisse, comme dans d&rsquo;autres pays, la p\u00e9riode de l&rsquo;Avent offre&hellip;\" \/>\n<meta property=\"og:url\" content=\"https:\/\/www.afs.ch\/fr\/activites-avent\/\" \/>\n<meta property=\"og:site_name\" content=\"Intercultural Programs\" \/>\n<meta property=\"article:publisher\" content=\"https:\/\/www.facebook.com\/afsswitzerland\/\" \/>\n<meta property=\"article:modified_time\" content=\"2021-12-02T12:54:38+00:00\" \/>\n<meta property=\"og:image\" content=\"https:\/\/www.afs.ch\/wp-content\/uploads\/sites\/71\/2021\/12\/grande-roue-1-650x432.jpg\" \/>\n<meta name=\"twitter:card\" content=\"summary_large_image\" \/>\n<meta name=\"twitter:site\" content=\"@afs_ch\" \/>\n<meta name=\"twitter:label1\" content=\"Est. reading time\" \/>\n\t<meta name=\"twitter:data1\" content=\"5 minutes\" \/>\n<script type=\"application\/ld+json\" class=\"yoast-schema-graph\">{\"@context\":\"https:\/\/schema.org\",\"@graph\":[{\"@type\":\"WebPage\",\"@id\":\"https:\/\/www.afs.ch\/fr\/activites-avent\/\",\"url\":\"https:\/\/www.afs.ch\/fr\/activites-avent\/\",\"name\":\"Activit\u00e9s de l'avent - Intercultural Programs\",\"isPartOf\":{\"@id\":\"https:\/\/www.afs.ch\/fr\/#website\"},\"primaryImageOfPage\":{\"@id\":\"https:\/\/www.afs.ch\/fr\/activites-avent\/#primaryimage\"},\"image\":{\"@id\":\"https:\/\/www.afs.ch\/fr\/activites-avent\/#primaryimage\"},\"thumbnailUrl\":\"https:\/\/www.afs.ch\/wp-content\/uploads\/sites\/71\/2021\/12\/grande-roue-1-650x432.jpg\",\"datePublished\":\"2021-12-02T11:32:57+00:00\",\"dateModified\":\"2021-12-02T12:54:38+00:00\",\"breadcrumb\":{\"@id\":\"https:\/\/www.afs.ch\/fr\/activites-avent\/#breadcrumb\"},\"inLanguage\":\"fr-FR\",\"potentialAction\":[{\"@type\":\"ReadAction\",\"target\":[\"https:\/\/www.afs.ch\/fr\/activites-avent\/\"]}]},{\"@type\":\"ImageObject\",\"inLanguage\":\"fr-FR\",\"@id\":\"https:\/\/www.afs.ch\/fr\/activites-avent\/#primaryimage\",\"url\":\"https:\/\/www.afs.ch\/wp-content\/uploads\/sites\/71\/2021\/12\/grande-roue-1-650x432.jpg\",\"contentUrl\":\"https:\/\/www.afs.ch\/wp-content\/uploads\/sites\/71\/2021\/12\/grande-roue-1-650x432.jpg\"},{\"@type\":\"BreadcrumbList\",\"@id\":\"https:\/\/www.afs.ch\/fr\/activites-avent\/#breadcrumb\",\"itemListElement\":[{\"@type\":\"ListItem\",\"position\":1,\"name\":\"Home\",\"item\":\"https:\/\/switzerland.afssite.afs.org\/fr\/\"},{\"@type\":\"ListItem\",\"position\":2,\"name\":\"Activit\u00e9s de l&rsquo;avent\"}]},{\"@type\":\"WebSite\",\"@id\":\"https:\/\/www.afs.ch\/fr\/#website\",\"url\":\"https:\/\/www.afs.ch\/fr\/\",\"name\":\"Interkulturelle Programme\",\"description\":\"Switzerland\",\"potentialAction\":[{\"@type\":\"SearchAction\",\"target\":{\"@type\":\"EntryPoint\",\"urlTemplate\":\"https:\/\/www.afs.ch\/fr\/?s={search_term_string}\"},\"query-input\":{\"@type\":\"PropertyValueSpecification\",\"valueRequired\":true,\"valueName\":\"search_term_string\"}}],\"inLanguage\":\"fr-FR\"}]}<\/script>\n<!-- \/ Yoast SEO plugin. -->","yoast_head_json":{"title":"Activit\u00e9s de l'avent - Intercultural Programs","robots":{"index":"index","follow":"follow","max-snippet":"max-snippet:-1","max-image-preview":"max-image-preview:large","max-video-preview":"max-video-preview:-1"},"canonical":"https:\/\/www.afs.ch\/fr\/activites-avent\/","og_locale":"fr_FR","og_type":"article","og_title":"Activit\u00e9s de l'avent - Intercultural Programs","og_description":"Que faire pendant la p\u00e9riode de l&rsquo;Avent en Suisse? En Suisse, comme dans d&rsquo;autres pays, la p\u00e9riode de l&rsquo;Avent offre&hellip;","og_url":"https:\/\/www.afs.ch\/fr\/activites-avent\/","og_site_name":"Intercultural Programs","article_publisher":"https:\/\/www.facebook.com\/afsswitzerland\/","article_modified_time":"2021-12-02T12:54:38+00:00","og_image":[{"url":"https:\/\/www.afs.ch\/wp-content\/uploads\/sites\/71\/2021\/12\/grande-roue-1-650x432.jpg","type":"","width":"","height":""}],"twitter_card":"summary_large_image","twitter_site":"@afs_ch","twitter_misc":{"Est. reading time":"5 minutes"},"schema":{"@context":"https:\/\/schema.org","@graph":[{"@type":"WebPage","@id":"https:\/\/www.afs.ch\/fr\/activites-avent\/","url":"https:\/\/www.afs.ch\/fr\/activites-avent\/","name":"Activit\u00e9s de l'avent - Intercultural Programs","isPartOf":{"@id":"https:\/\/www.afs.ch\/fr\/#website"},"primaryImageOfPage":{"@id":"https:\/\/www.afs.ch\/fr\/activites-avent\/#primaryimage"},"image":{"@id":"https:\/\/www.afs.ch\/fr\/activites-avent\/#primaryimage"},"thumbnailUrl":"https:\/\/www.afs.ch\/wp-content\/uploads\/sites\/71\/2021\/12\/grande-roue-1-650x432.jpg","datePublished":"2021-12-02T11:32:57+00:00","dateModified":"2021-12-02T12:54:38+00:00","breadcrumb":{"@id":"https:\/\/www.afs.ch\/fr\/activites-avent\/#breadcrumb"},"inLanguage":"fr-FR","potentialAction":[{"@type":"ReadAction","target":["https:\/\/www.afs.ch\/fr\/activites-avent\/"]}]},{"@type":"ImageObject","inLanguage":"fr-FR","@id":"https:\/\/www.afs.ch\/fr\/activites-avent\/#primaryimage","url":"https:\/\/www.afs.ch\/wp-content\/uploads\/sites\/71\/2021\/12\/grande-roue-1-650x432.jpg","contentUrl":"https:\/\/www.afs.ch\/wp-content\/uploads\/sites\/71\/2021\/12\/grande-roue-1-650x432.jpg"},{"@type":"BreadcrumbList","@id":"https:\/\/www.afs.ch\/fr\/activites-avent\/#breadcrumb","itemListElement":[{"@type":"ListItem","position":1,"name":"Home","item":"https:\/\/switzerland.afssite.afs.org\/fr\/"},{"@type":"ListItem","position":2,"name":"Activit\u00e9s de l&rsquo;avent"}]},{"@type":"WebSite","@id":"https:\/\/www.afs.ch\/fr\/#website","url":"https:\/\/www.afs.ch\/fr\/","name":"Interkulturelle Programme","description":"Switzerland","potentialAction":[{"@type":"SearchAction","target":{"@type":"EntryPoint","urlTemplate":"https:\/\/www.afs.ch\/fr\/?s={search_term_string}"},"query-input":{"@type":"PropertyValueSpecification","valueRequired":true,"valueName":"search_term_string"}}],"inLanguage":"fr-FR"}]}},"_links":{"self":[{"href":"https:\/\/www.afs.ch\/fr\/wp-json\/wp\/v2\/pages\/49408","targetHints":{"allow":["GET"]}}],"collection":[{"href":"https:\/\/www.afs.ch\/fr\/wp-json\/wp\/v2\/pages"}],"about":[{"href":"https:\/\/www.afs.ch\/fr\/wp-json\/wp\/v2\/types\/page"}],"author":[{"embeddable":true,"href":"https:\/\/www.afs.ch\/fr\/wp-json\/wp\/v2\/users\/938"}],"replies":[{"embeddable":true,"href":"https:\/\/www.afs.ch\/fr\/wp-json\/wp\/v2\/comments?post=49408"}],"version-history":[{"count":8,"href":"https:\/\/www.afs.ch\/fr\/wp-json\/wp\/v2\/pages\/49408\/revisions"}],"predecessor-version":[{"id":49614,"href":"https:\/\/www.afs.ch\/fr\/wp-json\/wp\/v2\/pages\/49408\/revisions\/49614"}],"wp:attachment":[{"href":"https:\/\/www.afs.ch\/fr\/wp-json\/wp\/v2\/media?parent=49408"}],"curies":[{"name":"wp","href":"https:\/\/api.w.org\/{rel}","templated":true}]}}