{"id":4955,"date":"2016-10-03T17:51:36","date_gmt":"2016-10-03T17:51:36","guid":{"rendered":"http:\/\/switzerland.afssite.afs.org\/fr\/education\/education-research\/"},"modified":"2017-10-11T10:49:47","modified_gmt":"2017-10-11T09:49:47","slug":"rapports-detudes","status":"publish","type":"page","link":"https:\/\/www.afs.ch\/fr\/education\/rapports-detudes\/","title":{"rendered":"Recherche sur les programmes d\u2019\u00e9changes AFS"},"content":{"rendered":"<h2>Aper\u00e7u de la recherche \u00abICL for AFS &amp; Friends\u00bb<\/h2>\n<p>AFS contribue depuis de nombreuses ann\u00e9es, et de fa\u00e7on significative, \u00e0 la recherche sur l\u2019apprentissage interculturel, souvent en \u00e9troite collaboration avec des institutions phares et des chercheurs renomm\u00e9s. Gr\u00e2ce \u00e0 la large palette de sujets qu\u2019elle aborde, cette recherche peut aider \u00e0 identifier les divers param\u00e8tres qui jouent un r\u00f4le dans l\u2019apprentissage interculturel, en traitant par exemple de l\u2019influence des nouvelles technologies dans le contexte de l\u2019adaptation culturelle, ou de l\u2019interaction entre personnalit\u00e9 et culture. Pour obtenir une vue d\u2019ensemble de nos travaux de recherche, veuillez consulter nos r\u00e9sum\u00e9s en anglais. <\/span><\/p>\n<p><a class=\"arrow-right outline button\" href=\"http:\/\/d22dvihj4pfop3.cloudfront.net\/wp-content\/uploads\/sites\/4\/2016\/10\/03174207\/Overview-of-AFS-Research-for-AFS-Friends-2016.pdf\">T\u00e9l\u00e9charger le rapport en anglais<\/a><\/p>\n<p>&nbsp;<\/p>\n<h2>\u00c9tude \u00abAFS Long Term Impact Study\u00bb<\/h2>\n<p>En 2006, AFS a effectu\u00e9 une \u00e9tude de grande envergure pour d\u00e9terminer les b\u00e9n\u00e9fices d\u2019une exp\u00e9rience d\u2019apprentissage interculturel sur le long cours. Cette \u00e9tude a compar\u00e9 d\u2019anciens participants AFS, 20 \u00e0 25 ans apr\u00e8s la fin de leur ann\u00e9e d\u2019\u00e9change, avec des personnes du m\u00eame \u00e2ge sans exp\u00e9rience interculturelle. Les r\u00e9sultats ont montr\u00e9 que les participants AFS pouvaient encore justifier d\u2019une avance significative en termes de connaissances linguistiques et de comp\u00e9tences interculturelles, et ce longtemps apr\u00e8s \u00eatre rentr\u00e9s de leur s\u00e9jour \u00e0 l\u2019\u00e9tranger.<\/p>\n<p><a class=\"arrow-right button outline\" href=\"http:\/\/d22dvihj4pfop3.cloudfront.net\/wp-content\/uploads\/sites\/4\/2016\/10\/03174400\/AFS-Long-Term-Impact-Study-2006.pdf\">T\u00e9l\u00e9charger le rapport en anglais<\/a><\/p>\n<p>&nbsp;<\/p>\n<h2>\u00c9valuation ind\u00e9pendante sur l\u2019influence d\u2019une exp\u00e9rience d\u2019\u00e9change avec AFS<\/h2>\n<p>En 2005, Mitchell R. Hammer a r\u00e9alis\u00e9, en collaboration avec AFS, une \u00e9tude ind\u00e9pendante intitul\u00e9e <em>The Assessment of the Impact of the\u00a0AFS Study Abroad Experience<\/em>. L\u2019auteur a sond\u00e9 des milliers d\u2019\u00e9tudiants avant, pendant et apr\u00e8s leur programme d\u2019\u00e9change. Compar\u00e9s \u00e0 un groupe t\u00e9moin de la m\u00eame tranche d\u2019\u00e2ge, les \u00e9tudiants en programme d\u2019\u00e9change AFS avaient nettement am\u00e9lior\u00e9 leurs comp\u00e9tences linguistiques, approfondi et affin\u00e9 leurs connaissances sur diverses cultures et am\u00e9lior\u00e9 leur aptitude \u00e0 lier des amiti\u00e9s interculturelles.<\/p>\n<p><a class=\"arrow-right button outline\" href=\"http:\/\/d22dvihj4pfop3.cloudfront.net\/wp-content\/uploads\/sites\/4\/2016\/10\/03174421\/The-Assessment-of-the-Impact-of-the-AFS-Study-Abroad-Experience-2005.pdf\">T\u00e9l\u00e9charger le rapport en anglais<\/a><\/p>\n","protected":false},"excerpt":{"rendered":"<p>Aper\u00e7u de la recherche \u00abICL for AFS &amp; Friends\u00bb AFS contribue depuis de nombreuses ann\u00e9es, et de fa\u00e7on significative, \u00e0&hellip;<\/p>\n","protected":false},"author":4,"featured_media":0,"parent":4936,"menu_order":6,"comment_status":"closed","ping_status":"closed","template":"","meta":{"footnotes":""},"class_list":["post-4955","page","type-page","status-publish","hentry"],"yoast_head":"<!-- This site is optimized with the Yoast SEO plugin v26.6 - https:\/\/yoast.com\/wordpress\/plugins\/seo\/ -->\n<title>Recherche sur les programmes d\u2019\u00e9changes AFS - Intercultural Programs<\/title>\n<meta name=\"robots\" content=\"index, follow, max-snippet:-1, max-image-preview:large, max-video-preview:-1\" \/>\n<link rel=\"canonical\" href=\"https:\/\/www.afs.ch\/fr\/education\/rapports-detudes\/\" \/>\n<meta property=\"og:locale\" content=\"fr_FR\" \/>\n<meta property=\"og:type\" content=\"article\" \/>\n<meta property=\"og:title\" content=\"Recherche sur les programmes d\u2019\u00e9changes AFS - Intercultural Programs\" \/>\n<meta property=\"og:description\" content=\"Aper\u00e7u de la recherche \u00abICL for AFS &amp; Friends\u00bb AFS contribue depuis de nombreuses ann\u00e9es, et de fa\u00e7on significative, \u00e0&hellip;\" \/>\n<meta property=\"og:url\" content=\"https:\/\/www.afs.ch\/fr\/education\/rapports-detudes\/\" \/>\n<meta property=\"og:site_name\" content=\"Intercultural Programs\" \/>\n<meta property=\"article:publisher\" content=\"https:\/\/www.facebook.com\/afsswitzerland\/\" \/>\n<meta property=\"article:modified_time\" content=\"2017-10-11T09:49:47+00:00\" \/>\n<meta name=\"twitter:card\" content=\"summary_large_image\" \/>\n<meta name=\"twitter:site\" content=\"@afs_ch\" \/>\n<meta name=\"twitter:label1\" content=\"Est. reading time\" \/>\n\t<meta name=\"twitter:data1\" content=\"2 minutes\" \/>\n<script type=\"application\/ld+json\" class=\"yoast-schema-graph\">{\"@context\":\"https:\/\/schema.org\",\"@graph\":[{\"@type\":\"WebPage\",\"@id\":\"https:\/\/www.afs.ch\/fr\/education\/rapports-detudes\/\",\"url\":\"https:\/\/www.afs.ch\/fr\/education\/rapports-detudes\/\",\"name\":\"Recherche sur les programmes d\u2019\u00e9changes AFS - Intercultural Programs\",\"isPartOf\":{\"@id\":\"https:\/\/www.afs.ch\/fr\/#website\"},\"datePublished\":\"2016-10-03T17:51:36+00:00\",\"dateModified\":\"2017-10-11T09:49:47+00:00\",\"breadcrumb\":{\"@id\":\"https:\/\/www.afs.ch\/fr\/education\/rapports-detudes\/#breadcrumb\"},\"inLanguage\":\"fr-FR\",\"potentialAction\":[{\"@type\":\"ReadAction\",\"target\":[\"https:\/\/www.afs.ch\/fr\/education\/rapports-detudes\/\"]}]},{\"@type\":\"BreadcrumbList\",\"@id\":\"https:\/\/www.afs.ch\/fr\/education\/rapports-detudes\/#breadcrumb\",\"itemListElement\":[{\"@type\":\"ListItem\",\"position\":1,\"name\":\"Home\",\"item\":\"https:\/\/switzerland.afssite.afs.org\/fr\/\"},{\"@type\":\"ListItem\",\"position\":2,\"name\":\"Former les citoyens du monde de demain: l\u2019#AFSeffect\",\"item\":\"https:\/\/www.afs.ch\/fr\/education\/\"},{\"@type\":\"ListItem\",\"position\":3,\"name\":\"Recherche sur les programmes d\u2019\u00e9changes AFS\"}]},{\"@type\":\"WebSite\",\"@id\":\"https:\/\/www.afs.ch\/fr\/#website\",\"url\":\"https:\/\/www.afs.ch\/fr\/\",\"name\":\"Interkulturelle Programme\",\"description\":\"Switzerland\",\"potentialAction\":[{\"@type\":\"SearchAction\",\"target\":{\"@type\":\"EntryPoint\",\"urlTemplate\":\"https:\/\/www.afs.ch\/fr\/?s={search_term_string}\"},\"query-input\":{\"@type\":\"PropertyValueSpecification\",\"valueRequired\":true,\"valueName\":\"search_term_string\"}}],\"inLanguage\":\"fr-FR\"}]}<\/script>\n<!-- \/ Yoast SEO plugin. -->","yoast_head_json":{"title":"Recherche sur les programmes d\u2019\u00e9changes AFS - Intercultural Programs","robots":{"index":"index","follow":"follow","max-snippet":"max-snippet:-1","max-image-preview":"max-image-preview:large","max-video-preview":"max-video-preview:-1"},"canonical":"https:\/\/www.afs.ch\/fr\/education\/rapports-detudes\/","og_locale":"fr_FR","og_type":"article","og_title":"Recherche sur les programmes d\u2019\u00e9changes AFS - Intercultural Programs","og_description":"Aper\u00e7u de la recherche \u00abICL for AFS &amp; Friends\u00bb AFS contribue depuis de nombreuses ann\u00e9es, et de fa\u00e7on significative, \u00e0&hellip;","og_url":"https:\/\/www.afs.ch\/fr\/education\/rapports-detudes\/","og_site_name":"Intercultural Programs","article_publisher":"https:\/\/www.facebook.com\/afsswitzerland\/","article_modified_time":"2017-10-11T09:49:47+00:00","twitter_card":"summary_large_image","twitter_site":"@afs_ch","twitter_misc":{"Est. reading time":"2 minutes"},"schema":{"@context":"https:\/\/schema.org","@graph":[{"@type":"WebPage","@id":"https:\/\/www.afs.ch\/fr\/education\/rapports-detudes\/","url":"https:\/\/www.afs.ch\/fr\/education\/rapports-detudes\/","name":"Recherche sur les programmes d\u2019\u00e9changes AFS - Intercultural Programs","isPartOf":{"@id":"https:\/\/www.afs.ch\/fr\/#website"},"datePublished":"2016-10-03T17:51:36+00:00","dateModified":"2017-10-11T09:49:47+00:00","breadcrumb":{"@id":"https:\/\/www.afs.ch\/fr\/education\/rapports-detudes\/#breadcrumb"},"inLanguage":"fr-FR","potentialAction":[{"@type":"ReadAction","target":["https:\/\/www.afs.ch\/fr\/education\/rapports-detudes\/"]}]},{"@type":"BreadcrumbList","@id":"https:\/\/www.afs.ch\/fr\/education\/rapports-detudes\/#breadcrumb","itemListElement":[{"@type":"ListItem","position":1,"name":"Home","item":"https:\/\/switzerland.afssite.afs.org\/fr\/"},{"@type":"ListItem","position":2,"name":"Former les citoyens du monde de demain: l\u2019#AFSeffect","item":"https:\/\/www.afs.ch\/fr\/education\/"},{"@type":"ListItem","position":3,"name":"Recherche sur les programmes d\u2019\u00e9changes AFS"}]},{"@type":"WebSite","@id":"https:\/\/www.afs.ch\/fr\/#website","url":"https:\/\/www.afs.ch\/fr\/","name":"Interkulturelle Programme","description":"Switzerland","potentialAction":[{"@type":"SearchAction","target":{"@type":"EntryPoint","urlTemplate":"https:\/\/www.afs.ch\/fr\/?s={search_term_string}"},"query-input":{"@type":"PropertyValueSpecification","valueRequired":true,"valueName":"search_term_string"}}],"inLanguage":"fr-FR"}]}},"_links":{"self":[{"href":"https:\/\/www.afs.ch\/fr\/wp-json\/wp\/v2\/pages\/4955","targetHints":{"allow":["GET"]}}],"collection":[{"href":"https:\/\/www.afs.ch\/fr\/wp-json\/wp\/v2\/pages"}],"about":[{"href":"https:\/\/www.afs.ch\/fr\/wp-json\/wp\/v2\/types\/page"}],"author":[{"embeddable":true,"href":"https:\/\/www.afs.ch\/fr\/wp-json\/wp\/v2\/users\/4"}],"replies":[{"embeddable":true,"href":"https:\/\/www.afs.ch\/fr\/wp-json\/wp\/v2\/comments?post=4955"}],"version-history":[{"count":7,"href":"https:\/\/www.afs.ch\/fr\/wp-json\/wp\/v2\/pages\/4955\/revisions"}],"predecessor-version":[{"id":17846,"href":"https:\/\/www.afs.ch\/fr\/wp-json\/wp\/v2\/pages\/4955\/revisions\/17846"}],"up":[{"embeddable":true,"href":"https:\/\/www.afs.ch\/fr\/wp-json\/wp\/v2\/pages\/4936"}],"wp:attachment":[{"href":"https:\/\/www.afs.ch\/fr\/wp-json\/wp\/v2\/media?parent=4955"}],"curies":[{"name":"wp","href":"https:\/\/api.w.org\/{rel}","templated":true}]}}