{"id":49833,"date":"2021-12-21T12:05:35","date_gmt":"2021-12-21T11:05:35","guid":{"rendered":"https:\/\/www.afs.ch\/?page_id=49833"},"modified":"2021-12-21T12:31:20","modified_gmt":"2021-12-21T11:31:20","slug":"temoignage-famille-daccueil","status":"publish","type":"page","link":"https:\/\/www.afs.ch\/fr\/temoignage-famille-daccueil\/","title":{"rendered":"T\u00e9moignage d&rsquo;une famille d&rsquo;accueil"},"content":{"rendered":"<h5>Apr\u00e8s quelques semaines pass\u00e9es ensemble, cette famille d&rsquo;accueil AFS nous raconte l&rsquo;exp\u00e9rience unique qu&rsquo;ils vivent actuellement.<\/h5>\n<p>\u00ab\u00a0Et voil\u00e0, l\u2019aventure a commenc\u00e9. Nous n\u2019avons pas encore notre rythme de croisi\u00e8re, nous apprenons encore \u00e0 nous conna\u00eetre, mais \u00e7a se passe vraiment tr\u00e8s bien. Presque trop facile!!<br \/>\nTout a commenc\u00e9 fin 2013 lorsque notre fille a\u00een\u00e9e a d\u00e9cid\u00e9 de partir un an avec AFS. Nous lui avons impos\u00e9 l\u2019Allemagne pour la simple raison qu\u2019elle avait 15 ans et 1 mois \u00e0 son d\u00e9part. Il fallait rassurer la maman, et mettre un oc\u00e9an entre les deux \u00e9tait impensable \u00e0 l\u2019\u00e9poque. Elle a donc pass\u00e9 son ann\u00e9e AFS en 2014-2015. Et depuis, nous avons de magnifiques liens d\u2019amiti\u00e9 avec la famille d\u2019accueil allemande. Nous nous sommes rendu visite \u00e0 plusieurs reprises. Et cela va reprendre d\u00e8s que le corona le permettra.<\/p>\n<p>Et voil\u00e0 que c\u2019est notre 4e enfant qui d\u00e9cide de partir avec AFS cette ann\u00e9e, sa grande s\u0153ur lui ayant montr\u00e9 le bon exemple. Et c\u2019est reparti pour une nouvelle aventure, en Irlande\u2026 il ne voulait pas entendre parler de l\u2019allemand. A 15 ans et demi, il est parti en ao\u00fbt dernier.<br \/>\nC\u2019est lorsque Laurent a fermement d\u00e9cid\u00e9 de partir que nous avons pens\u00e9 \u00e0 devenir famille d\u2019accueil. C\u2019\u00e9tait le bon moment! Sa chambre se lib\u00e9rait et maintenant les 3 enfants restants ne demandent plus autant d\u2019attention.<br \/>\nEn tant que maman, j\u2019avais envie de rendre un peu de ce que nous avons re\u00e7u d\u2019AFS. Il me semblait tout \u00e0 fait normal d\u2019accueillir un-e \u00e9tudiant-e puisque j\u2019avais envoy\u00e9 deux de mes enfants. Et c\u2019est une telle chance de pouvoir vivre cette exp\u00e9rience que j\u2019ai envie de donner \u00e9galement la possibilit\u00e9 \u00e0 un autre \u00e9tudiant de le faire. L\u2019argument de mon mari \u00e9tait simplement: \u00ab C\u2019est une super id\u00e9e. Cela va changer la dynamique familiale\u00a0\u00bb<\/p>\n<p>Et en e\ufb00et, l\u2019arriv\u00e9e de Sara d\u2019Allemagne fait beaucoup de bien \u00e0 la famille. Notre fille a\u00een\u00e9e se donne \u00e9norm\u00e9ment de peine pour l\u2019int\u00e9grer. Ce que nous n\u2019avions pas forc\u00e9ment imagin\u00e9 au d\u00e9but. Mais elle est encore tellement enthousiaste de son \u00e9change AFS qu\u2019elle d\u00e9sire que Sara fasse \u00e9galement une magnifique exp\u00e9rience chez nous.<\/p>\n<p><figure class=\"wp-image-wrap\"><img loading=\"lazy\" decoding=\"async\" class=\"alignnone size-medium wp-image-49828\" src=\"https:\/\/d22dvihj4pfop3.cloudfront.net\/wp-content\/uploads\/sites\/71\/2021\/12\/21112548\/P8280158-650x488.jpg\" alt=\"\" width=\"650\" height=\"488\" \/><\/figure><br \/>\nJ\u2019avoue que dans les crit\u00e8res de choix, il \u00e9tait primordial pour nous que l\u2019ann\u00e9e se passe bien. J\u2019avais donc beaucoup de r\u00e9ticences \u00e0 accueillir un \u00e9tudiant trop \u00ab exotique \u00bb pour nous. Non pas par peur mais surtout par manque de temps pour que l\u2019int\u00e9gration se fasse au mieux. J\u2019avais donc \u00e9mis le d\u00e9sir d\u2019accueillir un-e \u00e9tudiant-e europ\u00e9en-ne. La di\ufb00\u00e9rence culturelle est peut-\u00eatre minime, mais elle est forc\u00e9ment l\u00e0. Et c\u2019est tr\u00e8s sympa de faire d\u00e9couvrir de nouvelles choses \u00e0 notre \u00e9tudiante, surtout qu\u2019elle y met tout son coeur et toute son \u00e9nergie pour y arriver.<\/p>\n<h5 style=\"text-align: center;\">C\u2019est magnifique, bravo Sara!\u00a0\u00bb<\/h5>\n<p><figure class=\"wp-image-wrap\"><img loading=\"lazy\" decoding=\"async\" class=\"alignnone size-medium wp-image-49831\" src=\"https:\/\/d22dvihj4pfop3.cloudfront.net\/wp-content\/uploads\/sites\/71\/2021\/12\/21112606\/P9180269-650x488.jpg\" alt=\"\" width=\"650\" height=\"488\" \/><\/figure><\/p>\n","protected":false},"excerpt":{"rendered":"<p>Apr\u00e8s quelques semaines pass\u00e9es ensemble, cette famille d&rsquo;accueil AFS nous raconte l&rsquo;exp\u00e9rience unique qu&rsquo;ils vivent actuellement. \u00ab\u00a0Et voil\u00e0, l\u2019aventure a&hellip;<\/p>\n","protected":false},"author":1045,"featured_media":0,"parent":0,"menu_order":0,"comment_status":"closed","ping_status":"closed","template":"","meta":{"footnotes":""},"class_list":["post-49833","page","type-page","status-publish","hentry"],"yoast_head":"<!-- This site is optimized with the Yoast SEO plugin v26.6 - https:\/\/yoast.com\/wordpress\/plugins\/seo\/ -->\n<title>T\u00e9moignage d&#039;une famille d&#039;accueil - Intercultural Programs<\/title>\n<meta name=\"robots\" content=\"index, follow, max-snippet:-1, max-image-preview:large, max-video-preview:-1\" \/>\n<link rel=\"canonical\" href=\"https:\/\/www.afs.ch\/fr\/temoignage-famille-daccueil\/\" \/>\n<meta property=\"og:locale\" content=\"fr_FR\" \/>\n<meta property=\"og:type\" content=\"article\" \/>\n<meta property=\"og:title\" content=\"T\u00e9moignage d&#039;une famille d&#039;accueil - Intercultural Programs\" \/>\n<meta property=\"og:description\" content=\"Apr\u00e8s quelques semaines pass\u00e9es ensemble, cette famille d&rsquo;accueil AFS nous raconte l&rsquo;exp\u00e9rience unique qu&rsquo;ils vivent actuellement. \u00ab\u00a0Et voil\u00e0, l\u2019aventure a&hellip;\" \/>\n<meta property=\"og:url\" content=\"https:\/\/www.afs.ch\/fr\/temoignage-famille-daccueil\/\" \/>\n<meta property=\"og:site_name\" content=\"Intercultural Programs\" \/>\n<meta property=\"article:publisher\" content=\"https:\/\/www.facebook.com\/afsswitzerland\/\" \/>\n<meta property=\"article:modified_time\" content=\"2021-12-21T11:31:20+00:00\" \/>\n<meta property=\"og:image\" content=\"https:\/\/www.afs.ch\/wp-content\/uploads\/sites\/71\/2021\/12\/P8280158-650x488.jpg\" \/>\n<meta name=\"twitter:card\" content=\"summary_large_image\" \/>\n<meta name=\"twitter:site\" content=\"@afs_ch\" \/>\n<meta name=\"twitter:label1\" content=\"Est. reading time\" \/>\n\t<meta name=\"twitter:data1\" content=\"3 minutes\" \/>\n<script type=\"application\/ld+json\" class=\"yoast-schema-graph\">{\"@context\":\"https:\/\/schema.org\",\"@graph\":[{\"@type\":\"WebPage\",\"@id\":\"https:\/\/www.afs.ch\/fr\/temoignage-famille-daccueil\/\",\"url\":\"https:\/\/www.afs.ch\/fr\/temoignage-famille-daccueil\/\",\"name\":\"T\u00e9moignage d'une famille d'accueil - Intercultural Programs\",\"isPartOf\":{\"@id\":\"https:\/\/www.afs.ch\/fr\/#website\"},\"primaryImageOfPage\":{\"@id\":\"https:\/\/www.afs.ch\/fr\/temoignage-famille-daccueil\/#primaryimage\"},\"image\":{\"@id\":\"https:\/\/www.afs.ch\/fr\/temoignage-famille-daccueil\/#primaryimage\"},\"thumbnailUrl\":\"https:\/\/www.afs.ch\/wp-content\/uploads\/sites\/71\/2021\/12\/P8280158-650x488.jpg\",\"datePublished\":\"2021-12-21T11:05:35+00:00\",\"dateModified\":\"2021-12-21T11:31:20+00:00\",\"breadcrumb\":{\"@id\":\"https:\/\/www.afs.ch\/fr\/temoignage-famille-daccueil\/#breadcrumb\"},\"inLanguage\":\"fr-FR\",\"potentialAction\":[{\"@type\":\"ReadAction\",\"target\":[\"https:\/\/www.afs.ch\/fr\/temoignage-famille-daccueil\/\"]}]},{\"@type\":\"ImageObject\",\"inLanguage\":\"fr-FR\",\"@id\":\"https:\/\/www.afs.ch\/fr\/temoignage-famille-daccueil\/#primaryimage\",\"url\":\"https:\/\/www.afs.ch\/wp-content\/uploads\/sites\/71\/2021\/12\/P8280158-650x488.jpg\",\"contentUrl\":\"https:\/\/www.afs.ch\/wp-content\/uploads\/sites\/71\/2021\/12\/P8280158-650x488.jpg\"},{\"@type\":\"BreadcrumbList\",\"@id\":\"https:\/\/www.afs.ch\/fr\/temoignage-famille-daccueil\/#breadcrumb\",\"itemListElement\":[{\"@type\":\"ListItem\",\"position\":1,\"name\":\"Home\",\"item\":\"https:\/\/switzerland.afssite.afs.org\/fr\/\"},{\"@type\":\"ListItem\",\"position\":2,\"name\":\"T\u00e9moignage d&rsquo;une famille d&rsquo;accueil\"}]},{\"@type\":\"WebSite\",\"@id\":\"https:\/\/www.afs.ch\/fr\/#website\",\"url\":\"https:\/\/www.afs.ch\/fr\/\",\"name\":\"Interkulturelle Programme\",\"description\":\"Switzerland\",\"potentialAction\":[{\"@type\":\"SearchAction\",\"target\":{\"@type\":\"EntryPoint\",\"urlTemplate\":\"https:\/\/www.afs.ch\/fr\/?s={search_term_string}\"},\"query-input\":{\"@type\":\"PropertyValueSpecification\",\"valueRequired\":true,\"valueName\":\"search_term_string\"}}],\"inLanguage\":\"fr-FR\"}]}<\/script>\n<!-- \/ Yoast SEO plugin. -->","yoast_head_json":{"title":"T\u00e9moignage d'une famille d'accueil - Intercultural Programs","robots":{"index":"index","follow":"follow","max-snippet":"max-snippet:-1","max-image-preview":"max-image-preview:large","max-video-preview":"max-video-preview:-1"},"canonical":"https:\/\/www.afs.ch\/fr\/temoignage-famille-daccueil\/","og_locale":"fr_FR","og_type":"article","og_title":"T\u00e9moignage d'une famille d'accueil - Intercultural Programs","og_description":"Apr\u00e8s quelques semaines pass\u00e9es ensemble, cette famille d&rsquo;accueil AFS nous raconte l&rsquo;exp\u00e9rience unique qu&rsquo;ils vivent actuellement. \u00ab\u00a0Et voil\u00e0, l\u2019aventure a&hellip;","og_url":"https:\/\/www.afs.ch\/fr\/temoignage-famille-daccueil\/","og_site_name":"Intercultural Programs","article_publisher":"https:\/\/www.facebook.com\/afsswitzerland\/","article_modified_time":"2021-12-21T11:31:20+00:00","og_image":[{"url":"https:\/\/www.afs.ch\/wp-content\/uploads\/sites\/71\/2021\/12\/P8280158-650x488.jpg","type":"","width":"","height":""}],"twitter_card":"summary_large_image","twitter_site":"@afs_ch","twitter_misc":{"Est. reading time":"3 minutes"},"schema":{"@context":"https:\/\/schema.org","@graph":[{"@type":"WebPage","@id":"https:\/\/www.afs.ch\/fr\/temoignage-famille-daccueil\/","url":"https:\/\/www.afs.ch\/fr\/temoignage-famille-daccueil\/","name":"T\u00e9moignage d'une famille d'accueil - Intercultural Programs","isPartOf":{"@id":"https:\/\/www.afs.ch\/fr\/#website"},"primaryImageOfPage":{"@id":"https:\/\/www.afs.ch\/fr\/temoignage-famille-daccueil\/#primaryimage"},"image":{"@id":"https:\/\/www.afs.ch\/fr\/temoignage-famille-daccueil\/#primaryimage"},"thumbnailUrl":"https:\/\/www.afs.ch\/wp-content\/uploads\/sites\/71\/2021\/12\/P8280158-650x488.jpg","datePublished":"2021-12-21T11:05:35+00:00","dateModified":"2021-12-21T11:31:20+00:00","breadcrumb":{"@id":"https:\/\/www.afs.ch\/fr\/temoignage-famille-daccueil\/#breadcrumb"},"inLanguage":"fr-FR","potentialAction":[{"@type":"ReadAction","target":["https:\/\/www.afs.ch\/fr\/temoignage-famille-daccueil\/"]}]},{"@type":"ImageObject","inLanguage":"fr-FR","@id":"https:\/\/www.afs.ch\/fr\/temoignage-famille-daccueil\/#primaryimage","url":"https:\/\/www.afs.ch\/wp-content\/uploads\/sites\/71\/2021\/12\/P8280158-650x488.jpg","contentUrl":"https:\/\/www.afs.ch\/wp-content\/uploads\/sites\/71\/2021\/12\/P8280158-650x488.jpg"},{"@type":"BreadcrumbList","@id":"https:\/\/www.afs.ch\/fr\/temoignage-famille-daccueil\/#breadcrumb","itemListElement":[{"@type":"ListItem","position":1,"name":"Home","item":"https:\/\/switzerland.afssite.afs.org\/fr\/"},{"@type":"ListItem","position":2,"name":"T\u00e9moignage d&rsquo;une famille d&rsquo;accueil"}]},{"@type":"WebSite","@id":"https:\/\/www.afs.ch\/fr\/#website","url":"https:\/\/www.afs.ch\/fr\/","name":"Interkulturelle Programme","description":"Switzerland","potentialAction":[{"@type":"SearchAction","target":{"@type":"EntryPoint","urlTemplate":"https:\/\/www.afs.ch\/fr\/?s={search_term_string}"},"query-input":{"@type":"PropertyValueSpecification","valueRequired":true,"valueName":"search_term_string"}}],"inLanguage":"fr-FR"}]}},"_links":{"self":[{"href":"https:\/\/www.afs.ch\/fr\/wp-json\/wp\/v2\/pages\/49833","targetHints":{"allow":["GET"]}}],"collection":[{"href":"https:\/\/www.afs.ch\/fr\/wp-json\/wp\/v2\/pages"}],"about":[{"href":"https:\/\/www.afs.ch\/fr\/wp-json\/wp\/v2\/types\/page"}],"author":[{"embeddable":true,"href":"https:\/\/www.afs.ch\/fr\/wp-json\/wp\/v2\/users\/1045"}],"replies":[{"embeddable":true,"href":"https:\/\/www.afs.ch\/fr\/wp-json\/wp\/v2\/comments?post=49833"}],"version-history":[{"count":7,"href":"https:\/\/www.afs.ch\/fr\/wp-json\/wp\/v2\/pages\/49833\/revisions"}],"predecessor-version":[{"id":49852,"href":"https:\/\/www.afs.ch\/fr\/wp-json\/wp\/v2\/pages\/49833\/revisions\/49852"}],"wp:attachment":[{"href":"https:\/\/www.afs.ch\/fr\/wp-json\/wp\/v2\/media?parent=49833"}],"curies":[{"name":"wp","href":"https:\/\/api.w.org\/{rel}","templated":true}]}}