{"id":5031,"date":"2016-09-17T21:28:35","date_gmt":"2016-09-17T21:28:35","guid":{"rendered":"http:\/\/switzerland.afssite.afs.org\/fr\/about-afs\/alumni\/"},"modified":"2025-05-22T07:16:43","modified_gmt":"2025-05-22T06:16:43","slug":"anciens-participants","status":"publish","type":"page","link":"https:\/\/www.afs.ch\/fr\/a-propos\/anciens-participants\/","title":{"rendered":"Cher participant AFS"},"content":{"rendered":"<h3 style=\"text-align: center;\">En vue de\u00a0poursuivre sa mission d\u2019\u0153uvrer au rapprochement des cultures et consolider un r\u00e9seau d&rsquo;amiti\u00e9s par del\u00e0 les fronti\u00e8res,<br \/>\nAFS a besoin de TOI.<\/h3>\n<h3 style=\"text-align: center;\">Garde le contact et rejoins la communaut\u00e9 mondiale d&rsquo;AFS! Ci-dessous, diverses options s&rsquo;offrent \u00e0 toi pour\u00a0suivre notre actualit\u00e9 et continuer \u00e0 faire vivre ton exp\u00e9rience interculturelle.<\/h3>\n<h3><\/h3>\n","protected":false},"excerpt":{"rendered":"<p>En vue de\u00a0poursuivre sa mission d\u2019\u0153uvrer au rapprochement des cultures et consolider un r\u00e9seau d&rsquo;amiti\u00e9s par del\u00e0 les fronti\u00e8res, AFS&hellip;<\/p>\n","protected":false},"author":13,"featured_media":0,"parent":5009,"menu_order":1,"comment_status":"closed","ping_status":"closed","template":"","meta":{"footnotes":""},"class_list":["post-5031","page","type-page","status-publish","hentry"],"yoast_head":"<!-- This site is optimized with the Yoast SEO plugin v26.6 - https:\/\/yoast.com\/wordpress\/plugins\/seo\/ -->\n<title>Cher participant AFS - Intercultural Programs<\/title>\n<meta name=\"robots\" content=\"index, follow, max-snippet:-1, max-image-preview:large, max-video-preview:-1\" \/>\n<link rel=\"canonical\" href=\"https:\/\/www.afs.ch\/fr\/a-propos\/anciens-participants\/\" \/>\n<meta property=\"og:locale\" content=\"fr_FR\" \/>\n<meta property=\"og:type\" content=\"article\" \/>\n<meta property=\"og:title\" content=\"Cher participant AFS - Intercultural Programs\" \/>\n<meta property=\"og:description\" content=\"En vue de\u00a0poursuivre sa mission d\u2019\u0153uvrer au rapprochement des cultures et consolider un r\u00e9seau d&rsquo;amiti\u00e9s par del\u00e0 les fronti\u00e8res, AFS&hellip;\" \/>\n<meta property=\"og:url\" content=\"https:\/\/www.afs.ch\/fr\/a-propos\/anciens-participants\/\" \/>\n<meta property=\"og:site_name\" content=\"Intercultural Programs\" \/>\n<meta property=\"article:publisher\" content=\"https:\/\/www.facebook.com\/afsswitzerland\/\" \/>\n<meta property=\"article:modified_time\" content=\"2025-05-22T06:16:43+00:00\" \/>\n<meta name=\"twitter:card\" content=\"summary_large_image\" \/>\n<meta name=\"twitter:site\" content=\"@afs_ch\" \/>\n<meta name=\"twitter:label1\" content=\"Est. reading time\" \/>\n\t<meta name=\"twitter:data1\" content=\"4 minutes\" \/>\n<script type=\"application\/ld+json\" class=\"yoast-schema-graph\">{\"@context\":\"https:\/\/schema.org\",\"@graph\":[{\"@type\":\"WebPage\",\"@id\":\"https:\/\/www.afs.ch\/fr\/a-propos\/anciens-participants\/\",\"url\":\"https:\/\/www.afs.ch\/fr\/a-propos\/anciens-participants\/\",\"name\":\"Cher participant AFS - Intercultural Programs\",\"isPartOf\":{\"@id\":\"https:\/\/www.afs.ch\/fr\/#website\"},\"datePublished\":\"2016-09-17T21:28:35+00:00\",\"dateModified\":\"2025-05-22T06:16:43+00:00\",\"breadcrumb\":{\"@id\":\"https:\/\/www.afs.ch\/fr\/a-propos\/anciens-participants\/#breadcrumb\"},\"inLanguage\":\"fr-FR\",\"potentialAction\":[{\"@type\":\"ReadAction\",\"target\":[\"https:\/\/www.afs.ch\/fr\/a-propos\/anciens-participants\/\"]}]},{\"@type\":\"BreadcrumbList\",\"@id\":\"https:\/\/www.afs.ch\/fr\/a-propos\/anciens-participants\/#breadcrumb\",\"itemListElement\":[{\"@type\":\"ListItem\",\"position\":1,\"name\":\"Home\",\"item\":\"https:\/\/switzerland.afssite.afs.org\/fr\/\"},{\"@type\":\"ListItem\",\"position\":2,\"name\":\"\u00c0 propos d&#8217;AFS\",\"item\":\"https:\/\/switzerland.afssite.afs.org\/fr\/a-propos\/\"},{\"@type\":\"ListItem\",\"position\":3,\"name\":\"Cher participant AFS\"}]},{\"@type\":\"WebSite\",\"@id\":\"https:\/\/www.afs.ch\/fr\/#website\",\"url\":\"https:\/\/www.afs.ch\/fr\/\",\"name\":\"Interkulturelle Programme\",\"description\":\"Switzerland\",\"potentialAction\":[{\"@type\":\"SearchAction\",\"target\":{\"@type\":\"EntryPoint\",\"urlTemplate\":\"https:\/\/www.afs.ch\/fr\/?s={search_term_string}\"},\"query-input\":{\"@type\":\"PropertyValueSpecification\",\"valueRequired\":true,\"valueName\":\"search_term_string\"}}],\"inLanguage\":\"fr-FR\"}]}<\/script>\n<!-- \/ Yoast SEO plugin. -->","yoast_head_json":{"title":"Cher participant AFS - Intercultural Programs","robots":{"index":"index","follow":"follow","max-snippet":"max-snippet:-1","max-image-preview":"max-image-preview:large","max-video-preview":"max-video-preview:-1"},"canonical":"https:\/\/www.afs.ch\/fr\/a-propos\/anciens-participants\/","og_locale":"fr_FR","og_type":"article","og_title":"Cher participant AFS - Intercultural Programs","og_description":"En vue de\u00a0poursuivre sa mission d\u2019\u0153uvrer au rapprochement des cultures et consolider un r\u00e9seau d&rsquo;amiti\u00e9s par del\u00e0 les fronti\u00e8res, AFS&hellip;","og_url":"https:\/\/www.afs.ch\/fr\/a-propos\/anciens-participants\/","og_site_name":"Intercultural Programs","article_publisher":"https:\/\/www.facebook.com\/afsswitzerland\/","article_modified_time":"2025-05-22T06:16:43+00:00","twitter_card":"summary_large_image","twitter_site":"@afs_ch","twitter_misc":{"Est. reading time":"4 minutes"},"schema":{"@context":"https:\/\/schema.org","@graph":[{"@type":"WebPage","@id":"https:\/\/www.afs.ch\/fr\/a-propos\/anciens-participants\/","url":"https:\/\/www.afs.ch\/fr\/a-propos\/anciens-participants\/","name":"Cher participant AFS - Intercultural Programs","isPartOf":{"@id":"https:\/\/www.afs.ch\/fr\/#website"},"datePublished":"2016-09-17T21:28:35+00:00","dateModified":"2025-05-22T06:16:43+00:00","breadcrumb":{"@id":"https:\/\/www.afs.ch\/fr\/a-propos\/anciens-participants\/#breadcrumb"},"inLanguage":"fr-FR","potentialAction":[{"@type":"ReadAction","target":["https:\/\/www.afs.ch\/fr\/a-propos\/anciens-participants\/"]}]},{"@type":"BreadcrumbList","@id":"https:\/\/www.afs.ch\/fr\/a-propos\/anciens-participants\/#breadcrumb","itemListElement":[{"@type":"ListItem","position":1,"name":"Home","item":"https:\/\/switzerland.afssite.afs.org\/fr\/"},{"@type":"ListItem","position":2,"name":"\u00c0 propos d&#8217;AFS","item":"https:\/\/switzerland.afssite.afs.org\/fr\/a-propos\/"},{"@type":"ListItem","position":3,"name":"Cher participant AFS"}]},{"@type":"WebSite","@id":"https:\/\/www.afs.ch\/fr\/#website","url":"https:\/\/www.afs.ch\/fr\/","name":"Interkulturelle Programme","description":"Switzerland","potentialAction":[{"@type":"SearchAction","target":{"@type":"EntryPoint","urlTemplate":"https:\/\/www.afs.ch\/fr\/?s={search_term_string}"},"query-input":{"@type":"PropertyValueSpecification","valueRequired":true,"valueName":"search_term_string"}}],"inLanguage":"fr-FR"}]}},"_links":{"self":[{"href":"https:\/\/www.afs.ch\/fr\/wp-json\/wp\/v2\/pages\/5031","targetHints":{"allow":["GET"]}}],"collection":[{"href":"https:\/\/www.afs.ch\/fr\/wp-json\/wp\/v2\/pages"}],"about":[{"href":"https:\/\/www.afs.ch\/fr\/wp-json\/wp\/v2\/types\/page"}],"author":[{"embeddable":true,"href":"https:\/\/www.afs.ch\/fr\/wp-json\/wp\/v2\/users\/13"}],"replies":[{"embeddable":true,"href":"https:\/\/www.afs.ch\/fr\/wp-json\/wp\/v2\/comments?post=5031"}],"version-history":[{"count":85,"href":"https:\/\/www.afs.ch\/fr\/wp-json\/wp\/v2\/pages\/5031\/revisions"}],"predecessor-version":[{"id":60216,"href":"https:\/\/www.afs.ch\/fr\/wp-json\/wp\/v2\/pages\/5031\/revisions\/60216"}],"up":[{"embeddable":true,"href":"https:\/\/www.afs.ch\/fr\/wp-json\/wp\/v2\/pages\/5009"}],"wp:attachment":[{"href":"https:\/\/www.afs.ch\/fr\/wp-json\/wp\/v2\/media?parent=5031"}],"curies":[{"name":"wp","href":"https:\/\/api.w.org\/{rel}","templated":true}]}}