{"id":51526,"date":"2022-10-24T16:30:53","date_gmt":"2022-10-24T15:30:53","guid":{"rendered":"https:\/\/www.afs.ch\/?page_id=51526"},"modified":"2022-10-26T07:38:06","modified_gmt":"2022-10-26T06:38:06","slug":"heritage","status":"publish","type":"page","link":"https:\/\/www.afs.ch\/fr\/heritage\/","title":{"rendered":"H\u00e9ritage et legs"},"content":{"rendered":"<p>Votre derni\u00e8re volont\u00e9 pourrait, d\u00e8s aujourd\u2019hui, poser des jalons pour l\u2019avenir.<\/p>\n<p>Depuis bient\u00f4t 70 ans, AFS Suisse s\u2019engage en faveur d\u2019une meilleure compr\u00e9hension interculturelle et d\u2019un monde plus pacifique. Aidez-nous \u00e0 perp\u00e9tuer cet h\u00e9ritage en incluant AFS avec un h\u00e9ritage ou un legs dans votre testament.<\/p>\n<p>AFS Suisse vous remercie de votre soutien!<\/p>\n<p>&nbsp;<\/p>\n<h2><strong>R\u00e9diger un testament<\/strong><\/h2>\n<p>Il n\u2019est pas compliqu\u00e9 de r\u00e9diger un testament. Cependant, quelques r\u00e8gles doivent \u00eatre respect\u00e9es :<\/p>\n<ul>\n<li>Le testament doit \u00eatre r\u00e9dig\u00e9 \u00e0 la main par vos soins.<\/li>\n<li>Le document doit \u00eatre dat\u00e9. (Indiquer l\u2019ann\u00e9e, le mois et le jour)<\/li>\n<li>Il doit \u00eatre sign\u00e9. (Signature manuscrite)<\/li>\n<\/ul>\n<p>Vous pourriez \u00e9galement, d\u00e8s \u00e0 pr\u00e9sent, nous informer de votre testament.<\/p>\n<p>Nous vous remercions de tout c\u0153ur pour votre soutien!<\/p>\n","protected":false},"excerpt":{"rendered":"<p>Votre derni\u00e8re volont\u00e9 pourrait, d\u00e8s aujourd\u2019hui, poser des jalons pour l\u2019avenir. Depuis bient\u00f4t 70 ans, AFS Suisse s\u2019engage en faveur&hellip;<\/p>\n","protected":false},"author":938,"featured_media":0,"parent":0,"menu_order":0,"comment_status":"closed","ping_status":"closed","template":"","meta":{"footnotes":""},"class_list":["post-51526","page","type-page","status-publish","hentry"],"yoast_head":"<!-- This site is optimized with the Yoast SEO plugin v26.6 - https:\/\/yoast.com\/wordpress\/plugins\/seo\/ -->\n<title>H\u00e9ritage et legs - Intercultural Programs<\/title>\n<meta name=\"robots\" content=\"index, follow, max-snippet:-1, max-image-preview:large, max-video-preview:-1\" \/>\n<link rel=\"canonical\" href=\"https:\/\/www.afs.ch\/fr\/heritage\/\" \/>\n<meta property=\"og:locale\" content=\"fr_FR\" \/>\n<meta property=\"og:type\" content=\"article\" \/>\n<meta property=\"og:title\" content=\"H\u00e9ritage et legs - Intercultural Programs\" \/>\n<meta property=\"og:description\" content=\"Votre derni\u00e8re volont\u00e9 pourrait, d\u00e8s aujourd\u2019hui, poser des jalons pour l\u2019avenir. Depuis bient\u00f4t 70 ans, AFS Suisse s\u2019engage en faveur&hellip;\" \/>\n<meta property=\"og:url\" content=\"https:\/\/www.afs.ch\/fr\/heritage\/\" \/>\n<meta property=\"og:site_name\" content=\"Intercultural Programs\" \/>\n<meta property=\"article:publisher\" content=\"https:\/\/www.facebook.com\/afsswitzerland\/\" \/>\n<meta property=\"article:modified_time\" content=\"2022-10-26T06:38:06+00:00\" \/>\n<meta name=\"twitter:card\" content=\"summary_large_image\" \/>\n<meta name=\"twitter:site\" content=\"@afs_ch\" \/>\n<meta name=\"twitter:label1\" content=\"Est. reading time\" \/>\n\t<meta name=\"twitter:data1\" content=\"1 minute\" \/>\n<script type=\"application\/ld+json\" class=\"yoast-schema-graph\">{\"@context\":\"https:\/\/schema.org\",\"@graph\":[{\"@type\":\"WebPage\",\"@id\":\"https:\/\/www.afs.ch\/fr\/heritage\/\",\"url\":\"https:\/\/www.afs.ch\/fr\/heritage\/\",\"name\":\"H\u00e9ritage et legs - Intercultural Programs\",\"isPartOf\":{\"@id\":\"https:\/\/www.afs.ch\/fr\/#website\"},\"datePublished\":\"2022-10-24T15:30:53+00:00\",\"dateModified\":\"2022-10-26T06:38:06+00:00\",\"breadcrumb\":{\"@id\":\"https:\/\/www.afs.ch\/fr\/heritage\/#breadcrumb\"},\"inLanguage\":\"fr-FR\",\"potentialAction\":[{\"@type\":\"ReadAction\",\"target\":[\"https:\/\/www.afs.ch\/fr\/heritage\/\"]}]},{\"@type\":\"BreadcrumbList\",\"@id\":\"https:\/\/www.afs.ch\/fr\/heritage\/#breadcrumb\",\"itemListElement\":[{\"@type\":\"ListItem\",\"position\":1,\"name\":\"Home\",\"item\":\"https:\/\/switzerland.afssite.afs.org\/fr\/\"},{\"@type\":\"ListItem\",\"position\":2,\"name\":\"H\u00e9ritage et legs\"}]},{\"@type\":\"WebSite\",\"@id\":\"https:\/\/www.afs.ch\/fr\/#website\",\"url\":\"https:\/\/www.afs.ch\/fr\/\",\"name\":\"Interkulturelle Programme\",\"description\":\"Switzerland\",\"potentialAction\":[{\"@type\":\"SearchAction\",\"target\":{\"@type\":\"EntryPoint\",\"urlTemplate\":\"https:\/\/www.afs.ch\/fr\/?s={search_term_string}\"},\"query-input\":{\"@type\":\"PropertyValueSpecification\",\"valueRequired\":true,\"valueName\":\"search_term_string\"}}],\"inLanguage\":\"fr-FR\"}]}<\/script>\n<!-- \/ Yoast SEO plugin. -->","yoast_head_json":{"title":"H\u00e9ritage et legs - Intercultural Programs","robots":{"index":"index","follow":"follow","max-snippet":"max-snippet:-1","max-image-preview":"max-image-preview:large","max-video-preview":"max-video-preview:-1"},"canonical":"https:\/\/www.afs.ch\/fr\/heritage\/","og_locale":"fr_FR","og_type":"article","og_title":"H\u00e9ritage et legs - Intercultural Programs","og_description":"Votre derni\u00e8re volont\u00e9 pourrait, d\u00e8s aujourd\u2019hui, poser des jalons pour l\u2019avenir. Depuis bient\u00f4t 70 ans, AFS Suisse s\u2019engage en faveur&hellip;","og_url":"https:\/\/www.afs.ch\/fr\/heritage\/","og_site_name":"Intercultural Programs","article_publisher":"https:\/\/www.facebook.com\/afsswitzerland\/","article_modified_time":"2022-10-26T06:38:06+00:00","twitter_card":"summary_large_image","twitter_site":"@afs_ch","twitter_misc":{"Est. reading time":"1 minute"},"schema":{"@context":"https:\/\/schema.org","@graph":[{"@type":"WebPage","@id":"https:\/\/www.afs.ch\/fr\/heritage\/","url":"https:\/\/www.afs.ch\/fr\/heritage\/","name":"H\u00e9ritage et legs - Intercultural Programs","isPartOf":{"@id":"https:\/\/www.afs.ch\/fr\/#website"},"datePublished":"2022-10-24T15:30:53+00:00","dateModified":"2022-10-26T06:38:06+00:00","breadcrumb":{"@id":"https:\/\/www.afs.ch\/fr\/heritage\/#breadcrumb"},"inLanguage":"fr-FR","potentialAction":[{"@type":"ReadAction","target":["https:\/\/www.afs.ch\/fr\/heritage\/"]}]},{"@type":"BreadcrumbList","@id":"https:\/\/www.afs.ch\/fr\/heritage\/#breadcrumb","itemListElement":[{"@type":"ListItem","position":1,"name":"Home","item":"https:\/\/switzerland.afssite.afs.org\/fr\/"},{"@type":"ListItem","position":2,"name":"H\u00e9ritage et legs"}]},{"@type":"WebSite","@id":"https:\/\/www.afs.ch\/fr\/#website","url":"https:\/\/www.afs.ch\/fr\/","name":"Interkulturelle Programme","description":"Switzerland","potentialAction":[{"@type":"SearchAction","target":{"@type":"EntryPoint","urlTemplate":"https:\/\/www.afs.ch\/fr\/?s={search_term_string}"},"query-input":{"@type":"PropertyValueSpecification","valueRequired":true,"valueName":"search_term_string"}}],"inLanguage":"fr-FR"}]}},"_links":{"self":[{"href":"https:\/\/www.afs.ch\/fr\/wp-json\/wp\/v2\/pages\/51526","targetHints":{"allow":["GET"]}}],"collection":[{"href":"https:\/\/www.afs.ch\/fr\/wp-json\/wp\/v2\/pages"}],"about":[{"href":"https:\/\/www.afs.ch\/fr\/wp-json\/wp\/v2\/types\/page"}],"author":[{"embeddable":true,"href":"https:\/\/www.afs.ch\/fr\/wp-json\/wp\/v2\/users\/938"}],"replies":[{"embeddable":true,"href":"https:\/\/www.afs.ch\/fr\/wp-json\/wp\/v2\/comments?post=51526"}],"version-history":[{"count":5,"href":"https:\/\/www.afs.ch\/fr\/wp-json\/wp\/v2\/pages\/51526\/revisions"}],"predecessor-version":[{"id":51695,"href":"https:\/\/www.afs.ch\/fr\/wp-json\/wp\/v2\/pages\/51526\/revisions\/51695"}],"wp:attachment":[{"href":"https:\/\/www.afs.ch\/fr\/wp-json\/wp\/v2\/media?parent=51526"}],"curies":[{"name":"wp","href":"https:\/\/api.w.org\/{rel}","templated":true}]}}