{"id":6334,"date":"2016-09-07T15:19:43","date_gmt":"2016-09-07T15:19:43","guid":{"rendered":"http:\/\/switzerland.afssite.afs.org\/fr\/study-abroad\/information-for-parents\/"},"modified":"2025-09-02T08:57:00","modified_gmt":"2025-09-02T07:57:00","slug":"foire-aux-questions","status":"publish","type":"page","link":"https:\/\/www.afs.ch\/fr\/programmes-scolaires\/foire-aux-questions\/","title":{"rendered":"Foire aux questions pour les parents"},"content":{"rendered":"<h5 style=\"text-align: left;\">Depuis 1947, AFS offre l&rsquo;opportunit\u00e9 \u00e0\u00a0de nombreux jeunes d&rsquo;apprendre \u00e0 interagir entre les diff\u00e9rentes cultures et d\u2019acqu\u00e9rir des comp\u00e9tences interculturelles indispensables dans le monde d\u2019aujourd\u2019hui. Universit\u00e9s et employeurs \u00e9tant de plus en plus \u00e0 la recherche de jeunes adultes dot\u00e9s d&rsquo;un sens interculturel affut\u00e9, cette ouverture sur le monde se r\u00e9v\u00e9lera \u00eatre un atout majeur pour la suite de leur parcours.<\/h5>\n<p>&nbsp;<\/p>\n","protected":false},"excerpt":{"rendered":"<p>Depuis 1947, AFS offre l&rsquo;opportunit\u00e9 \u00e0\u00a0de nombreux jeunes d&rsquo;apprendre \u00e0 interagir entre les diff\u00e9rentes cultures et d\u2019acqu\u00e9rir des comp\u00e9tences interculturelles&hellip;<\/p>\n","protected":false},"author":1581,"featured_media":1697,"parent":4801,"menu_order":4,"comment_status":"closed","ping_status":"closed","template":"","meta":{"footnotes":""},"class_list":["post-6334","page","type-page","status-publish","has-post-thumbnail","hentry"],"yoast_head":"<!-- This site is optimized with the Yoast SEO plugin v26.6 - https:\/\/yoast.com\/wordpress\/plugins\/seo\/ -->\n<title>Foire aux questions - Intercultural Programs<\/title>\n<meta name=\"description\" content=\"Sp\u00e9cialiste des programmes d&#039;immersion culturelle en Suisse et \u00e0 l&#039;\u00e9tranger, AFS veille \u00e0 ce que votre enfant vive une aventure inoubliable.\" \/>\n<meta name=\"robots\" content=\"index, follow, max-snippet:-1, max-image-preview:large, max-video-preview:-1\" \/>\n<link rel=\"canonical\" href=\"https:\/\/www.afs.ch\/fr\/programmes-scolaires\/foire-aux-questions\/\" \/>\n<meta property=\"og:locale\" content=\"fr_FR\" \/>\n<meta property=\"og:type\" content=\"article\" \/>\n<meta property=\"og:title\" content=\"Foire aux questions - Intercultural Programs\" \/>\n<meta property=\"og:description\" content=\"Sp\u00e9cialiste des programmes d&#039;immersion culturelle en Suisse et \u00e0 l&#039;\u00e9tranger, AFS veille \u00e0 ce que votre enfant vive une aventure inoubliable.\" \/>\n<meta property=\"og:url\" content=\"https:\/\/www.afs.ch\/fr\/programmes-scolaires\/foire-aux-questions\/\" \/>\n<meta property=\"og:site_name\" content=\"Intercultural Programs\" \/>\n<meta property=\"article:publisher\" content=\"https:\/\/www.facebook.com\/afsswitzerland\/\" \/>\n<meta property=\"article:modified_time\" content=\"2025-09-02T07:57:00+00:00\" \/>\n<meta property=\"og:image\" content=\"https:\/\/d22dvihj4pfop3.cloudfront.net\/wp-content\/uploads\/sites\/4\/2016\/08\/28013702\/12194895_1090369007653888_709455794666283992_o-1200x630.jpg\" \/>\n\t<meta property=\"og:image:width\" content=\"1200\" \/>\n\t<meta property=\"og:image:height\" content=\"630\" \/>\n\t<meta property=\"og:image:type\" content=\"image\/jpeg\" \/>\n<meta name=\"twitter:card\" content=\"summary_large_image\" \/>\n<meta name=\"twitter:site\" content=\"@afs_ch\" \/>\n<meta name=\"twitter:label1\" content=\"Est. reading time\" \/>\n\t<meta name=\"twitter:data1\" content=\"9 minutes\" \/>\n<script type=\"application\/ld+json\" class=\"yoast-schema-graph\">{\"@context\":\"https:\/\/schema.org\",\"@graph\":[{\"@type\":\"WebPage\",\"@id\":\"https:\/\/www.afs.ch\/fr\/programmes-scolaires\/foire-aux-questions\/\",\"url\":\"https:\/\/www.afs.ch\/fr\/programmes-scolaires\/foire-aux-questions\/\",\"name\":\"Foire aux questions - Intercultural Programs\",\"isPartOf\":{\"@id\":\"https:\/\/www.afs.ch\/fr\/#website\"},\"primaryImageOfPage\":{\"@id\":\"https:\/\/www.afs.ch\/fr\/programmes-scolaires\/foire-aux-questions\/#primaryimage\"},\"image\":{\"@id\":\"https:\/\/www.afs.ch\/fr\/programmes-scolaires\/foire-aux-questions\/#primaryimage\"},\"thumbnailUrl\":\"https:\/\/d22dvihj4pfop3.cloudfront.net\/wp-content\/uploads\/sites\/4\/2016\/08\/28013702\/12194895_1090369007653888_709455794666283992_o.jpg\",\"datePublished\":\"2016-09-07T15:19:43+00:00\",\"dateModified\":\"2025-09-02T07:57:00+00:00\",\"description\":\"Sp\u00e9cialiste des programmes d'immersion culturelle en Suisse et \u00e0 l'\u00e9tranger, AFS veille \u00e0 ce que votre enfant vive une aventure inoubliable.\",\"breadcrumb\":{\"@id\":\"https:\/\/www.afs.ch\/fr\/programmes-scolaires\/foire-aux-questions\/#breadcrumb\"},\"inLanguage\":\"fr-FR\",\"potentialAction\":[{\"@type\":\"ReadAction\",\"target\":[\"https:\/\/www.afs.ch\/fr\/programmes-scolaires\/foire-aux-questions\/\"]}]},{\"@type\":\"ImageObject\",\"inLanguage\":\"fr-FR\",\"@id\":\"https:\/\/www.afs.ch\/fr\/programmes-scolaires\/foire-aux-questions\/#primaryimage\",\"url\":\"https:\/\/d22dvihj4pfop3.cloudfront.net\/wp-content\/uploads\/sites\/4\/2016\/08\/28013702\/12194895_1090369007653888_709455794666283992_o.jpg\",\"contentUrl\":\"https:\/\/d22dvihj4pfop3.cloudfront.net\/wp-content\/uploads\/sites\/4\/2016\/08\/28013702\/12194895_1090369007653888_709455794666283992_o.jpg\",\"width\":2048,\"height\":1365},{\"@type\":\"BreadcrumbList\",\"@id\":\"https:\/\/www.afs.ch\/fr\/programmes-scolaires\/foire-aux-questions\/#breadcrumb\",\"itemListElement\":[{\"@type\":\"ListItem\",\"position\":1,\"name\":\"Home\",\"item\":\"https:\/\/switzerland.afssite.afs.org\/fr\/\"},{\"@type\":\"ListItem\",\"position\":2,\"name\":\"Programmes scolaires pour adolescents\",\"item\":\"https:\/\/switzerland.afssite.afs.org\/fr\/programmes-scolaires\/\"},{\"@type\":\"ListItem\",\"position\":3,\"name\":\"Foire aux questions pour les parents\"}]},{\"@type\":\"WebSite\",\"@id\":\"https:\/\/www.afs.ch\/fr\/#website\",\"url\":\"https:\/\/www.afs.ch\/fr\/\",\"name\":\"Interkulturelle Programme\",\"description\":\"Switzerland\",\"potentialAction\":[{\"@type\":\"SearchAction\",\"target\":{\"@type\":\"EntryPoint\",\"urlTemplate\":\"https:\/\/www.afs.ch\/fr\/?s={search_term_string}\"},\"query-input\":{\"@type\":\"PropertyValueSpecification\",\"valueRequired\":true,\"valueName\":\"search_term_string\"}}],\"inLanguage\":\"fr-FR\"}]}<\/script>\n<!-- \/ Yoast SEO plugin. -->","yoast_head_json":{"title":"Foire aux questions - Intercultural Programs","description":"Sp\u00e9cialiste des programmes d'immersion culturelle en Suisse et \u00e0 l'\u00e9tranger, AFS veille \u00e0 ce que votre enfant vive une aventure inoubliable.","robots":{"index":"index","follow":"follow","max-snippet":"max-snippet:-1","max-image-preview":"max-image-preview:large","max-video-preview":"max-video-preview:-1"},"canonical":"https:\/\/www.afs.ch\/fr\/programmes-scolaires\/foire-aux-questions\/","og_locale":"fr_FR","og_type":"article","og_title":"Foire aux questions - Intercultural Programs","og_description":"Sp\u00e9cialiste des programmes d'immersion culturelle en Suisse et \u00e0 l'\u00e9tranger, AFS veille \u00e0 ce que votre enfant vive une aventure inoubliable.","og_url":"https:\/\/www.afs.ch\/fr\/programmes-scolaires\/foire-aux-questions\/","og_site_name":"Intercultural Programs","article_publisher":"https:\/\/www.facebook.com\/afsswitzerland\/","article_modified_time":"2025-09-02T07:57:00+00:00","og_image":[{"width":1200,"height":630,"url":"https:\/\/d22dvihj4pfop3.cloudfront.net\/wp-content\/uploads\/sites\/4\/2016\/08\/28013702\/12194895_1090369007653888_709455794666283992_o-1200x630.jpg","type":"image\/jpeg"}],"twitter_card":"summary_large_image","twitter_site":"@afs_ch","twitter_misc":{"Est. reading time":"9 minutes"},"schema":{"@context":"https:\/\/schema.org","@graph":[{"@type":"WebPage","@id":"https:\/\/www.afs.ch\/fr\/programmes-scolaires\/foire-aux-questions\/","url":"https:\/\/www.afs.ch\/fr\/programmes-scolaires\/foire-aux-questions\/","name":"Foire aux questions - Intercultural Programs","isPartOf":{"@id":"https:\/\/www.afs.ch\/fr\/#website"},"primaryImageOfPage":{"@id":"https:\/\/www.afs.ch\/fr\/programmes-scolaires\/foire-aux-questions\/#primaryimage"},"image":{"@id":"https:\/\/www.afs.ch\/fr\/programmes-scolaires\/foire-aux-questions\/#primaryimage"},"thumbnailUrl":"https:\/\/d22dvihj4pfop3.cloudfront.net\/wp-content\/uploads\/sites\/4\/2016\/08\/28013702\/12194895_1090369007653888_709455794666283992_o.jpg","datePublished":"2016-09-07T15:19:43+00:00","dateModified":"2025-09-02T07:57:00+00:00","description":"Sp\u00e9cialiste des programmes d'immersion culturelle en Suisse et \u00e0 l'\u00e9tranger, AFS veille \u00e0 ce que votre enfant vive une aventure inoubliable.","breadcrumb":{"@id":"https:\/\/www.afs.ch\/fr\/programmes-scolaires\/foire-aux-questions\/#breadcrumb"},"inLanguage":"fr-FR","potentialAction":[{"@type":"ReadAction","target":["https:\/\/www.afs.ch\/fr\/programmes-scolaires\/foire-aux-questions\/"]}]},{"@type":"ImageObject","inLanguage":"fr-FR","@id":"https:\/\/www.afs.ch\/fr\/programmes-scolaires\/foire-aux-questions\/#primaryimage","url":"https:\/\/d22dvihj4pfop3.cloudfront.net\/wp-content\/uploads\/sites\/4\/2016\/08\/28013702\/12194895_1090369007653888_709455794666283992_o.jpg","contentUrl":"https:\/\/d22dvihj4pfop3.cloudfront.net\/wp-content\/uploads\/sites\/4\/2016\/08\/28013702\/12194895_1090369007653888_709455794666283992_o.jpg","width":2048,"height":1365},{"@type":"BreadcrumbList","@id":"https:\/\/www.afs.ch\/fr\/programmes-scolaires\/foire-aux-questions\/#breadcrumb","itemListElement":[{"@type":"ListItem","position":1,"name":"Home","item":"https:\/\/switzerland.afssite.afs.org\/fr\/"},{"@type":"ListItem","position":2,"name":"Programmes scolaires pour adolescents","item":"https:\/\/switzerland.afssite.afs.org\/fr\/programmes-scolaires\/"},{"@type":"ListItem","position":3,"name":"Foire aux questions pour les parents"}]},{"@type":"WebSite","@id":"https:\/\/www.afs.ch\/fr\/#website","url":"https:\/\/www.afs.ch\/fr\/","name":"Interkulturelle Programme","description":"Switzerland","potentialAction":[{"@type":"SearchAction","target":{"@type":"EntryPoint","urlTemplate":"https:\/\/www.afs.ch\/fr\/?s={search_term_string}"},"query-input":{"@type":"PropertyValueSpecification","valueRequired":true,"valueName":"search_term_string"}}],"inLanguage":"fr-FR"}]}},"_links":{"self":[{"href":"https:\/\/www.afs.ch\/fr\/wp-json\/wp\/v2\/pages\/6334","targetHints":{"allow":["GET"]}}],"collection":[{"href":"https:\/\/www.afs.ch\/fr\/wp-json\/wp\/v2\/pages"}],"about":[{"href":"https:\/\/www.afs.ch\/fr\/wp-json\/wp\/v2\/types\/page"}],"author":[{"embeddable":true,"href":"https:\/\/www.afs.ch\/fr\/wp-json\/wp\/v2\/users\/1581"}],"replies":[{"embeddable":true,"href":"https:\/\/www.afs.ch\/fr\/wp-json\/wp\/v2\/comments?post=6334"}],"version-history":[{"count":27,"href":"https:\/\/www.afs.ch\/fr\/wp-json\/wp\/v2\/pages\/6334\/revisions"}],"predecessor-version":[{"id":57792,"href":"https:\/\/www.afs.ch\/fr\/wp-json\/wp\/v2\/pages\/6334\/revisions\/57792"}],"up":[{"embeddable":true,"href":"https:\/\/www.afs.ch\/fr\/wp-json\/wp\/v2\/pages\/4801"}],"wp:featuredmedia":[{"embeddable":true,"href":"https:\/\/www.afs.ch\/fr\/wp-json\/wp\/v2\/media\/1697"}],"wp:attachment":[{"href":"https:\/\/www.afs.ch\/fr\/wp-json\/wp\/v2\/media?parent=6334"}],"curies":[{"name":"wp","href":"https:\/\/api.w.org\/{rel}","templated":true}]}}