{"id":27221,"date":"2018-07-31T14:56:03","date_gmt":"2018-07-31T13:56:03","guid":{"rendered":"http:\/\/switzerland.afssite.afs.org\/fr\/?post_type=program&#038;p=27221"},"modified":"2020-08-13T21:13:28","modified_gmt":"2020-08-13T20:13:28","slug":"peace","status":"publish","type":"program","link":"https:\/\/www.afs.ch\/fr\/programs\/peace\/","title":{"rendered":"Trimestre scolaire en Asie &#8211; PEACE"},"featured_media":0,"parent":0,"template":"","meta":{"banner_image":27190,"banner_height":"tall","banner_video":"","color_overlay":"none","title_font":"default","foreground_image":false,"call_to_action_link_source":"page","call_to_action_link":"","call_to_action_text":"","eligibility":"<p>Les participants doivent avoir entre 15 et 17 ans et demi au moment du d\u00e9part. L&rsquo;anglais est la langue d&rsquo;enseignement dans tous les pays et est g\u00e9n\u00e9ralement parl\u00e9 par les familles d&rsquo;accueil. Par cons\u00e9quent, des connaissances de base pourront t&rsquo;\u00eatre d&rsquo;une certaine utilit\u00e9, voir selon le pays, des connaissances plus avanc\u00e9es. Contacte-nous pour toutes tes questions sp\u00e9cifiques \u00e0 un pays, nous nous ferons un plaisir d&rsquo;y r\u00e9pondre!<\/p>\n<p>* Nous nous engageons en faveur des programmes d\u2019\u00e9changes internationaux. Cela signifie pour nous que les parents dont l\u2019enfant est sur le point de partir en immersion avec AFS devraient id\u00e9alement jouer la carte de la r\u00e9ciprocit\u00e9 en devenant dans le m\u00eame temps famille d\u2019accueil. Les prix indiqu\u00e9s ici ont \u00e9t\u00e9 \u00e9tablis sur la base de ce principe de r\u00e9ciprocit\u00e9. S\u2019il ne vous est pas possible d\u2019accueillir un \u00e9tudiant pour une dur\u00e9e de trois mois minimum au sein de votre foyer, les prix sont major\u00e9s de CHF 1\u2019000.-. Ledit montant sera allou\u00e9 \u00e0 l\u2019activit\u00e9 on\u00e9reuse qu\u2019est la recherche de famille d\u2019accueil en Suisse.<\/p>\n","program_group_type":null,"program_highlights":null,"kind_of_program":"afs","program_offering":false,"short_title":"PEACE","program_type":[],"program_subject":null,"program_volunteering_category":null,"program_internship_category":null,"program_internship_details":null,"program_weekly_instructional_hours":null,"program_weekly_working_days":null,"program_social_life":null,"program_minimum_age":null,"program_maximum_age":null,"program_education_requirements":null,"program_language_at_project":null,"program_instruction_language":null,"program_language_at_work":null,"program_language_details":null,"program_soft_skills":null,"program_start_dates":null,"program_addons":null,"program_possible_durations":null,"program_variable_application_deadline":null,"program_seasonal_pricing":null,"program_housing_type":null,"program_meals_included":null,"program_housing_details":null,"program_gallery":null,"program_video_url":null,"program_hosting_goal":null,"program_sender_requirements":null,"program_application_process":null,"program_visa_information":null,"program_related_documents":null,"program_in_country_hosting_consideration":null,"program_distributed_info":null,"program_date_structure":null,"program_included":["airfare","airport_pickup","host_family_placement","housing","meals","school_placement","individual_contact_person","medical_insurance","247_emergency_support","cultural_tours","domestic_transport","school_transport","application_assistance","visa_assistance","predeparture_orientation","orientations_abroad","reentry_orientation","school_materials","continuous_support","years_of_experience"],"program_excluded":["vaccinations","visa_passport_fees","school_uniform"],"sentio_salesforce_id":null,"sentio_application_url":null,"city":"","destination":[4860,4853,5116,5277,5184],"program_age":[286,287],"area_of_interest":[291,828],"top_picks":[],"program_duration":[300]},"program_age":[286,287],"area_of_interest":[291,828],"program_duration":[300],"group_type":[],"house-type":[],"internship-field":[],"languages":[],"meals-included":[],"top_picks":[],"type-of-program":[],"volunteering-field":[],"class_list":["post-27221","program","type-program","status-publish","hentry","program_age-16-fr","program_age-17-fr","area_of_interest-programme-dechange-scolaire","area_of_interest-programme-passerelle","program_duration-3-a-4-mois"],"yoast_head":"<!-- This site is optimized with the Yoast SEO plugin v26.6 - https:\/\/yoast.com\/wordpress\/plugins\/seo\/ -->\n<title>Trimestre scolaire en Asie - PEACE - Intercultural Programs<\/title>\n<meta name=\"robots\" content=\"index, follow, max-snippet:-1, max-image-preview:large, max-video-preview:-1\" \/>\n<link rel=\"canonical\" href=\"https:\/\/www.afs.ch\/fr\/programs\/peace\/\" \/>\n<meta property=\"og:locale\" content=\"fr_FR\" \/>\n<meta property=\"og:type\" content=\"article\" \/>\n<meta property=\"og:title\" content=\"Trimestre scolaire en Asie - PEACE - Intercultural Programs\" \/>\n<meta property=\"og:description\" content=\"Le programme PEACE te donne l&rsquo;occasion de t&rsquo;immerger dans la culture indon\u00e9sienne, indienne, malaisienne, tha\u00eflandaise ou philippine pendant trois mois,&hellip;\" \/>\n<meta property=\"og:url\" content=\"https:\/\/www.afs.ch\/fr\/programs\/peace\/\" \/>\n<meta property=\"og:site_name\" content=\"Intercultural Programs\" \/>\n<meta property=\"article:publisher\" content=\"https:\/\/www.facebook.com\/afsswitzerland\/\" \/>\n<meta property=\"article:modified_time\" content=\"2020-08-13T20:13:28+00:00\" \/>\n<meta name=\"twitter:card\" content=\"summary_large_image\" \/>\n<meta name=\"twitter:site\" content=\"@afs_ch\" \/>\n<meta name=\"twitter:label1\" content=\"Est. reading time\" \/>\n\t<meta name=\"twitter:data1\" content=\"2 minutes\" \/>\n<script type=\"application\/ld+json\" class=\"yoast-schema-graph\">{\"@context\":\"https:\/\/schema.org\",\"@graph\":[{\"@type\":\"WebPage\",\"@id\":\"https:\/\/www.afs.ch\/fr\/programs\/peace\/\",\"url\":\"https:\/\/www.afs.ch\/fr\/programs\/peace\/\",\"name\":\"Trimestre scolaire en Asie - PEACE - Intercultural Programs\",\"isPartOf\":{\"@id\":\"https:\/\/www.afs.ch\/fr\/#website\"},\"datePublished\":\"2018-07-31T13:56:03+00:00\",\"dateModified\":\"2020-08-13T20:13:28+00:00\",\"breadcrumb\":{\"@id\":\"https:\/\/www.afs.ch\/fr\/programs\/peace\/#breadcrumb\"},\"inLanguage\":\"fr-FR\",\"potentialAction\":[{\"@type\":\"ReadAction\",\"target\":[\"https:\/\/www.afs.ch\/fr\/programs\/peace\/\"]}]},{\"@type\":\"BreadcrumbList\",\"@id\":\"https:\/\/www.afs.ch\/fr\/programs\/peace\/#breadcrumb\",\"itemListElement\":[{\"@type\":\"ListItem\",\"position\":1,\"name\":\"Home\",\"item\":\"https:\/\/switzerland.afssite.afs.org\/fr\/\"},{\"@type\":\"ListItem\",\"position\":2,\"name\":\"Trimestre scolaire en Asie &#8211; PEACE\"}]},{\"@type\":\"WebSite\",\"@id\":\"https:\/\/www.afs.ch\/fr\/#website\",\"url\":\"https:\/\/www.afs.ch\/fr\/\",\"name\":\"Interkulturelle Programme\",\"description\":\"Switzerland\",\"potentialAction\":[{\"@type\":\"SearchAction\",\"target\":{\"@type\":\"EntryPoint\",\"urlTemplate\":\"https:\/\/www.afs.ch\/fr\/?s={search_term_string}\"},\"query-input\":{\"@type\":\"PropertyValueSpecification\",\"valueRequired\":true,\"valueName\":\"search_term_string\"}}],\"inLanguage\":\"fr-FR\"}]}<\/script>\n<!-- \/ Yoast SEO plugin. -->","yoast_head_json":{"title":"Trimestre scolaire en Asie - PEACE - Intercultural Programs","robots":{"index":"index","follow":"follow","max-snippet":"max-snippet:-1","max-image-preview":"max-image-preview:large","max-video-preview":"max-video-preview:-1"},"canonical":"https:\/\/www.afs.ch\/fr\/programs\/peace\/","og_locale":"fr_FR","og_type":"article","og_title":"Trimestre scolaire en Asie - PEACE - Intercultural Programs","og_description":"Le programme PEACE te donne l&rsquo;occasion de t&rsquo;immerger dans la culture indon\u00e9sienne, indienne, malaisienne, tha\u00eflandaise ou philippine pendant trois mois,&hellip;","og_url":"https:\/\/www.afs.ch\/fr\/programs\/peace\/","og_site_name":"Intercultural Programs","article_publisher":"https:\/\/www.facebook.com\/afsswitzerland\/","article_modified_time":"2020-08-13T20:13:28+00:00","twitter_card":"summary_large_image","twitter_site":"@afs_ch","twitter_misc":{"Est. reading time":"2 minutes"},"schema":{"@context":"https:\/\/schema.org","@graph":[{"@type":"WebPage","@id":"https:\/\/www.afs.ch\/fr\/programs\/peace\/","url":"https:\/\/www.afs.ch\/fr\/programs\/peace\/","name":"Trimestre scolaire en Asie - PEACE - Intercultural Programs","isPartOf":{"@id":"https:\/\/www.afs.ch\/fr\/#website"},"datePublished":"2018-07-31T13:56:03+00:00","dateModified":"2020-08-13T20:13:28+00:00","breadcrumb":{"@id":"https:\/\/www.afs.ch\/fr\/programs\/peace\/#breadcrumb"},"inLanguage":"fr-FR","potentialAction":[{"@type":"ReadAction","target":["https:\/\/www.afs.ch\/fr\/programs\/peace\/"]}]},{"@type":"BreadcrumbList","@id":"https:\/\/www.afs.ch\/fr\/programs\/peace\/#breadcrumb","itemListElement":[{"@type":"ListItem","position":1,"name":"Home","item":"https:\/\/switzerland.afssite.afs.org\/fr\/"},{"@type":"ListItem","position":2,"name":"Trimestre scolaire en Asie &#8211; PEACE"}]},{"@type":"WebSite","@id":"https:\/\/www.afs.ch\/fr\/#website","url":"https:\/\/www.afs.ch\/fr\/","name":"Interkulturelle Programme","description":"Switzerland","potentialAction":[{"@type":"SearchAction","target":{"@type":"EntryPoint","urlTemplate":"https:\/\/www.afs.ch\/fr\/?s={search_term_string}"},"query-input":{"@type":"PropertyValueSpecification","valueRequired":true,"valueName":"search_term_string"}}],"inLanguage":"fr-FR"}]}},"terms":{"program_age":[{"term_id":286,"name":"16","slug":"16-fr","term_group":0,"term_taxonomy_id":286,"taxonomy":"program_age","description":"","parent":0,"count":188,"filter":"raw","term_order":null},{"term_id":287,"name":"17","slug":"17-fr","term_group":0,"term_taxonomy_id":287,"taxonomy":"program_age","description":"","parent":0,"count":184,"filter":"raw","term_order":null}],"area_of_interest":[{"term_id":291,"name":"\u00c9change scolaire","slug":"programme-dechange-scolaire","term_group":0,"term_taxonomy_id":291,"taxonomy":"area_of_interest","description":"","parent":0,"count":188,"filter":"raw","term_order":"1"},{"term_id":828,"name":"Programme passerelle","slug":"programme-passerelle","term_group":0,"term_taxonomy_id":828,"taxonomy":"area_of_interest","description":"","parent":0,"count":166,"filter":"raw","term_order":"3"}],"program_duration":[{"term_id":300,"name":"3 \u00e0 4 mois","slug":"3-a-4-mois","term_group":0,"term_taxonomy_id":300,"taxonomy":"program_duration","description":"","parent":0,"count":54,"filter":"raw","term_order":"4"}],"type-of-program":[],"top_picks":[]},"p2p":{"program_country":[{"id":4860,"title":"Indon\u00e9sie","slug":"indonesie","content":"<p><span style=\"font-weight: 400;\">L\u2019Indon\u00e9sie est un vaste archipel compos\u00e9 d\u2019une multitude d\u2019\u00eeles qui te fascineront par leur diversit\u00e9. On y trouve aussi bien des volcans encore en activit\u00e9 que des plages calmes, des villes anim\u00e9es, des plantations isol\u00e9es, des gratte-ciel modernes, des temples en ruine\u2026 L\u2019Indon\u00e9sie, c\u2019est aussi un pays o\u00f9 se c\u00f4toient des peuples et des groupes ethniques tr\u00e8s diff\u00e9rents, m\u00eame si la majorit\u00e9 de la population est musulmane. Profite de ton <\/span><b>programme d\u2019\u00e9change en Indon\u00e9sie<\/b><span style=\"font-weight: 400;\"> pour d\u00e9couvrir quelques facettes de ce pays passionnant!<\/span><\/p>\n<p><span style=\"font-weight: 400;\">Les jeunes Indon\u00e9siens appr\u00e9cient de se retrouver en groupe et de faire du sport ensemble. Le football, le badminton et le pencak silat (une forme traditionnelle des arts martiaux) sont particuli\u00e8rement populaires.\u00a0<\/span><\/p>\n<h4 style=\"text-align: left;\"><a class=\"button large\" href=\"https:\/\/www.afs.ch\/fr\/programs\/programmes-scolaires-en-indonesie\/\">Programmes scolaires AFS en Indon\u00e9sie<\/a><\/h4>\n<p><a class=\"button large\" href=\"https:\/\/www.afs.ch\/fr\/programs\/peace\/\">AFS PEACE trimestre en Indon\u00e9sie<\/a><\/p>\n"},{"id":4853,"title":"Inde","slug":"inde","content":"<p><span style=\"font-weight: 400;\">Au pays du Gange et de l\u2019Himalaya, saveurs des \u00e9tals de rue, couleurs des saris et tradition ancestrale du yoga vont rendre ton <\/span><b>programme d\u2019\u00e9change<\/b><span style=\"font-weight: 400;\"> inoubliable. L\u2019Inde est le deuxi\u00e8me pays le plus peupl\u00e9 au monde et compte des dizaines de religions, de langues et de groupes ethniques. L\u2019humilit\u00e9, la non-violence et le respect des a\u00een\u00e9s sont des valeurs essentielles pour les Indiens, qui se consacrent g\u00e9n\u00e9ralement davantage aux besoins du groupe qu\u2019\u00e0 leurs propres besoins. La communication a tendance \u00e0 \u00eatre indirecte; tu entendras, de ce fait, rarement quelqu\u2019un refuser cat\u00e9goriquement une invitation. Regarder et pratiquer un sport, visionner des films, faire du l\u00e8che-vitrine et aller \u00e0 la plage sont des activit\u00e9s que tu seras amen\u00e9 \u00e0 faire avec tes nouveaux amis pendant ton <\/span><b>ann\u00e9e d&rsquo;\u00e9change en Inde<\/b><span style=\"font-weight: 400;\">. \u00c0 noter qu\u2019il est rare que jeunes filles et gar\u00e7ons se fr\u00e9quentent. L\u2019\u00e9cole est en t\u00eate des priorit\u00e9s des adolescents indiens.\u00a0<\/span><\/p>\n<h4 style=\"text-align: left;\"><a class=\"button large\" href=\"https:\/\/www.afs.ch\/fr\/programs\/programmes-scolaires-en-inde\/\">Programmes scolaires AFS en Inde<\/a><\/h4>\n"},{"id":5116,"title":"Malaisie","slug":"malaisie","content":"<p><b>Pars en \u00e9change scolaire en Malaisie<\/b><span style=\"font-weight: 400;\">, pays dans lequel rituels ancestraux et d\u00e9veloppement moderne se marient \u00e0 merveille. Balade-toi au milieu des innombrables gratte-ciel de Kuala Lumpur, fl\u00e2ne dans les petits march\u00e9s d\u2019\u00e9pices, pars \u00e0 la d\u00e9couverte des for\u00eats tropicales et go\u00fbte aux joies des festivals religieux; c\u2019est une terre de diversit\u00e9 qui t\u2019attend. Tu verras pendant ton <\/span><b>programme d&rsquo;\u00e9change en Malaisie <\/b><span style=\"font-weight: 400;\">que les jeunes Malais aiment passer du temps ensemble, que ce soit les uns chez les autres, lors des festivals ou en faisant du sport &#8211; le football et le badminton y sont tr\u00e8s pris\u00e9s!\u00a0<\/span><\/p>\n<h4 style=\"text-align: left;\"><a class=\"button large\" href=\"https:\/\/www.afs.ch\/fr\/programs\/programmes-scolaires-en-malaisie\/\">Programmes scolaires AFS en Malaisie<\/a><\/h4>\n<p><a class=\"button large\" href=\"https:\/\/www.afs.ch\/fr\/programs\/peace\/\">AFS PEACE trimestre en Malaisie<\/a><\/p>\n"},{"id":5184,"title":"Philippines","slug":"philippines","content":"<p><span style=\"font-weight: 400;\">Pars en<\/span><b> programme d\u2019\u00e9change aux<\/b><b> Philippines<\/b><span style=\"font-weight: 400;\">, troisi\u00e8me plus grand pays anglophone au monde. Son histoire combine des influences asiatiques, europ\u00e9ennes et am\u00e9ricaines. De nombreux Philippins c\u00e9l\u00e8brent les festivit\u00e9s traditionnelles connues sous le nom du \u00abbarrio fiestas\u00bb pour comm\u00e9morer le festin de leurs saints patrons.<\/span><\/p>\n<p><span style=\"font-weight: 400;\">Beaucoup de jeunes des Philippines sont inscrits \u00e0 des \u00e9coles de danse et pratiquent des sports, tels que le basketball, le tennis, le badminton, le volleyball et le v\u00e9lo. Ils font souvent parti d\u2019associations de jeunes dans les \u00e9glises et d\u2019organisations communautaires.\u00a0<\/span><\/p>\n<h4 style=\"text-align: left;\"><a class=\"button large\" href=\"https:\/\/www.afs.ch\/fr\/programs\/programmes-scolaires-aux-philippines\/\">Programmes scolaires AFS aux Philippines<\/a><\/h4>\n<p><a class=\"button large\" href=\"https:\/\/www.afs.ch\/fr\/programs\/peace\/\">AFS PEACE trimestre aux Philippines<\/a><\/p>\n"},{"id":5277,"title":"Tha\u00eflande","slug":"thailande","content":"<p><span style=\"font-weight: 400;\">Aux portes de l\u2019Asie du Sud-Est, la Tha\u00eflande et sa nature \u00e0 couper le souffle, ses temples fleuris, sa cuisine savoureuse, ses vestiges d\u2019anciens royaumes, n\u2019attendent que toi! D\u00e9couvre les diverses ficelles d&rsquo;une culture unique en t\u2018essayant \u00e0 la m\u00e9ditation dans un temple bouddhiste ou \u00e0 l&rsquo;artisanat local. Tu verras pendant ton <\/span><b>programme d&rsquo;\u00e9change en Tha\u00eflande<\/b><span style=\"font-weight: 400;\"> que l\u2019\u00e9cole, le sport et la famille tiennent une place importante dans la vie des jeunes Tha\u00eflandais. En g\u00e9n\u00e9ral, leur vie sociale s\u2019organise autour de leur famille, m\u00eame s&rsquo;ils aiment \u00e9galement faire du sport (le badminton et le volleyball y sont tr\u00e8s populaires!), regarder des films ou simplement se retrouver entre amis.\u00a0<\/span><\/p>\n<h4 style=\"text-align: left;\"><a class=\"button large\" href=\"https:\/\/www.afs.ch\/fr\/programs\/programmes-scolaires-en-thailande\/\">Programmes scolaires AFS en Tha\u00eflande<\/a> <a class=\"button large\" href=\"https:\/\/www.afs.ch\/fr\/programs\/peace\/\">AFS PEACE trimestre en Tha\u00eflande<\/a><\/h4>\n<p>&nbsp;<\/p>\n"}]},"_links":{"self":[{"href":"https:\/\/www.afs.ch\/fr\/wp-json\/wp\/v2\/programs\/27221","targetHints":{"allow":["GET"]}}],"collection":[{"href":"https:\/\/www.afs.ch\/fr\/wp-json\/wp\/v2\/programs"}],"about":[{"href":"https:\/\/www.afs.ch\/fr\/wp-json\/wp\/v2\/types\/program"}],"version-history":[{"count":3,"href":"https:\/\/www.afs.ch\/fr\/wp-json\/wp\/v2\/programs\/27221\/revisions"}],"predecessor-version":[{"id":27225,"href":"https:\/\/www.afs.ch\/fr\/wp-json\/wp\/v2\/programs\/27221\/revisions\/27225"}],"wp:attachment":[{"href":"https:\/\/www.afs.ch\/fr\/wp-json\/wp\/v2\/media?parent=27221"}],"wp:term":[{"taxonomy":"program_age","embeddable":true,"href":"https:\/\/www.afs.ch\/fr\/wp-json\/wp\/v2\/program_age?post=27221"},{"taxonomy":"area_of_interest","embeddable":true,"href":"https:\/\/www.afs.ch\/fr\/wp-json\/wp\/v2\/area_of_interest?post=27221"},{"taxonomy":"program_duration","embeddable":true,"href":"https:\/\/www.afs.ch\/fr\/wp-json\/wp\/v2\/program_duration?post=27221"},{"taxonomy":"group_type","embeddable":true,"href":"https:\/\/www.afs.ch\/fr\/wp-json\/wp\/v2\/group_type?post=27221"},{"taxonomy":"house-type","embeddable":true,"href":"https:\/\/www.afs.ch\/fr\/wp-json\/wp\/v2\/house-type?post=27221"},{"taxonomy":"internship-field","embeddable":true,"href":"https:\/\/www.afs.ch\/fr\/wp-json\/wp\/v2\/internship-field?post=27221"},{"taxonomy":"languages","embeddable":true,"href":"https:\/\/www.afs.ch\/fr\/wp-json\/wp\/v2\/languages?post=27221"},{"taxonomy":"meals-included","embeddable":true,"href":"https:\/\/www.afs.ch\/fr\/wp-json\/wp\/v2\/meals-included?post=27221"},{"taxonomy":"top_picks","embeddable":true,"href":"https:\/\/www.afs.ch\/fr\/wp-json\/wp\/v2\/top_picks?post=27221"},{"taxonomy":"type-of-program","embeddable":true,"href":"https:\/\/www.afs.ch\/fr\/wp-json\/wp\/v2\/type-of-program?post=27221"},{"taxonomy":"volunteering-field","embeddable":true,"href":"https:\/\/www.afs.ch\/fr\/wp-json\/wp\/v2\/volunteering-field?post=27221"}],"curies":[{"name":"wp","href":"https:\/\/api.w.org\/{rel}","templated":true}]}}