{"id":54545,"date":"2023-10-04T09:26:32","date_gmt":"2023-10-04T08:26:32","guid":{"rendered":"https:\/\/www.afs.ch\/?post_type=program&#038;p=54545"},"modified":"2023-10-04T09:26:32","modified_gmt":"2023-10-04T08:26:32","slug":"fr-destination-unknown-europa","status":"publish","type":"program","link":"https:\/\/www.afs.ch\/fr\/programs\/fr-destination-unknown-europa\/","title":{"rendered":"Destination Unknown &#8211; Europe"},"featured_media":54548,"parent":0,"template":"","meta":{"banner_image":false,"banner_height":"tall","banner_video":"","color_overlay":"none","title_font":"default","foreground_image":false,"call_to_action_link_source":"page","call_to_action_link":"","call_to_action_text":"","eligibility":"","program_group_type":null,"program_highlights":null,"kind_of_program":"afs","program_offering":[{"program_offering_cost":"CHF 6'400*","program_offering_start_date":"2027-07-18","program_offering_end_date":"2028-06-19","program_offering_date_display_format":"months","program_offering_salesforce_id":"","program_offering_application_url":"","program_offering_application_deadline":"2026-08-31","program_offering_availability":"open","program_more_info":""},{"program_offering_cost":"CHF 4'900*","program_offering_start_date":"2027-07-18","program_offering_end_date":"2027-12-19","program_offering_date_display_format":"months","program_offering_salesforce_id":"","program_offering_application_url":"","program_offering_application_deadline":"2026-08-31","program_offering_availability":"open","program_more_info":""}],"short_title":"Destination Unknown - Europe","program_type":[],"program_subject":null,"program_volunteering_category":null,"program_internship_category":null,"program_internship_details":null,"program_weekly_instructional_hours":null,"program_weekly_working_days":null,"program_social_life":null,"program_minimum_age":null,"program_maximum_age":null,"program_education_requirements":null,"program_language_at_project":null,"program_instruction_language":null,"program_language_at_work":null,"program_language_details":null,"program_soft_skills":null,"program_start_dates":null,"program_addons":null,"program_possible_durations":null,"program_variable_application_deadline":null,"program_seasonal_pricing":null,"program_housing_type":null,"program_meals_included":null,"program_housing_details":null,"program_gallery":null,"program_video_url":null,"program_hosting_goal":null,"program_sender_requirements":null,"program_application_process":null,"program_visa_information":null,"program_related_documents":null,"program_in_country_hosting_consideration":null,"program_distributed_info":null,"program_date_structure":null,"program_included":[],"program_excluded":[],"sentio_salesforce_id":null,"sentio_application_url":null,"city":"","destination":[54512],"program_age":[285,286,287],"area_of_interest":[291],"top_picks":[440,439,437],"program_duration":[301,302]},"program_age":[285,286,287],"area_of_interest":[291],"program_duration":[301,302],"group_type":[],"house-type":[],"internship-field":[],"languages":[],"meals-included":[],"top_picks":[440,439,437],"type-of-program":[],"volunteering-field":[],"class_list":["post-54545","program","type-program","status-publish","has-post-thumbnail","hentry","program_age-15-fr","program_age-16-fr","program_age-17-fr","area_of_interest-programme-dechange-scolaire","program_duration-4-a-8-mois","program_duration-8-mois-et-plus","top_picks-coups-de-coeur","top_picks-destination","top_picks-programme"],"yoast_head":"<!-- This site is optimized with the Yoast SEO plugin v26.6 - https:\/\/yoast.com\/wordpress\/plugins\/seo\/ -->\n<title>Destination Unknown - Europe - Intercultural Programs<\/title>\n<meta name=\"robots\" content=\"index, follow, max-snippet:-1, max-image-preview:large, max-video-preview:-1\" \/>\n<link rel=\"canonical\" href=\"https:\/\/www.afs.ch\/fr\/programs\/fr-destination-unknown-europa\/\" \/>\n<meta property=\"og:locale\" content=\"fr_FR\" \/>\n<meta property=\"og:type\" content=\"article\" \/>\n<meta property=\"og:title\" content=\"Destination Unknown - Europe - Intercultural Programs\" \/>\n<meta property=\"og:description\" content=\"Ose et pars \u00e0 l\u2019aventure avec AFS dans le cadre de \u00ab Destination Unknown \u00bb ! Ce programme de bourses&hellip;\" \/>\n<meta property=\"og:url\" content=\"https:\/\/www.afs.ch\/fr\/programs\/fr-destination-unknown-europa\/\" \/>\n<meta property=\"og:site_name\" content=\"Intercultural Programs\" \/>\n<meta property=\"article:publisher\" content=\"https:\/\/www.facebook.com\/afsswitzerland\/\" \/>\n<meta property=\"og:image\" content=\"https:\/\/d22dvihj4pfop3.cloudfront.net\/wp-content\/uploads\/sites\/71\/2023\/10\/04092225\/iStock-889402216-1-1200x630.jpg\" \/>\n\t<meta property=\"og:image:width\" content=\"1200\" \/>\n\t<meta property=\"og:image:height\" content=\"630\" \/>\n\t<meta property=\"og:image:type\" content=\"image\/jpeg\" \/>\n<meta name=\"twitter:card\" content=\"summary_large_image\" \/>\n<meta name=\"twitter:site\" content=\"@afs_ch\" \/>\n<script type=\"application\/ld+json\" class=\"yoast-schema-graph\">{\"@context\":\"https:\/\/schema.org\",\"@graph\":[{\"@type\":\"WebPage\",\"@id\":\"https:\/\/www.afs.ch\/fr\/programs\/fr-destination-unknown-europa\/\",\"url\":\"https:\/\/www.afs.ch\/fr\/programs\/fr-destination-unknown-europa\/\",\"name\":\"Destination Unknown - Europe - Intercultural Programs\",\"isPartOf\":{\"@id\":\"https:\/\/www.afs.ch\/fr\/#website\"},\"primaryImageOfPage\":{\"@id\":\"https:\/\/www.afs.ch\/fr\/programs\/fr-destination-unknown-europa\/#primaryimage\"},\"image\":{\"@id\":\"https:\/\/www.afs.ch\/fr\/programs\/fr-destination-unknown-europa\/#primaryimage\"},\"thumbnailUrl\":\"https:\/\/d22dvihj4pfop3.cloudfront.net\/wp-content\/uploads\/sites\/71\/2023\/10\/04092225\/iStock-889402216-1.jpg\",\"datePublished\":\"2023-10-04T08:26:32+00:00\",\"breadcrumb\":{\"@id\":\"https:\/\/www.afs.ch\/fr\/programs\/fr-destination-unknown-europa\/#breadcrumb\"},\"inLanguage\":\"fr-FR\",\"potentialAction\":[{\"@type\":\"ReadAction\",\"target\":[\"https:\/\/www.afs.ch\/fr\/programs\/fr-destination-unknown-europa\/\"]}]},{\"@type\":\"ImageObject\",\"inLanguage\":\"fr-FR\",\"@id\":\"https:\/\/www.afs.ch\/fr\/programs\/fr-destination-unknown-europa\/#primaryimage\",\"url\":\"https:\/\/d22dvihj4pfop3.cloudfront.net\/wp-content\/uploads\/sites\/71\/2023\/10\/04092225\/iStock-889402216-1.jpg\",\"contentUrl\":\"https:\/\/d22dvihj4pfop3.cloudfront.net\/wp-content\/uploads\/sites\/71\/2023\/10\/04092225\/iStock-889402216-1.jpg\",\"width\":2048,\"height\":1367,\"caption\":\"Rearview shot of an unrecognizable young woman looking at an arrivals and departures board while standing in an airport\"},{\"@type\":\"BreadcrumbList\",\"@id\":\"https:\/\/www.afs.ch\/fr\/programs\/fr-destination-unknown-europa\/#breadcrumb\",\"itemListElement\":[{\"@type\":\"ListItem\",\"position\":1,\"name\":\"Home\",\"item\":\"https:\/\/switzerland.afssite.afs.org\/fr\/\"},{\"@type\":\"ListItem\",\"position\":2,\"name\":\"Destination Unknown &#8211; Europe\"}]},{\"@type\":\"WebSite\",\"@id\":\"https:\/\/www.afs.ch\/fr\/#website\",\"url\":\"https:\/\/www.afs.ch\/fr\/\",\"name\":\"Interkulturelle Programme\",\"description\":\"Switzerland\",\"potentialAction\":[{\"@type\":\"SearchAction\",\"target\":{\"@type\":\"EntryPoint\",\"urlTemplate\":\"https:\/\/www.afs.ch\/fr\/?s={search_term_string}\"},\"query-input\":{\"@type\":\"PropertyValueSpecification\",\"valueRequired\":true,\"valueName\":\"search_term_string\"}}],\"inLanguage\":\"fr-FR\"}]}<\/script>\n<!-- \/ Yoast SEO plugin. -->","yoast_head_json":{"title":"Destination Unknown - Europe - Intercultural Programs","robots":{"index":"index","follow":"follow","max-snippet":"max-snippet:-1","max-image-preview":"max-image-preview:large","max-video-preview":"max-video-preview:-1"},"canonical":"https:\/\/www.afs.ch\/fr\/programs\/fr-destination-unknown-europa\/","og_locale":"fr_FR","og_type":"article","og_title":"Destination Unknown - Europe - Intercultural Programs","og_description":"Ose et pars \u00e0 l\u2019aventure avec AFS dans le cadre de \u00ab Destination Unknown \u00bb ! Ce programme de bourses&hellip;","og_url":"https:\/\/www.afs.ch\/fr\/programs\/fr-destination-unknown-europa\/","og_site_name":"Intercultural Programs","article_publisher":"https:\/\/www.facebook.com\/afsswitzerland\/","og_image":[{"width":1200,"height":630,"url":"https:\/\/d22dvihj4pfop3.cloudfront.net\/wp-content\/uploads\/sites\/71\/2023\/10\/04092225\/iStock-889402216-1-1200x630.jpg","type":"image\/jpeg"}],"twitter_card":"summary_large_image","twitter_site":"@afs_ch","schema":{"@context":"https:\/\/schema.org","@graph":[{"@type":"WebPage","@id":"https:\/\/www.afs.ch\/fr\/programs\/fr-destination-unknown-europa\/","url":"https:\/\/www.afs.ch\/fr\/programs\/fr-destination-unknown-europa\/","name":"Destination Unknown - Europe - Intercultural Programs","isPartOf":{"@id":"https:\/\/www.afs.ch\/fr\/#website"},"primaryImageOfPage":{"@id":"https:\/\/www.afs.ch\/fr\/programs\/fr-destination-unknown-europa\/#primaryimage"},"image":{"@id":"https:\/\/www.afs.ch\/fr\/programs\/fr-destination-unknown-europa\/#primaryimage"},"thumbnailUrl":"https:\/\/d22dvihj4pfop3.cloudfront.net\/wp-content\/uploads\/sites\/71\/2023\/10\/04092225\/iStock-889402216-1.jpg","datePublished":"2023-10-04T08:26:32+00:00","breadcrumb":{"@id":"https:\/\/www.afs.ch\/fr\/programs\/fr-destination-unknown-europa\/#breadcrumb"},"inLanguage":"fr-FR","potentialAction":[{"@type":"ReadAction","target":["https:\/\/www.afs.ch\/fr\/programs\/fr-destination-unknown-europa\/"]}]},{"@type":"ImageObject","inLanguage":"fr-FR","@id":"https:\/\/www.afs.ch\/fr\/programs\/fr-destination-unknown-europa\/#primaryimage","url":"https:\/\/d22dvihj4pfop3.cloudfront.net\/wp-content\/uploads\/sites\/71\/2023\/10\/04092225\/iStock-889402216-1.jpg","contentUrl":"https:\/\/d22dvihj4pfop3.cloudfront.net\/wp-content\/uploads\/sites\/71\/2023\/10\/04092225\/iStock-889402216-1.jpg","width":2048,"height":1367,"caption":"Rearview shot of an unrecognizable young woman looking at an arrivals and departures board while standing in an airport"},{"@type":"BreadcrumbList","@id":"https:\/\/www.afs.ch\/fr\/programs\/fr-destination-unknown-europa\/#breadcrumb","itemListElement":[{"@type":"ListItem","position":1,"name":"Home","item":"https:\/\/switzerland.afssite.afs.org\/fr\/"},{"@type":"ListItem","position":2,"name":"Destination Unknown &#8211; Europe"}]},{"@type":"WebSite","@id":"https:\/\/www.afs.ch\/fr\/#website","url":"https:\/\/www.afs.ch\/fr\/","name":"Interkulturelle Programme","description":"Switzerland","potentialAction":[{"@type":"SearchAction","target":{"@type":"EntryPoint","urlTemplate":"https:\/\/www.afs.ch\/fr\/?s={search_term_string}"},"query-input":{"@type":"PropertyValueSpecification","valueRequired":true,"valueName":"search_term_string"}}],"inLanguage":"fr-FR"}]}},"terms":{"program_age":[{"term_id":285,"name":"15","slug":"15-fr","term_group":0,"term_taxonomy_id":285,"taxonomy":"program_age","description":"","parent":0,"count":146,"filter":"raw","term_order":null},{"term_id":286,"name":"16","slug":"16-fr","term_group":0,"term_taxonomy_id":286,"taxonomy":"program_age","description":"","parent":0,"count":188,"filter":"raw","term_order":null},{"term_id":287,"name":"17","slug":"17-fr","term_group":0,"term_taxonomy_id":287,"taxonomy":"program_age","description":"","parent":0,"count":184,"filter":"raw","term_order":null}],"area_of_interest":[{"term_id":291,"name":"\u00c9change scolaire","slug":"programme-dechange-scolaire","term_group":0,"term_taxonomy_id":291,"taxonomy":"area_of_interest","description":"","parent":0,"count":188,"filter":"raw","term_order":"1"}],"program_duration":[{"term_id":301,"name":"4 \u00e0 8 mois","slug":"4-a-8-mois","term_group":0,"term_taxonomy_id":301,"taxonomy":"program_duration","description":"","parent":0,"count":88,"filter":"raw","term_order":"5"},{"term_id":302,"name":"8 mois et plus","slug":"8-mois-et-plus","term_group":0,"term_taxonomy_id":302,"taxonomy":"program_duration","description":"","parent":0,"count":107,"filter":"raw","term_order":"6"}],"type-of-program":[],"top_picks":[{"term_id":440,"name":"Coups de c\u0153ur","slug":"coups-de-coeur","term_group":0,"term_taxonomy_id":440,"taxonomy":"top_picks","description":"","parent":0,"count":7,"filter":"raw","term_order":null},{"term_id":439,"name":"Destination","slug":"destination","term_group":0,"term_taxonomy_id":439,"taxonomy":"top_picks","description":"","parent":0,"count":3,"filter":"raw","term_order":null},{"term_id":437,"name":"Programme","slug":"programme","term_group":0,"term_taxonomy_id":437,"taxonomy":"top_picks","description":"","parent":0,"count":3,"filter":"raw","term_order":null}]},"p2p":{"program_country":[{"id":54512,"title":"Destination Unknown","slug":"destination-unknown","content":"<p>Ose et pars \u00e0 l&rsquo;aventure avec AFS dans le cadre de \u00ab\u00a0Destination Unknown\u00a0\u00bb ! Ce programme de bourses t&rsquo;offre une occasion unique de tester ton ouverture d&rsquo;esprit, ta r\u00e9ceptivit\u00e9 et ton go\u00fbt pour l&rsquo;aventure. Tu suivras le m\u00eame parcours (de pr\u00e9paration) que toute autre personne participant \u00e0 AFS, \u00e0 la diff\u00e9rence que tu ne sauras que quelque temps avant ton d\u00e9part o\u00f9 tu iras ! Bien s\u00fbr, nous maintenons le suspense pour toi ! Apr\u00e8s ton inscription, tu recevras plusieurs indices sur ton pays de destination. Le devineras-tu avant que nous ne d\u00e9voilions le secret trois ou quatre mois avant ton d\u00e9part ?<\/p>\n<p>Tu choisis un semestre ou une ann\u00e9e compl\u00e8te. Le prix est alors moins \u00e9lev\u00e9 que pour les autres programmes.<\/p>\n<p>Courage : avant toi, plusieurs jeunes ont d\u00e9j\u00e0 fait le saut vers \u00ab\u00a0Destination Unknown\u00a0\u00bb avec d&rsquo;autres pays partenaires AFS. Cela leur a permis de vivre des exp\u00e9riences inoubliables auxquelles peu de personnes s&rsquo;attendaient.<\/p>\n<p><strong>Le programme d\u00e9butera en \u00e9t\u00e9 2024.<\/strong><br \/>\n<strong>D\u00e9lai de candidature : Fin novembre 2023 pour un d\u00e9part en \u00e9t\u00e9 2024.<\/strong><\/p>\n<p>Inscris-toi d\u00e8s maintenant ou laisse-toi conseiller par nos soins.<\/p>\n"}]},"_links":{"self":[{"href":"https:\/\/www.afs.ch\/fr\/wp-json\/wp\/v2\/programs\/54545","targetHints":{"allow":["GET"]}}],"collection":[{"href":"https:\/\/www.afs.ch\/fr\/wp-json\/wp\/v2\/programs"}],"about":[{"href":"https:\/\/www.afs.ch\/fr\/wp-json\/wp\/v2\/types\/program"}],"version-history":[{"count":4,"href":"https:\/\/www.afs.ch\/fr\/wp-json\/wp\/v2\/programs\/54545\/revisions"}],"predecessor-version":[{"id":54551,"href":"https:\/\/www.afs.ch\/fr\/wp-json\/wp\/v2\/programs\/54545\/revisions\/54551"}],"wp:featuredmedia":[{"embeddable":true,"href":"https:\/\/www.afs.ch\/fr\/wp-json\/wp\/v2\/media\/54548"}],"wp:attachment":[{"href":"https:\/\/www.afs.ch\/fr\/wp-json\/wp\/v2\/media?parent=54545"}],"wp:term":[{"taxonomy":"program_age","embeddable":true,"href":"https:\/\/www.afs.ch\/fr\/wp-json\/wp\/v2\/program_age?post=54545"},{"taxonomy":"area_of_interest","embeddable":true,"href":"https:\/\/www.afs.ch\/fr\/wp-json\/wp\/v2\/area_of_interest?post=54545"},{"taxonomy":"program_duration","embeddable":true,"href":"https:\/\/www.afs.ch\/fr\/wp-json\/wp\/v2\/program_duration?post=54545"},{"taxonomy":"group_type","embeddable":true,"href":"https:\/\/www.afs.ch\/fr\/wp-json\/wp\/v2\/group_type?post=54545"},{"taxonomy":"house-type","embeddable":true,"href":"https:\/\/www.afs.ch\/fr\/wp-json\/wp\/v2\/house-type?post=54545"},{"taxonomy":"internship-field","embeddable":true,"href":"https:\/\/www.afs.ch\/fr\/wp-json\/wp\/v2\/internship-field?post=54545"},{"taxonomy":"languages","embeddable":true,"href":"https:\/\/www.afs.ch\/fr\/wp-json\/wp\/v2\/languages?post=54545"},{"taxonomy":"meals-included","embeddable":true,"href":"https:\/\/www.afs.ch\/fr\/wp-json\/wp\/v2\/meals-included?post=54545"},{"taxonomy":"top_picks","embeddable":true,"href":"https:\/\/www.afs.ch\/fr\/wp-json\/wp\/v2\/top_picks?post=54545"},{"taxonomy":"type-of-program","embeddable":true,"href":"https:\/\/www.afs.ch\/fr\/wp-json\/wp\/v2\/type-of-program?post=54545"},{"taxonomy":"volunteering-field","embeddable":true,"href":"https:\/\/www.afs.ch\/fr\/wp-json\/wp\/v2\/volunteering-field?post=54545"}],"curies":[{"name":"wp","href":"https:\/\/api.w.org\/{rel}","templated":true}]}}