{"id":9314,"date":"2017-05-30T10:20:39","date_gmt":"2017-05-30T09:20:39","guid":{"rendered":"http:\/\/switzerland.afssite.afs.org\/fr\/?post_type=program&#038;p=9314"},"modified":"2024-07-09T13:08:41","modified_gmt":"2024-07-09T12:08:41","slug":"programmes-scolaires-en-equateur","status":"publish","type":"program","link":"https:\/\/www.afs.ch\/fr\/programs\/programmes-scolaires-en-equateur\/","title":{"rendered":"Programmes scolaires en Equateur"},"featured_media":0,"parent":0,"template":"","meta":{"banner_image":2314,"banner_height":"tall","banner_video":"","color_overlay":"none","title_font":"default","foreground_image":false,"call_to_action_link_source":"page","call_to_action_link":"","call_to_action_text":"","eligibility":"","program_group_type":null,"program_highlights":null,"kind_of_program":"afs","program_offering":false,"short_title":"","program_type":[],"program_subject":null,"program_volunteering_category":null,"program_internship_category":null,"program_internship_details":null,"program_weekly_instructional_hours":null,"program_weekly_working_days":null,"program_social_life":null,"program_minimum_age":null,"program_maximum_age":null,"program_education_requirements":null,"program_language_at_project":null,"program_instruction_language":null,"program_language_at_work":null,"program_language_details":null,"program_soft_skills":null,"program_start_dates":null,"program_addons":null,"program_possible_durations":null,"program_variable_application_deadline":null,"program_seasonal_pricing":null,"program_housing_type":null,"program_meals_included":null,"program_housing_details":null,"program_gallery":null,"program_video_url":null,"program_hosting_goal":null,"program_sender_requirements":null,"program_application_process":null,"program_visa_information":null,"program_related_documents":null,"program_in_country_hosting_consideration":null,"program_distributed_info":null,"program_date_structure":null,"program_included":["airport_pickup","host_family_placement","housing","meals","school_placement","individual_contact_person","medical_insurance","247_emergency_support","cultural_tours","domestic_transport","school_transport","application_assistance","visa_assistance","predeparture_orientation","orientations_abroad","reentry_orientation","school_materials","continuous_support","years_of_experience"],"program_excluded":["vaccinations","visa_passport_fees","school_uniform"],"sentio_salesforce_id":null,"sentio_application_url":null,"city":"","destination":[4672],"program_age":[285,286,287,288],"area_of_interest":[291],"top_picks":[],"program_duration":[301,302]},"program_age":[285,286,287,288],"area_of_interest":[291],"program_duration":[301,302],"group_type":[],"house-type":[],"internship-field":[],"languages":[],"meals-included":[],"top_picks":[],"type-of-program":[],"volunteering-field":[],"class_list":["post-9314","program","type-program","status-publish","hentry","program_age-15-fr","program_age-16-fr","program_age-17-fr","program_age-18-2-fr","area_of_interest-programme-dechange-scolaire","program_duration-4-a-8-mois","program_duration-8-mois-et-plus"],"yoast_head":"<!-- This site is optimized with the Yoast SEO plugin v26.6 - https:\/\/yoast.com\/wordpress\/plugins\/seo\/ -->\n<title>Programmes: Notre \u00e9change scolaire en Equateur<\/title>\n<meta name=\"description\" content=\"Nous sommes votre partenaire pour un \u00e9change scolaire en Equateur. Contactez-nous pour un conseil gratuit!\" \/>\n<meta name=\"robots\" content=\"index, follow, max-snippet:-1, max-image-preview:large, max-video-preview:-1\" \/>\n<link rel=\"canonical\" href=\"https:\/\/www.afs.ch\/fr\/programs\/programmes-scolaires-en-equateur\/\" \/>\n<meta property=\"og:locale\" content=\"fr_FR\" \/>\n<meta property=\"og:type\" content=\"article\" \/>\n<meta property=\"og:title\" content=\"Programmes: Notre \u00e9change scolaire en Equateur\" \/>\n<meta property=\"og:description\" content=\"Nous sommes votre partenaire pour un \u00e9change scolaire en Equateur. Contactez-nous pour un conseil gratuit!\" \/>\n<meta property=\"og:url\" content=\"https:\/\/www.afs.ch\/fr\/programs\/programmes-scolaires-en-equateur\/\" \/>\n<meta property=\"og:site_name\" content=\"Intercultural Programs\" \/>\n<meta property=\"article:publisher\" content=\"https:\/\/www.facebook.com\/afsswitzerland\/\" \/>\n<meta property=\"article:modified_time\" content=\"2024-07-09T12:08:41+00:00\" \/>\n<meta name=\"twitter:card\" content=\"summary_large_image\" \/>\n<meta name=\"twitter:site\" content=\"@afs_ch\" \/>\n<script type=\"application\/ld+json\" class=\"yoast-schema-graph\">{\"@context\":\"https:\/\/schema.org\",\"@graph\":[{\"@type\":\"WebPage\",\"@id\":\"https:\/\/www.afs.ch\/fr\/programs\/programmes-scolaires-en-equateur\/\",\"url\":\"https:\/\/www.afs.ch\/fr\/programs\/programmes-scolaires-en-equateur\/\",\"name\":\"Programmes: Notre \u00e9change scolaire en Equateur\",\"isPartOf\":{\"@id\":\"https:\/\/www.afs.ch\/fr\/#website\"},\"datePublished\":\"2017-05-30T09:20:39+00:00\",\"dateModified\":\"2024-07-09T12:08:41+00:00\",\"description\":\"Nous sommes votre partenaire pour un \u00e9change scolaire en Equateur. Contactez-nous pour un conseil gratuit!\",\"breadcrumb\":{\"@id\":\"https:\/\/www.afs.ch\/fr\/programs\/programmes-scolaires-en-equateur\/#breadcrumb\"},\"inLanguage\":\"fr-FR\",\"potentialAction\":[{\"@type\":\"ReadAction\",\"target\":[\"https:\/\/www.afs.ch\/fr\/programs\/programmes-scolaires-en-equateur\/\"]}]},{\"@type\":\"BreadcrumbList\",\"@id\":\"https:\/\/www.afs.ch\/fr\/programs\/programmes-scolaires-en-equateur\/#breadcrumb\",\"itemListElement\":[{\"@type\":\"ListItem\",\"position\":1,\"name\":\"Home\",\"item\":\"https:\/\/switzerland.afssite.afs.org\/fr\/\"},{\"@type\":\"ListItem\",\"position\":2,\"name\":\"Programmes scolaires en Equateur\"}]},{\"@type\":\"WebSite\",\"@id\":\"https:\/\/www.afs.ch\/fr\/#website\",\"url\":\"https:\/\/www.afs.ch\/fr\/\",\"name\":\"Interkulturelle Programme\",\"description\":\"Switzerland\",\"potentialAction\":[{\"@type\":\"SearchAction\",\"target\":{\"@type\":\"EntryPoint\",\"urlTemplate\":\"https:\/\/www.afs.ch\/fr\/?s={search_term_string}\"},\"query-input\":{\"@type\":\"PropertyValueSpecification\",\"valueRequired\":true,\"valueName\":\"search_term_string\"}}],\"inLanguage\":\"fr-FR\"}]}<\/script>\n<!-- \/ Yoast SEO plugin. -->","yoast_head_json":{"title":"Programmes: Notre \u00e9change scolaire en Equateur","description":"Nous sommes votre partenaire pour un \u00e9change scolaire en Equateur. Contactez-nous pour un conseil gratuit!","robots":{"index":"index","follow":"follow","max-snippet":"max-snippet:-1","max-image-preview":"max-image-preview:large","max-video-preview":"max-video-preview:-1"},"canonical":"https:\/\/www.afs.ch\/fr\/programs\/programmes-scolaires-en-equateur\/","og_locale":"fr_FR","og_type":"article","og_title":"Programmes: Notre \u00e9change scolaire en Equateur","og_description":"Nous sommes votre partenaire pour un \u00e9change scolaire en Equateur. Contactez-nous pour un conseil gratuit!","og_url":"https:\/\/www.afs.ch\/fr\/programs\/programmes-scolaires-en-equateur\/","og_site_name":"Intercultural Programs","article_publisher":"https:\/\/www.facebook.com\/afsswitzerland\/","article_modified_time":"2024-07-09T12:08:41+00:00","twitter_card":"summary_large_image","twitter_site":"@afs_ch","schema":{"@context":"https:\/\/schema.org","@graph":[{"@type":"WebPage","@id":"https:\/\/www.afs.ch\/fr\/programs\/programmes-scolaires-en-equateur\/","url":"https:\/\/www.afs.ch\/fr\/programs\/programmes-scolaires-en-equateur\/","name":"Programmes: Notre \u00e9change scolaire en Equateur","isPartOf":{"@id":"https:\/\/www.afs.ch\/fr\/#website"},"datePublished":"2017-05-30T09:20:39+00:00","dateModified":"2024-07-09T12:08:41+00:00","description":"Nous sommes votre partenaire pour un \u00e9change scolaire en Equateur. Contactez-nous pour un conseil gratuit!","breadcrumb":{"@id":"https:\/\/www.afs.ch\/fr\/programs\/programmes-scolaires-en-equateur\/#breadcrumb"},"inLanguage":"fr-FR","potentialAction":[{"@type":"ReadAction","target":["https:\/\/www.afs.ch\/fr\/programs\/programmes-scolaires-en-equateur\/"]}]},{"@type":"BreadcrumbList","@id":"https:\/\/www.afs.ch\/fr\/programs\/programmes-scolaires-en-equateur\/#breadcrumb","itemListElement":[{"@type":"ListItem","position":1,"name":"Home","item":"https:\/\/switzerland.afssite.afs.org\/fr\/"},{"@type":"ListItem","position":2,"name":"Programmes scolaires en Equateur"}]},{"@type":"WebSite","@id":"https:\/\/www.afs.ch\/fr\/#website","url":"https:\/\/www.afs.ch\/fr\/","name":"Interkulturelle Programme","description":"Switzerland","potentialAction":[{"@type":"SearchAction","target":{"@type":"EntryPoint","urlTemplate":"https:\/\/www.afs.ch\/fr\/?s={search_term_string}"},"query-input":{"@type":"PropertyValueSpecification","valueRequired":true,"valueName":"search_term_string"}}],"inLanguage":"fr-FR"}]}},"terms":{"program_age":[{"term_id":285,"name":"15","slug":"15-fr","term_group":0,"term_taxonomy_id":285,"taxonomy":"program_age","description":"","parent":0,"count":146,"filter":"raw","term_order":null},{"term_id":286,"name":"16","slug":"16-fr","term_group":0,"term_taxonomy_id":286,"taxonomy":"program_age","description":"","parent":0,"count":188,"filter":"raw","term_order":null},{"term_id":287,"name":"17","slug":"17-fr","term_group":0,"term_taxonomy_id":287,"taxonomy":"program_age","description":"","parent":0,"count":184,"filter":"raw","term_order":null},{"term_id":288,"name":"18","slug":"18-2-fr","term_group":0,"term_taxonomy_id":288,"taxonomy":"program_age","description":"","parent":0,"count":84,"filter":"raw","term_order":null}],"area_of_interest":[{"term_id":291,"name":"\u00c9change scolaire","slug":"programme-dechange-scolaire","term_group":0,"term_taxonomy_id":291,"taxonomy":"area_of_interest","description":"","parent":0,"count":188,"filter":"raw","term_order":"1"}],"program_duration":[{"term_id":301,"name":"4 \u00e0 8 mois","slug":"4-a-8-mois","term_group":0,"term_taxonomy_id":301,"taxonomy":"program_duration","description":"","parent":0,"count":88,"filter":"raw","term_order":"5"},{"term_id":302,"name":"8 mois et plus","slug":"8-mois-et-plus","term_group":0,"term_taxonomy_id":302,"taxonomy":"program_duration","description":"","parent":0,"count":107,"filter":"raw","term_order":"6"}],"type-of-program":[],"top_picks":[]},"p2p":{"program_country":[{"id":4672,"title":"\u00c9quateur","slug":"equateur","content":"<p><span style=\"font-weight: 400;\">D\u00e9couvre l&rsquo;\u00c9quateur, son architecture coloniale charg\u00e9e d\u2019histoire, ses paysages volcaniques et ses for\u00eats tropicales denses&#8230; une destination fascinante pour partir en <\/span><b>programme d&rsquo;\u00e9change<\/b><span style=\"font-weight: 400;\">! Ses quatre r\u00e9gions \u2013 la cordill\u00e8re, les zones c\u00f4ti\u00e8res, la for\u00eat tropicale et les c\u00e9l\u00e8bres \u00eeles Gal\u00e1pagos \u2013 offrent \u00e9galement de palpitantes explorations. Les \u00c9quatoriens sont en g\u00e9n\u00e9ral tr\u00e8s ouverts et accueillants, mais s&rsquo;expriment et s&rsquo;habillent de mani\u00e8re plut\u00f4t formelle. Les jeunes \u00c9quatoriens aiment passer du temps avec leurs amis: regarder des films, danser, ou encore fl\u00e2ner, font partie de leurs activit\u00e9s favorites.\u00a0<\/span><\/p>\n<p>&nbsp;<\/p>\n<h4 style=\"text-align: left;\"><a class=\"button large\" href=\"https:\/\/www.afs.ch\/fr\/programs\/programmes-scolaires-en-equateur\/\">Programmes scolaires AFS en Equateur<\/a><\/h4>\n"}]},"_links":{"self":[{"href":"https:\/\/www.afs.ch\/fr\/wp-json\/wp\/v2\/programs\/9314","targetHints":{"allow":["GET"]}}],"collection":[{"href":"https:\/\/www.afs.ch\/fr\/wp-json\/wp\/v2\/programs"}],"about":[{"href":"https:\/\/www.afs.ch\/fr\/wp-json\/wp\/v2\/types\/program"}],"version-history":[{"count":12,"href":"https:\/\/www.afs.ch\/fr\/wp-json\/wp\/v2\/programs\/9314\/revisions"}],"predecessor-version":[{"id":57313,"href":"https:\/\/www.afs.ch\/fr\/wp-json\/wp\/v2\/programs\/9314\/revisions\/57313"}],"wp:attachment":[{"href":"https:\/\/www.afs.ch\/fr\/wp-json\/wp\/v2\/media?parent=9314"}],"wp:term":[{"taxonomy":"program_age","embeddable":true,"href":"https:\/\/www.afs.ch\/fr\/wp-json\/wp\/v2\/program_age?post=9314"},{"taxonomy":"area_of_interest","embeddable":true,"href":"https:\/\/www.afs.ch\/fr\/wp-json\/wp\/v2\/area_of_interest?post=9314"},{"taxonomy":"program_duration","embeddable":true,"href":"https:\/\/www.afs.ch\/fr\/wp-json\/wp\/v2\/program_duration?post=9314"},{"taxonomy":"group_type","embeddable":true,"href":"https:\/\/www.afs.ch\/fr\/wp-json\/wp\/v2\/group_type?post=9314"},{"taxonomy":"house-type","embeddable":true,"href":"https:\/\/www.afs.ch\/fr\/wp-json\/wp\/v2\/house-type?post=9314"},{"taxonomy":"internship-field","embeddable":true,"href":"https:\/\/www.afs.ch\/fr\/wp-json\/wp\/v2\/internship-field?post=9314"},{"taxonomy":"languages","embeddable":true,"href":"https:\/\/www.afs.ch\/fr\/wp-json\/wp\/v2\/languages?post=9314"},{"taxonomy":"meals-included","embeddable":true,"href":"https:\/\/www.afs.ch\/fr\/wp-json\/wp\/v2\/meals-included?post=9314"},{"taxonomy":"top_picks","embeddable":true,"href":"https:\/\/www.afs.ch\/fr\/wp-json\/wp\/v2\/top_picks?post=9314"},{"taxonomy":"type-of-program","embeddable":true,"href":"https:\/\/www.afs.ch\/fr\/wp-json\/wp\/v2\/type-of-program?post=9314"},{"taxonomy":"volunteering-field","embeddable":true,"href":"https:\/\/www.afs.ch\/fr\/wp-json\/wp\/v2\/volunteering-field?post=9314"}],"curies":[{"name":"wp","href":"https:\/\/api.w.org\/{rel}","templated":true}]}}