{"id":9433,"date":"2017-05-30T10:40:59","date_gmt":"2017-05-30T09:40:59","guid":{"rendered":"http:\/\/switzerland.afssite.afs.org\/fr\/?post_type=program&#038;p=9433"},"modified":"2024-07-09T13:12:40","modified_gmt":"2024-07-09T12:12:40","slug":"programmes-scolaires-en-norvege","status":"publish","type":"program","link":"https:\/\/www.afs.ch\/fr\/programs\/programmes-scolaires-en-norvege\/","title":{"rendered":"Programmes scolaires en Norv\u00e8ge"},"featured_media":0,"parent":0,"template":"","meta":{"banner_image":8741,"banner_height":"tall","banner_video":"","color_overlay":"none","title_font":"default","foreground_image":false,"call_to_action_link_source":"page","call_to_action_link":"","call_to_action_text":"","eligibility":"","program_group_type":null,"program_highlights":null,"kind_of_program":"afs","program_offering":false,"short_title":"","program_type":[],"program_subject":null,"program_volunteering_category":null,"program_internship_category":null,"program_internship_details":null,"program_weekly_instructional_hours":null,"program_weekly_working_days":null,"program_social_life":null,"program_minimum_age":null,"program_maximum_age":null,"program_education_requirements":null,"program_language_at_project":null,"program_instruction_language":null,"program_language_at_work":null,"program_language_details":null,"program_soft_skills":null,"program_start_dates":null,"program_addons":null,"program_possible_durations":null,"program_variable_application_deadline":null,"program_seasonal_pricing":null,"program_housing_type":null,"program_meals_included":null,"program_housing_details":null,"program_gallery":null,"program_video_url":null,"program_hosting_goal":null,"program_sender_requirements":null,"program_application_process":null,"program_visa_information":null,"program_related_documents":null,"program_in_country_hosting_consideration":null,"program_distributed_info":null,"program_date_structure":null,"program_included":["airport_pickup","host_family_placement","housing","meals","school_placement","individual_contact_person","medical_insurance","247_emergency_support","cultural_tours","domestic_transport","school_transport","application_assistance","visa_assistance","predeparture_orientation","orientations_abroad","reentry_orientation","school_materials","continuous_support","years_of_experience"],"program_excluded":["vaccinations","visa_passport_fees","school_uniform"],"sentio_salesforce_id":null,"sentio_application_url":null,"city":"","destination":[5157],"program_age":[286,287,288],"area_of_interest":[291,828],"top_picks":[],"program_duration":[302]},"program_age":[286,287,288],"area_of_interest":[291,828],"program_duration":[302],"group_type":[],"house-type":[],"internship-field":[],"languages":[],"meals-included":[],"top_picks":[],"type-of-program":[],"volunteering-field":[],"class_list":["post-9433","program","type-program","status-publish","hentry","program_age-16-fr","program_age-17-fr","program_age-18-2-fr","area_of_interest-programme-dechange-scolaire","area_of_interest-programme-passerelle","program_duration-8-mois-et-plus"],"yoast_head":"<!-- This site is optimized with the Yoast SEO plugin v26.6 - https:\/\/yoast.com\/wordpress\/plugins\/seo\/ -->\n<title>Programmes scolaires en Norv\u00e8ge - Intercultural Programs<\/title>\n<meta name=\"robots\" content=\"index, follow, max-snippet:-1, max-image-preview:large, max-video-preview:-1\" \/>\n<link rel=\"canonical\" href=\"https:\/\/www.afs.ch\/fr\/programs\/programmes-scolaires-en-norvege\/\" \/>\n<meta property=\"og:locale\" content=\"fr_FR\" \/>\n<meta property=\"og:type\" content=\"article\" \/>\n<meta property=\"og:title\" content=\"Programmes scolaires en Norv\u00e8ge - Intercultural Programs\" \/>\n<meta property=\"og:description\" content=\"R\u00e9aliser un programme scolaire \u00e0 l\u2019\u00e9tranger, c\u2019est adopter un nouveau mode de vie tout en apprenant la langue de ton&hellip;\" \/>\n<meta property=\"og:url\" content=\"https:\/\/www.afs.ch\/fr\/programs\/programmes-scolaires-en-norvege\/\" \/>\n<meta property=\"og:site_name\" content=\"Intercultural Programs\" \/>\n<meta property=\"article:publisher\" content=\"https:\/\/www.facebook.com\/afsswitzerland\/\" \/>\n<meta property=\"article:modified_time\" content=\"2024-07-09T12:12:40+00:00\" \/>\n<meta name=\"twitter:card\" content=\"summary_large_image\" \/>\n<meta name=\"twitter:site\" content=\"@afs_ch\" \/>\n<script type=\"application\/ld+json\" class=\"yoast-schema-graph\">{\"@context\":\"https:\/\/schema.org\",\"@graph\":[{\"@type\":\"WebPage\",\"@id\":\"https:\/\/www.afs.ch\/fr\/programs\/programmes-scolaires-en-norvege\/\",\"url\":\"https:\/\/www.afs.ch\/fr\/programs\/programmes-scolaires-en-norvege\/\",\"name\":\"Programmes scolaires en Norv\u00e8ge - Intercultural Programs\",\"isPartOf\":{\"@id\":\"https:\/\/www.afs.ch\/fr\/#website\"},\"datePublished\":\"2017-05-30T09:40:59+00:00\",\"dateModified\":\"2024-07-09T12:12:40+00:00\",\"breadcrumb\":{\"@id\":\"https:\/\/www.afs.ch\/fr\/programs\/programmes-scolaires-en-norvege\/#breadcrumb\"},\"inLanguage\":\"fr-FR\",\"potentialAction\":[{\"@type\":\"ReadAction\",\"target\":[\"https:\/\/www.afs.ch\/fr\/programs\/programmes-scolaires-en-norvege\/\"]}]},{\"@type\":\"BreadcrumbList\",\"@id\":\"https:\/\/www.afs.ch\/fr\/programs\/programmes-scolaires-en-norvege\/#breadcrumb\",\"itemListElement\":[{\"@type\":\"ListItem\",\"position\":1,\"name\":\"Home\",\"item\":\"https:\/\/switzerland.afssite.afs.org\/fr\/\"},{\"@type\":\"ListItem\",\"position\":2,\"name\":\"Programmes scolaires en Norv\u00e8ge\"}]},{\"@type\":\"WebSite\",\"@id\":\"https:\/\/www.afs.ch\/fr\/#website\",\"url\":\"https:\/\/www.afs.ch\/fr\/\",\"name\":\"Interkulturelle Programme\",\"description\":\"Switzerland\",\"potentialAction\":[{\"@type\":\"SearchAction\",\"target\":{\"@type\":\"EntryPoint\",\"urlTemplate\":\"https:\/\/www.afs.ch\/fr\/?s={search_term_string}\"},\"query-input\":{\"@type\":\"PropertyValueSpecification\",\"valueRequired\":true,\"valueName\":\"search_term_string\"}}],\"inLanguage\":\"fr-FR\"}]}<\/script>\n<!-- \/ Yoast SEO plugin. -->","yoast_head_json":{"title":"Programmes scolaires en Norv\u00e8ge - Intercultural Programs","robots":{"index":"index","follow":"follow","max-snippet":"max-snippet:-1","max-image-preview":"max-image-preview:large","max-video-preview":"max-video-preview:-1"},"canonical":"https:\/\/www.afs.ch\/fr\/programs\/programmes-scolaires-en-norvege\/","og_locale":"fr_FR","og_type":"article","og_title":"Programmes scolaires en Norv\u00e8ge - Intercultural Programs","og_description":"R\u00e9aliser un programme scolaire \u00e0 l\u2019\u00e9tranger, c\u2019est adopter un nouveau mode de vie tout en apprenant la langue de ton&hellip;","og_url":"https:\/\/www.afs.ch\/fr\/programs\/programmes-scolaires-en-norvege\/","og_site_name":"Intercultural Programs","article_publisher":"https:\/\/www.facebook.com\/afsswitzerland\/","article_modified_time":"2024-07-09T12:12:40+00:00","twitter_card":"summary_large_image","twitter_site":"@afs_ch","schema":{"@context":"https:\/\/schema.org","@graph":[{"@type":"WebPage","@id":"https:\/\/www.afs.ch\/fr\/programs\/programmes-scolaires-en-norvege\/","url":"https:\/\/www.afs.ch\/fr\/programs\/programmes-scolaires-en-norvege\/","name":"Programmes scolaires en Norv\u00e8ge - Intercultural Programs","isPartOf":{"@id":"https:\/\/www.afs.ch\/fr\/#website"},"datePublished":"2017-05-30T09:40:59+00:00","dateModified":"2024-07-09T12:12:40+00:00","breadcrumb":{"@id":"https:\/\/www.afs.ch\/fr\/programs\/programmes-scolaires-en-norvege\/#breadcrumb"},"inLanguage":"fr-FR","potentialAction":[{"@type":"ReadAction","target":["https:\/\/www.afs.ch\/fr\/programs\/programmes-scolaires-en-norvege\/"]}]},{"@type":"BreadcrumbList","@id":"https:\/\/www.afs.ch\/fr\/programs\/programmes-scolaires-en-norvege\/#breadcrumb","itemListElement":[{"@type":"ListItem","position":1,"name":"Home","item":"https:\/\/switzerland.afssite.afs.org\/fr\/"},{"@type":"ListItem","position":2,"name":"Programmes scolaires en Norv\u00e8ge"}]},{"@type":"WebSite","@id":"https:\/\/www.afs.ch\/fr\/#website","url":"https:\/\/www.afs.ch\/fr\/","name":"Interkulturelle Programme","description":"Switzerland","potentialAction":[{"@type":"SearchAction","target":{"@type":"EntryPoint","urlTemplate":"https:\/\/www.afs.ch\/fr\/?s={search_term_string}"},"query-input":{"@type":"PropertyValueSpecification","valueRequired":true,"valueName":"search_term_string"}}],"inLanguage":"fr-FR"}]}},"terms":{"program_age":[{"term_id":286,"name":"16","slug":"16-fr","term_group":0,"term_taxonomy_id":286,"taxonomy":"program_age","description":"","parent":0,"count":188,"filter":"raw","term_order":null},{"term_id":287,"name":"17","slug":"17-fr","term_group":0,"term_taxonomy_id":287,"taxonomy":"program_age","description":"","parent":0,"count":184,"filter":"raw","term_order":null},{"term_id":288,"name":"18","slug":"18-2-fr","term_group":0,"term_taxonomy_id":288,"taxonomy":"program_age","description":"","parent":0,"count":84,"filter":"raw","term_order":null}],"area_of_interest":[{"term_id":291,"name":"\u00c9change scolaire","slug":"programme-dechange-scolaire","term_group":0,"term_taxonomy_id":291,"taxonomy":"area_of_interest","description":"","parent":0,"count":188,"filter":"raw","term_order":"1"},{"term_id":828,"name":"Programme passerelle","slug":"programme-passerelle","term_group":0,"term_taxonomy_id":828,"taxonomy":"area_of_interest","description":"","parent":0,"count":166,"filter":"raw","term_order":"3"}],"program_duration":[{"term_id":302,"name":"8 mois et plus","slug":"8-mois-et-plus","term_group":0,"term_taxonomy_id":302,"taxonomy":"program_duration","description":"","parent":0,"count":107,"filter":"raw","term_order":"6"}],"type-of-program":[],"top_picks":[]},"p2p":{"program_country":[{"id":5157,"title":"Norv\u00e8ge","slug":"norvege","content":"<p><span style=\"font-weight: 400;\">La Norv\u00e8ge est un pays connu pour ses montagnes, ses glaciers, ses fjords et ses aurores bor\u00e9ales, qui te plaira certainement si tu es un adepte de la nature et des sports d\u2019hiver! Profite de ton <\/span><b>programme d\u2019\u00e9change <\/b><span style=\"font-weight: 400;\">pour d\u00e9couvrir des paysages \u00e0 couper le souffle, visiter des \u00ab\u00a0Stavkirke\u00a0\u00bb, ces \u00e9glises en bois anciennes typiquement norv\u00e9giennes, ou encore participer \u00e0 des festivals folkloriques traditionnels. Lors de grandes occasions, tu verras qu\u2019il est de coutume de porter le \u00ab\u00a0bunad\u00a0\u00bb, costume traditionnel norv\u00e9gien dont les motifs varient selon la r\u00e9gion.\u00a0<\/span><\/p>\n<p><span style=\"font-weight: 400;\">Les Norv\u00e9giens aiment \u00eatre consid\u00e9r\u00e9s comme un peuple proche de la nature et passent beaucoup de temps dehors aux beaux jours, que ce soit pour faire de la randonn\u00e9e, des barbecues, ou encore aller \u00e0 la p\u00eache. Les jeunes Norv\u00e9giens font souvent des activit\u00e9s en-dehors de l\u2019\u00e9cole (sport, musique, art, artisanat\u2026) et s\u2019impliquent parfois dans des associations (scouts, Croix rouge\u2026) <\/span><\/p>\n<h4 style=\"text-align: left;\"><a class=\"button large\" href=\"https:\/\/www.afs.ch\/fr\/programs\/programmes-scolaires-en-norvege\/\">Programmes scolaires AFS en Norv\u00e8ge<\/a><\/h4>\n"}]},"_links":{"self":[{"href":"https:\/\/www.afs.ch\/fr\/wp-json\/wp\/v2\/programs\/9433","targetHints":{"allow":["GET"]}}],"collection":[{"href":"https:\/\/www.afs.ch\/fr\/wp-json\/wp\/v2\/programs"}],"about":[{"href":"https:\/\/www.afs.ch\/fr\/wp-json\/wp\/v2\/types\/program"}],"version-history":[{"count":9,"href":"https:\/\/www.afs.ch\/fr\/wp-json\/wp\/v2\/programs\/9433\/revisions"}],"predecessor-version":[{"id":57339,"href":"https:\/\/www.afs.ch\/fr\/wp-json\/wp\/v2\/programs\/9433\/revisions\/57339"}],"wp:attachment":[{"href":"https:\/\/www.afs.ch\/fr\/wp-json\/wp\/v2\/media?parent=9433"}],"wp:term":[{"taxonomy":"program_age","embeddable":true,"href":"https:\/\/www.afs.ch\/fr\/wp-json\/wp\/v2\/program_age?post=9433"},{"taxonomy":"area_of_interest","embeddable":true,"href":"https:\/\/www.afs.ch\/fr\/wp-json\/wp\/v2\/area_of_interest?post=9433"},{"taxonomy":"program_duration","embeddable":true,"href":"https:\/\/www.afs.ch\/fr\/wp-json\/wp\/v2\/program_duration?post=9433"},{"taxonomy":"group_type","embeddable":true,"href":"https:\/\/www.afs.ch\/fr\/wp-json\/wp\/v2\/group_type?post=9433"},{"taxonomy":"house-type","embeddable":true,"href":"https:\/\/www.afs.ch\/fr\/wp-json\/wp\/v2\/house-type?post=9433"},{"taxonomy":"internship-field","embeddable":true,"href":"https:\/\/www.afs.ch\/fr\/wp-json\/wp\/v2\/internship-field?post=9433"},{"taxonomy":"languages","embeddable":true,"href":"https:\/\/www.afs.ch\/fr\/wp-json\/wp\/v2\/languages?post=9433"},{"taxonomy":"meals-included","embeddable":true,"href":"https:\/\/www.afs.ch\/fr\/wp-json\/wp\/v2\/meals-included?post=9433"},{"taxonomy":"top_picks","embeddable":true,"href":"https:\/\/www.afs.ch\/fr\/wp-json\/wp\/v2\/top_picks?post=9433"},{"taxonomy":"type-of-program","embeddable":true,"href":"https:\/\/www.afs.ch\/fr\/wp-json\/wp\/v2\/type-of-program?post=9433"},{"taxonomy":"volunteering-field","embeddable":true,"href":"https:\/\/www.afs.ch\/fr\/wp-json\/wp\/v2\/volunteering-field?post=9433"}],"curies":[{"name":"wp","href":"https:\/\/api.w.org\/{rel}","templated":true}]}}