{"id":9500,"date":"2017-05-30T10:18:38","date_gmt":"2017-05-30T09:18:38","guid":{"rendered":"http:\/\/switzerland.afssite.afs.org\/fr\/?post_type=program&#038;p=9500"},"modified":"2025-12-11T10:55:00","modified_gmt":"2025-12-11T09:55:00","slug":"programmes-scolaires-en-coree-du-sud","status":"publish","type":"program","link":"https:\/\/www.afs.ch\/fr\/programs\/programmes-scolaires-en-coree-du-sud\/","title":{"rendered":"Programmes scolaires en Cor\u00e9e du Sud"},"featured_media":0,"parent":0,"template":"","meta":{"banner_image":2178,"banner_height":"tall","banner_video":"","color_overlay":"none","title_font":"default","foreground_image":false,"call_to_action_link_source":"page","call_to_action_link":"","call_to_action_text":"","eligibility":"<p>Tu es enthousiaste \u00e0 l\u2019id\u00e9e d\u2019apprendre une nouvelle langue, de t\u2019int\u00e9grer dans une nouvelle famille et de participer activement aux cours dans une \u00e9cole locale? Tu as attentivement pris note des diff\u00e9rentes recommandations cit\u00e9es ci-dessous? Alors ce programme est fait pour toi!<\/p>\n<p><strong>Pr\u00e9-requis linguistiques:<\/strong> connaissances de base en anglais.<\/p>\n<p><strong>Sant\u00e9:<\/strong> bonne condition de sant\u00e9 en g\u00e9n\u00e9ral et respect des crit\u00e8res m\u00e9dicaux demand\u00e9s par AFS (vaccins). Certains pays partenaires AFS peuvent refuser l\u2019inscription de toute personne ayant \u00e9t\u00e9 sous traitement psychologique dans les 18 mois pr\u00e9c\u00e9dant le d\u00e9part.<\/p>\n<p><strong>D\u00e9pendance au tabac:<\/strong> tr\u00e8s peu recommand\u00e9e. Certains pays partenaires AFS ne tol\u00e8rent pas la fum\u00e9e avant la majorit\u00e9 l\u00e9gale ou peuvent se trouver en difficult\u00e9 dans la recherche de famille d\u2019accueil.<\/p>\n<p><strong>R\u00e9gime alimentaire:<\/strong> aucune ou peu de restrictions alimentaires recommand\u00e9es. Certains pays partenaires AFS peuvent se trouver en difficult\u00e9 dans la recherche de famille d\u2019accueil.<\/p>\n<p><strong>Affiliation religieuse:<\/strong> ouverture d\u2019esprit et respect des religions. Il se peut que ta famille d\u2019accueil pratique r\u00e9guli\u00e8rement sa religion. Dans ce cas, nous ne te demandons pas de suivre les m\u00eames croyances, mais simplement d\u2019avoir une ouverture d\u2019esprit sur les diff\u00e9rentes religions.<\/p>\n<p><strong>\u00c2ge:<\/strong> 15 ans \u2013 17 ans et 7 mois au d\u00e9but du programme<\/p>\n<p><strong>*<\/strong> Nous nous engageons en faveur des programmes d&rsquo;\u00e9changes internationaux. Cela signifie pour nous que les parents dont l&rsquo;enfant est sur le point de partir en immersion avec AFS devraient id\u00e9alement jouer la carte de la r\u00e9ciprocit\u00e9 en devenant dans le m\u00eame temps famille d&rsquo;accueil. Les prix indiqu\u00e9s ici ont \u00e9t\u00e9 \u00e9tablis sur la base de ce principe de r\u00e9ciprocit\u00e9. S&rsquo;il ne vous est pas possible d&rsquo;accueillir un \u00e9tudiant pour une dur\u00e9e de trois mois minimum au sein de votre foyer, les prix sont major\u00e9s de CHF 1&rsquo;000.-. Ledit montant sera allou\u00e9 \u00e0 l&rsquo;activit\u00e9 on\u00e9reuse qu&rsquo;est la recherche de famille d&rsquo;accueil en Suisse.<\/p>\n<h4 style=\"text-align: left\"><a class=\"button large\" href=\"http:\/\/www.afs.ch\/fr\/countries\/coree-du-sud\/\">En savoir plus sur la Cor\u00e9e du Sud<\/a><\/h4>\n<h4 style=\"text-align: left\"><a class=\"button large\" href=\"https:\/\/www.afs.ch\/fr\/programmes-scolaires\/prix\/\">Calcul du prix<\/a><\/h4>\n","program_group_type":null,"program_highlights":null,"kind_of_program":"afs","program_offering":false,"short_title":"","program_type":[],"program_subject":null,"program_volunteering_category":null,"program_internship_category":null,"program_internship_details":null,"program_weekly_instructional_hours":null,"program_weekly_working_days":null,"program_social_life":null,"program_minimum_age":null,"program_maximum_age":null,"program_education_requirements":null,"program_language_at_project":null,"program_instruction_language":null,"program_language_at_work":null,"program_language_details":null,"program_soft_skills":null,"program_start_dates":null,"program_addons":null,"program_possible_durations":null,"program_variable_application_deadline":null,"program_seasonal_pricing":null,"program_housing_type":null,"program_meals_included":null,"program_housing_details":null,"program_gallery":null,"program_video_url":null,"program_hosting_goal":null,"program_sender_requirements":null,"program_application_process":null,"program_visa_information":null,"program_related_documents":null,"program_in_country_hosting_consideration":null,"program_distributed_info":null,"program_date_structure":null,"program_included":["airfare","airport_pickup","host_family_placement","housing","meals","school_placement","individual_contact_person","medical_insurance","247_emergency_support","cultural_tours","domestic_transport","school_transport","application_assistance","visa_assistance","predeparture_orientation","orientations_abroad","reentry_orientation","school_materials","continuous_support","years_of_experience"],"program_excluded":["vaccinations","visa_passport_fees","school_uniform"],"sentio_salesforce_id":null,"sentio_application_url":null,"city":"","destination":[5253],"program_age":[285,286,287],"area_of_interest":[291,816,828],"top_picks":[],"program_duration":[300]},"program_age":[285,286,287],"area_of_interest":[291,816,828],"program_duration":[300],"group_type":[],"house-type":[],"internship-field":[],"languages":[],"meals-included":[],"top_picks":[],"type-of-program":[],"volunteering-field":[],"class_list":["post-9500","program","type-program","status-publish","hentry","program_age-15-fr","program_age-16-fr","program_age-17-fr","area_of_interest-programme-dechange-scolaire","area_of_interest-programmes-pour-apprentis","area_of_interest-programme-passerelle","program_duration-3-a-4-mois"],"yoast_head":"<!-- This site is optimized with the Yoast SEO plugin v26.6 - https:\/\/yoast.com\/wordpress\/plugins\/seo\/ -->\n<title>Programmes scolaires en Cor\u00e9e du Sud - Intercultural Programs<\/title>\n<meta name=\"robots\" content=\"index, follow, max-snippet:-1, max-image-preview:large, max-video-preview:-1\" \/>\n<link rel=\"canonical\" href=\"https:\/\/www.afs.ch\/fr\/programs\/programmes-scolaires-en-coree-du-sud\/\" \/>\n<meta property=\"og:locale\" content=\"fr_FR\" \/>\n<meta property=\"og:type\" content=\"article\" \/>\n<meta property=\"og:title\" content=\"Programmes scolaires en Cor\u00e9e du Sud - Intercultural Programs\" \/>\n<meta property=\"og:description\" content=\"R\u00e9aliser un programme scolaire \u00e0 l\u2019\u00e9tranger, c\u2019est adopter un nouveau mode de vie tout en apprenant la langue de ton&hellip;\" \/>\n<meta property=\"og:url\" content=\"https:\/\/www.afs.ch\/fr\/programs\/programmes-scolaires-en-coree-du-sud\/\" \/>\n<meta property=\"og:site_name\" content=\"Intercultural Programs\" \/>\n<meta property=\"article:publisher\" content=\"https:\/\/www.facebook.com\/afsswitzerland\/\" \/>\n<meta property=\"article:modified_time\" content=\"2025-12-11T09:55:00+00:00\" \/>\n<meta name=\"twitter:card\" content=\"summary_large_image\" \/>\n<meta name=\"twitter:site\" content=\"@afs_ch\" \/>\n<script type=\"application\/ld+json\" class=\"yoast-schema-graph\">{\"@context\":\"https:\/\/schema.org\",\"@graph\":[{\"@type\":\"WebPage\",\"@id\":\"https:\/\/www.afs.ch\/fr\/programs\/programmes-scolaires-en-coree-du-sud\/\",\"url\":\"https:\/\/www.afs.ch\/fr\/programs\/programmes-scolaires-en-coree-du-sud\/\",\"name\":\"Programmes scolaires en Cor\u00e9e du Sud - Intercultural Programs\",\"isPartOf\":{\"@id\":\"https:\/\/www.afs.ch\/fr\/#website\"},\"datePublished\":\"2017-05-30T09:18:38+00:00\",\"dateModified\":\"2025-12-11T09:55:00+00:00\",\"breadcrumb\":{\"@id\":\"https:\/\/www.afs.ch\/fr\/programs\/programmes-scolaires-en-coree-du-sud\/#breadcrumb\"},\"inLanguage\":\"fr-FR\",\"potentialAction\":[{\"@type\":\"ReadAction\",\"target\":[\"https:\/\/www.afs.ch\/fr\/programs\/programmes-scolaires-en-coree-du-sud\/\"]}]},{\"@type\":\"BreadcrumbList\",\"@id\":\"https:\/\/www.afs.ch\/fr\/programs\/programmes-scolaires-en-coree-du-sud\/#breadcrumb\",\"itemListElement\":[{\"@type\":\"ListItem\",\"position\":1,\"name\":\"Home\",\"item\":\"https:\/\/switzerland.afssite.afs.org\/fr\/\"},{\"@type\":\"ListItem\",\"position\":2,\"name\":\"Programmes scolaires en Cor\u00e9e du Sud\"}]},{\"@type\":\"WebSite\",\"@id\":\"https:\/\/www.afs.ch\/fr\/#website\",\"url\":\"https:\/\/www.afs.ch\/fr\/\",\"name\":\"Interkulturelle Programme\",\"description\":\"Switzerland\",\"potentialAction\":[{\"@type\":\"SearchAction\",\"target\":{\"@type\":\"EntryPoint\",\"urlTemplate\":\"https:\/\/www.afs.ch\/fr\/?s={search_term_string}\"},\"query-input\":{\"@type\":\"PropertyValueSpecification\",\"valueRequired\":true,\"valueName\":\"search_term_string\"}}],\"inLanguage\":\"fr-FR\"}]}<\/script>\n<!-- \/ Yoast SEO plugin. -->","yoast_head_json":{"title":"Programmes scolaires en Cor\u00e9e du Sud - Intercultural Programs","robots":{"index":"index","follow":"follow","max-snippet":"max-snippet:-1","max-image-preview":"max-image-preview:large","max-video-preview":"max-video-preview:-1"},"canonical":"https:\/\/www.afs.ch\/fr\/programs\/programmes-scolaires-en-coree-du-sud\/","og_locale":"fr_FR","og_type":"article","og_title":"Programmes scolaires en Cor\u00e9e du Sud - Intercultural Programs","og_description":"R\u00e9aliser un programme scolaire \u00e0 l\u2019\u00e9tranger, c\u2019est adopter un nouveau mode de vie tout en apprenant la langue de ton&hellip;","og_url":"https:\/\/www.afs.ch\/fr\/programs\/programmes-scolaires-en-coree-du-sud\/","og_site_name":"Intercultural Programs","article_publisher":"https:\/\/www.facebook.com\/afsswitzerland\/","article_modified_time":"2025-12-11T09:55:00+00:00","twitter_card":"summary_large_image","twitter_site":"@afs_ch","schema":{"@context":"https:\/\/schema.org","@graph":[{"@type":"WebPage","@id":"https:\/\/www.afs.ch\/fr\/programs\/programmes-scolaires-en-coree-du-sud\/","url":"https:\/\/www.afs.ch\/fr\/programs\/programmes-scolaires-en-coree-du-sud\/","name":"Programmes scolaires en Cor\u00e9e du Sud - Intercultural Programs","isPartOf":{"@id":"https:\/\/www.afs.ch\/fr\/#website"},"datePublished":"2017-05-30T09:18:38+00:00","dateModified":"2025-12-11T09:55:00+00:00","breadcrumb":{"@id":"https:\/\/www.afs.ch\/fr\/programs\/programmes-scolaires-en-coree-du-sud\/#breadcrumb"},"inLanguage":"fr-FR","potentialAction":[{"@type":"ReadAction","target":["https:\/\/www.afs.ch\/fr\/programs\/programmes-scolaires-en-coree-du-sud\/"]}]},{"@type":"BreadcrumbList","@id":"https:\/\/www.afs.ch\/fr\/programs\/programmes-scolaires-en-coree-du-sud\/#breadcrumb","itemListElement":[{"@type":"ListItem","position":1,"name":"Home","item":"https:\/\/switzerland.afssite.afs.org\/fr\/"},{"@type":"ListItem","position":2,"name":"Programmes scolaires en Cor\u00e9e du Sud"}]},{"@type":"WebSite","@id":"https:\/\/www.afs.ch\/fr\/#website","url":"https:\/\/www.afs.ch\/fr\/","name":"Interkulturelle Programme","description":"Switzerland","potentialAction":[{"@type":"SearchAction","target":{"@type":"EntryPoint","urlTemplate":"https:\/\/www.afs.ch\/fr\/?s={search_term_string}"},"query-input":{"@type":"PropertyValueSpecification","valueRequired":true,"valueName":"search_term_string"}}],"inLanguage":"fr-FR"}]}},"terms":{"program_age":[{"term_id":285,"name":"15","slug":"15-fr","term_group":0,"term_taxonomy_id":285,"taxonomy":"program_age","description":"","parent":0,"count":146,"filter":"raw","term_order":null},{"term_id":286,"name":"16","slug":"16-fr","term_group":0,"term_taxonomy_id":286,"taxonomy":"program_age","description":"","parent":0,"count":188,"filter":"raw","term_order":null},{"term_id":287,"name":"17","slug":"17-fr","term_group":0,"term_taxonomy_id":287,"taxonomy":"program_age","description":"","parent":0,"count":184,"filter":"raw","term_order":null}],"area_of_interest":[{"term_id":291,"name":"\u00c9change scolaire","slug":"programme-dechange-scolaire","term_group":0,"term_taxonomy_id":291,"taxonomy":"area_of_interest","description":"","parent":0,"count":188,"filter":"raw","term_order":"1"},{"term_id":816,"name":"Pour apprentis","slug":"programmes-pour-apprentis","term_group":0,"term_taxonomy_id":816,"taxonomy":"area_of_interest","description":"","parent":0,"count":60,"filter":"raw","term_order":"2"},{"term_id":828,"name":"Programme passerelle","slug":"programme-passerelle","term_group":0,"term_taxonomy_id":828,"taxonomy":"area_of_interest","description":"","parent":0,"count":166,"filter":"raw","term_order":"3"}],"program_duration":[{"term_id":300,"name":"3 \u00e0 4 mois","slug":"3-a-4-mois","term_group":0,"term_taxonomy_id":300,"taxonomy":"program_duration","description":"","parent":0,"count":54,"filter":"raw","term_order":"4"}],"type-of-program":[],"top_picks":[]},"p2p":{"program_country":[{"id":5253,"title":"Cor\u00e9e du Sud","slug":"coree-du-sud","content":"<p><span style=\"font-weight: 400;\">La Cor\u00e9e du Sud, pays tr\u00e8s d\u00e9velopp\u00e9 \u00e9conomiquement, saura te subjuguer par ses paysages vari\u00e9s compos\u00e9s de cha\u00eenes de montagnes, de plaines c\u00f4ti\u00e8res, de bassins fluviaux et de magnifiques collines. Elle est connue comme l\u2019une des soci\u00e9t\u00e9s les plus ethniquement homog\u00e8nes dans le monde: la population de la Cor\u00e9e du Sud est en effet \u00e0 99% cor\u00e9enne. Tu verras pendant ton <\/span><b>\u00e9change scolaire en Cor\u00e9e du Sud<\/b><span style=\"font-weight: 400;\"> que la vie sociale des jeunes Cor\u00e9ens s\u2019organise autour de l\u2019\u00e9cole et des activit\u00e9s extra-scolaires sportives, comme le taekwondo, le football ou le baseball. Les familles prennent les \u00e9tudes et les loisirs de leurs enfants tr\u00e8s au s\u00e9rieux.\u00a0<\/span><\/p>\n<h4><a class=\"button large\" href=\"https:\/\/www.afs.ch\/fr\/programs\/programmes-scolaires-en-coree-du-sud\/\"><strong>D\u00e9couvre les programmes \u00e0 l\u2019\u00e9tranger disponibles en Cor\u00e9e du Sud<\/strong><\/a><\/h4>\n"}]},"_links":{"self":[{"href":"https:\/\/www.afs.ch\/fr\/wp-json\/wp\/v2\/programs\/9500","targetHints":{"allow":["GET"]}}],"collection":[{"href":"https:\/\/www.afs.ch\/fr\/wp-json\/wp\/v2\/programs"}],"about":[{"href":"https:\/\/www.afs.ch\/fr\/wp-json\/wp\/v2\/types\/program"}],"version-history":[{"count":10,"href":"https:\/\/www.afs.ch\/fr\/wp-json\/wp\/v2\/programs\/9500\/revisions"}],"predecessor-version":[{"id":61416,"href":"https:\/\/www.afs.ch\/fr\/wp-json\/wp\/v2\/programs\/9500\/revisions\/61416"}],"wp:attachment":[{"href":"https:\/\/www.afs.ch\/fr\/wp-json\/wp\/v2\/media?parent=9500"}],"wp:term":[{"taxonomy":"program_age","embeddable":true,"href":"https:\/\/www.afs.ch\/fr\/wp-json\/wp\/v2\/program_age?post=9500"},{"taxonomy":"area_of_interest","embeddable":true,"href":"https:\/\/www.afs.ch\/fr\/wp-json\/wp\/v2\/area_of_interest?post=9500"},{"taxonomy":"program_duration","embeddable":true,"href":"https:\/\/www.afs.ch\/fr\/wp-json\/wp\/v2\/program_duration?post=9500"},{"taxonomy":"group_type","embeddable":true,"href":"https:\/\/www.afs.ch\/fr\/wp-json\/wp\/v2\/group_type?post=9500"},{"taxonomy":"house-type","embeddable":true,"href":"https:\/\/www.afs.ch\/fr\/wp-json\/wp\/v2\/house-type?post=9500"},{"taxonomy":"internship-field","embeddable":true,"href":"https:\/\/www.afs.ch\/fr\/wp-json\/wp\/v2\/internship-field?post=9500"},{"taxonomy":"languages","embeddable":true,"href":"https:\/\/www.afs.ch\/fr\/wp-json\/wp\/v2\/languages?post=9500"},{"taxonomy":"meals-included","embeddable":true,"href":"https:\/\/www.afs.ch\/fr\/wp-json\/wp\/v2\/meals-included?post=9500"},{"taxonomy":"top_picks","embeddable":true,"href":"https:\/\/www.afs.ch\/fr\/wp-json\/wp\/v2\/top_picks?post=9500"},{"taxonomy":"type-of-program","embeddable":true,"href":"https:\/\/www.afs.ch\/fr\/wp-json\/wp\/v2\/type-of-program?post=9500"},{"taxonomy":"volunteering-field","embeddable":true,"href":"https:\/\/www.afs.ch\/fr\/wp-json\/wp\/v2\/volunteering-field?post=9500"}],"curies":[{"name":"wp","href":"https:\/\/api.w.org\/{rel}","templated":true}]}}